{"id":9282,"date":"2022-04-18T00:07:47","date_gmt":"2022-04-18T06:07:47","guid":{"rendered":"https:\/\/latinamericanliteraturetoday.org\/reviewslist\/resenas-numero-2\/"},"modified":"2022-06-02T11:04:11","modified_gmt":"2022-06-02T17:04:11","slug":"resenas-numero-2","status":"publish","type":"reviewslist","link":"https:\/\/latinamericanliteraturetoday.org\/es\/lista\/resenas-numero-2\/","title":{"rendered":"Rese\u00f1as &#8211; N\u00famero 2"},"content":{"rendered":"\t\t<div data-elementor-type=\"wp-post\" data-elementor-id=\"9282\" class=\"elementor elementor-9282 elementor-8764\" data-elementor-post-type=\"reviewslist\">\n\t\t\t\t\t\t<section class=\"has_ae_slider elementor-section elementor-top-section elementor-element elementor-element-619c5076 elementor-section-boxed elementor-section-height-default elementor-section-height-default ae-bg-gallery-type-default\" data-id=\"619c5076\" data-element_type=\"section\" data-e-type=\"section\">\n\t\t\t\t\t\t<div class=\"elementor-container elementor-column-gap-default\">\n\t\t\t\t\t<div class=\"has_ae_slider elementor-column elementor-col-100 elementor-top-column elementor-element elementor-element-c8dc5a ae-bg-gallery-type-default\" data-id=\"c8dc5a\" data-element_type=\"column\" data-e-type=\"column\">\n\t\t\t<div class=\"elementor-widget-wrap elementor-element-populated\">\n\t\t\t\t\t\t<div class=\"elementor-element elementor-element-2bd1f23b elementor-widget elementor-widget-heading\" data-id=\"2bd1f23b\" data-element_type=\"widget\" data-e-type=\"widget\" data-widget_type=\"heading.default\">\n\t\t\t\t<div class=\"elementor-widget-container\">\n\t\t\t\t\t<span class=\"elementor-heading-title elementor-size-default\">N\u00daMERO 2<\/span>\t\t\t\t<\/div>\n\t\t\t\t<\/div>\n\t\t\t\t<div class=\"elementor-element elementor-element-5c471424 elementor-widget elementor-widget-heading\" data-id=\"5c471424\" data-element_type=\"widget\" data-e-type=\"widget\" data-widget_type=\"heading.default\">\n\t\t\t\t<div class=\"elementor-widget-container\">\n\t\t\t\t\t<h1 class=\"elementor-heading-title elementor-size-default\">Rese\u00f1as<\/h1>\t\t\t\t<\/div>\n\t\t\t\t<\/div>\n\t\t\t\t<div class=\"elementor-element elementor-element-165bc119 elementor-post-navigation-borders-yes elementor-widget elementor-widget-post-navigation\" data-id=\"165bc119\" data-element_type=\"widget\" data-e-type=\"widget\" data-widget_type=\"post-navigation.default\">\n\t\t\t\t<div class=\"elementor-widget-container\">\n\t\t\t\t\t\t\t<div class=\"elementor-post-navigation\" role=\"navigation\" aria-label=\"Post Navigation\">\n\t\t\t<div class=\"elementor-post-navigation__prev elementor-post-navigation__link\">\n\t\t\t\t<a href=\"https:\/\/latinamericanliteraturetoday.org\/es\/lista\/resenas-numero-1\/\" rel=\"prev\"><span class=\"post-navigation__arrow-wrapper post-navigation__arrow-prev\"><svg aria-hidden=\"true\" class=\"e-font-icon-svg e-fas-angle-left\" viewBox=\"0 0 256 512\" xmlns=\"http:\/\/www.w3.org\/2000\/svg\"><path d=\"M31.7 239l136-136c9.4-9.4 24.6-9.4 33.9 0l22.6 22.6c9.4 9.4 9.4 24.6 0 33.9L127.9 256l96.4 96.4c9.4 9.4 9.4 24.6 0 33.9L201.7 409c-9.4 9.4-24.6 9.4-33.9 0l-136-136c-9.5-9.4-9.5-24.6-.1-34z\"><\/path><\/svg><span class=\"elementor-screen-only\">Prev<\/span><\/span><span class=\"elementor-post-navigation__link__prev\"><span class=\"post-navigation__prev--label\">Anterior<\/span><span class=\"post-navigation__prev--title\">Rese\u00f1as &#8211; N\u00famero 1<\/span><\/span><\/a>\t\t\t<\/div>\n\t\t\t\t\t\t\t<div class=\"elementor-post-navigation__separator-wrapper\">\n\t\t\t\t\t<div class=\"elementor-post-navigation__separator\"><\/div>\n\t\t\t\t<\/div>\n\t\t\t\t\t\t<div class=\"elementor-post-navigation__next elementor-post-navigation__link\">\n\t\t\t\t<a href=\"https:\/\/latinamericanliteraturetoday.org\/es\/lista\/resenas-numero-3\/\" rel=\"next\"><span class=\"elementor-post-navigation__link__next\"><span class=\"post-navigation__next--label\">Siguiente<\/span><span class=\"post-navigation__next--title\">Rese\u00f1as &#8211; N\u00famero 3<\/span><\/span><span class=\"post-navigation__arrow-wrapper post-navigation__arrow-next\"><svg aria-hidden=\"true\" class=\"e-font-icon-svg e-fas-angle-right\" viewBox=\"0 0 256 512\" xmlns=\"http:\/\/www.w3.org\/2000\/svg\"><path d=\"M224.3 273l-136 136c-9.4 9.4-24.6 9.4-33.9 0l-22.6-22.6c-9.4-9.4-9.4-24.6 0-33.9l96.4-96.4-96.4-96.4c-9.4-9.4-9.4-24.6 0-33.9L54.3 103c9.4-9.4 24.6-9.4 33.9 0l136 136c9.5 9.4 9.5 24.6.1 34z\"><\/path><\/svg><span class=\"elementor-screen-only\">Next<\/span><\/span><\/a>\t\t\t<\/div>\n\t\t<\/div>\n\t\t\t\t\t\t<\/div>\n\t\t\t\t<\/div>\n\t\t\t\t\t<\/div>\n\t\t<\/div>\n\t\t\t\t\t<\/div>\n\t\t<\/section>\n\t\t\t\t<section class=\"has_ae_slider elementor-section elementor-top-section elementor-element elementor-element-57cf3297 elementor-section-boxed elementor-section-height-default elementor-section-height-default ae-bg-gallery-type-default\" data-id=\"57cf3297\" data-element_type=\"section\" data-e-type=\"section\">\n\t\t\t\t\t\t<div class=\"elementor-container elementor-column-gap-default\">\n\t\t\t\t\t<div class=\"has_ae_slider elementor-column elementor-col-33 elementor-top-column elementor-element elementor-element-5adec7bb ae-bg-gallery-type-default\" data-id=\"5adec7bb\" data-element_type=\"column\" data-e-type=\"column\">\n\t\t\t<div class=\"elementor-widget-wrap elementor-element-populated\">\n\t\t\t\t\t\t<section class=\"has_ae_slider elementor-section elementor-inner-section elementor-element elementor-element-703c60b3 elementor-section-boxed elementor-section-height-default elementor-section-height-default ae-bg-gallery-type-default\" data-id=\"703c60b3\" data-element_type=\"section\" data-e-type=\"section\" data-settings=\"{&quot;sticky&quot;:&quot;top&quot;,&quot;sticky_on&quot;:[&quot;widescreen&quot;,&quot;desktop&quot;,&quot;laptop&quot;,&quot;tablet_extra&quot;,&quot;tablet&quot;,&quot;mobile_extra&quot;],&quot;sticky_offset&quot;:100,&quot;sticky_effects_offset&quot;:100,&quot;sticky_parent&quot;:&quot;yes&quot;,&quot;sticky_anchor_link_offset&quot;:0}\">\n\t\t\t\t\t\t<div class=\"elementor-container elementor-column-gap-default\">\n\t\t\t\t\t<div class=\"has_ae_slider elementor-column elementor-col-100 elementor-inner-column elementor-element elementor-element-3ed9b4c2 ae-bg-gallery-type-default\" data-id=\"3ed9b4c2\" data-element_type=\"column\" data-e-type=\"column\">\n\t\t\t<div class=\"elementor-widget-wrap elementor-element-populated\">\n\t\t\t\t\t\t<div class=\"elementor-element elementor-element-5079789a elementor-widget elementor-widget-image\" data-id=\"5079789a\" data-element_type=\"widget\" data-e-type=\"widget\" data-widget_type=\"image.default\">\n\t\t\t\t<div class=\"elementor-widget-container\">\n\t\t\t\t\t\t\t\t\t\t\t\t\t\t\t<img fetchpriority=\"high\" decoding=\"async\" width=\"440\" height=\"560\" src=\"https:\/\/latinamericanliteraturetoday.org\/wp-content\/uploads\/2017\/06\/lalt-vol-1-no-2.jpg\" class=\"attachment-large size-large wp-image-6518\" alt=\"LALT Vol. 1 No. 2\" srcset=\"https:\/\/latinamericanliteraturetoday.org\/wp-content\/uploads\/2017\/06\/lalt-vol-1-no-2.jpg 440w, https:\/\/latinamericanliteraturetoday.org\/wp-content\/uploads\/2017\/06\/lalt-vol-1-no-2-236x300.jpg 236w\" sizes=\"(max-width: 440px) 100vw, 440px\" title=\"\">\t\t\t\t\t\t\t\t\t\t\t\t\t\t\t<\/div>\n\t\t\t\t<\/div>\n\t\t\t\t<div class=\"elementor-element elementor-element-5a4bf8db elementor-widget__width-auto elementor-widget elementor-widget-heading\" data-id=\"5a4bf8db\" data-element_type=\"widget\" data-e-type=\"widget\" data-widget_type=\"heading.default\">\n\t\t\t\t<div class=\"elementor-widget-container\">\n\t\t\t\t\t<h2 class=\"elementor-heading-title elementor-size-default\">VOLUME 1,N\u00daMERO 2.ABRIL,2017<\/h2>\t\t\t\t<\/div>\n\t\t\t\t<\/div>\n\t\t\t\t<div class=\"elementor-element elementor-element-1e6c8c18 elementor-widget elementor-widget-text-editor\" data-id=\"1e6c8c18\" data-element_type=\"widget\" data-e-type=\"widget\" data-widget_type=\"text-editor.default\">\n\t\t\t\t<div class=\"elementor-widget-container\">\n\t\t\t\t\t\t\t\t\tEl segundo n\u00famero de Latin American Literature Today destaca la literatura caribe\u00f1a y la literatura queer de alrededor de Am\u00e9rica Latina, con dossiers del escritor revolucionario chileno Pedro Lemebel y el autor mexicano Yuri Herrera, adem\u00e1s de una secci\u00f3n especial dedicada a las voces literarias de Cuba.\r\n\r\n\t\t\t\t\t\t\t\t<\/div>\n\t\t\t\t<\/div>\n\t\t\t\t<div class=\"elementor-element elementor-element-67a598d9 elementor-align-justify elementor-widget elementor-widget-button\" data-id=\"67a598d9\" data-element_type=\"widget\" data-e-type=\"widget\" data-widget_type=\"button.default\">\n\t\t\t\t<div class=\"elementor-widget-container\">\n\t\t\t\t\t\t\t\t\t<div class=\"elementor-button-wrapper\">\n\t\t\t\t\t<a class=\"elementor-button elementor-button-link elementor-size-sm\" href=\"http:\/\/numeros\/abril\/\">\n\t\t\t\t\t\t<span class=\"elementor-button-content-wrapper\">\n\t\t\t\t\t\t<span class=\"elementor-button-icon\">\n\t\t\t\t<svg aria-hidden=\"true\" class=\"e-font-icon-svg e-fas-arrow-right\" viewBox=\"0 0 448 512\" xmlns=\"http:\/\/www.w3.org\/2000\/svg\"><path d=\"M190.5 66.9l22.2-22.2c9.4-9.4 24.6-9.4 33.9 0L441 239c9.4 9.4 9.4 24.6 0 33.9L246.6 467.3c-9.4 9.4-24.6 9.4-33.9 0l-22.2-22.2c-9.5-9.5-9.3-25 .4-34.3L311.4 296H24c-13.3 0-24-10.7-24-24v-32c0-13.3 10.7-24 24-24h287.4L190.9 101.2c-9.8-9.3-10-24.8-.4-34.3z\"><\/path><\/svg>\t\t\t<\/span>\n\t\t\t\t\t\t\t\t\t<span class=\"elementor-button-text\">TABLA DE CONTENIDOS<\/span>\n\t\t\t\t\t<\/span>\n\t\t\t\t\t<\/a>\n\t\t\t\t<\/div>\n\t\t\t\t\t\t\t\t<\/div>\n\t\t\t\t<\/div>\n\t\t\t\t\t<\/div>\n\t\t<\/div>\n\t\t\t\t\t<\/div>\n\t\t<\/section>\n\t\t\t\t\t<\/div>\n\t\t<\/div>\n\t\t\t\t<div class=\"has_ae_slider elementor-column elementor-col-66 elementor-top-column elementor-element elementor-element-7f0d5ac7 ae-bg-gallery-type-default\" data-id=\"7f0d5ac7\" data-element_type=\"column\" data-e-type=\"column\">\n\t\t\t<div class=\"elementor-widget-wrap elementor-element-populated\">\n\t\t\t\t\t\t<div class=\"elementor-element elementor-element-5e869558 elementor-grid-2 elementor-grid-mobile-2 elementor-posts--align-left elementor-posts--thumbnail-top elementor-grid-tablet-2 elementor-widget elementor-widget-posts\" data-id=\"5e869558\" data-element_type=\"widget\" data-e-type=\"widget\" data-settings=\"{&quot;custom_columns&quot;:&quot;2&quot;,&quot;custom_row_gap&quot;:{&quot;unit&quot;:&quot;px&quot;,&quot;size&quot;:0,&quot;sizes&quot;:[]},&quot;custom_columns_mobile&quot;:&quot;2&quot;,&quot;custom_columns_tablet&quot;:&quot;2&quot;,&quot;custom_row_gap_widescreen&quot;:{&quot;unit&quot;:&quot;px&quot;,&quot;size&quot;:&quot;&quot;,&quot;sizes&quot;:[]},&quot;custom_row_gap_laptop&quot;:{&quot;unit&quot;:&quot;px&quot;,&quot;size&quot;:&quot;&quot;,&quot;sizes&quot;:[]},&quot;custom_row_gap_tablet_extra&quot;:{&quot;unit&quot;:&quot;px&quot;,&quot;size&quot;:&quot;&quot;,&quot;sizes&quot;:[]},&quot;custom_row_gap_tablet&quot;:{&quot;unit&quot;:&quot;px&quot;,&quot;size&quot;:&quot;&quot;,&quot;sizes&quot;:[]},&quot;custom_row_gap_mobile_extra&quot;:{&quot;unit&quot;:&quot;px&quot;,&quot;size&quot;:&quot;&quot;,&quot;sizes&quot;:[]},&quot;custom_row_gap_mobile&quot;:{&quot;unit&quot;:&quot;px&quot;,&quot;size&quot;:&quot;&quot;,&quot;sizes&quot;:[]}}\" data-widget_type=\"posts.custom\">\n\t\t\t\t<div class=\"elementor-widget-container\">\n\t\t\t\t\t      <div class=\"ecs-posts elementor-posts-container elementor-posts   elementor-grid elementor-posts--skin-custom\" data-settings=\"{&quot;current_page&quot;:1,&quot;max_num_pages&quot;:1,&quot;load_method&quot;:&quot;&quot;,&quot;widget_id&quot;:&quot;5e869558&quot;,&quot;post_id&quot;:9282,&quot;theme_id&quot;:9282,&quot;change_url&quot;:false,&quot;reinit_js&quot;:false}\">\n      \t\t<article id=\"post-5535\" class=\"elementor-post elementor-grid-item ecs-post-loop post-5535 book_review type-book_review status-publish has-post-thumbnail hentry tag-numero-2 review_sections-poesia reviewers-daniel-simon-es\">\n\t\t\t\t<div data-elementor-type=\"loop\" data-elementor-id=\"10256\" class=\"elementor elementor-10256 elementor-7212 elementor-7212 post-5535 book_review type-book_review status-publish has-post-thumbnail hentry tag-numero-2 review_sections-poesia reviewers-daniel-simon-es\" data-elementor-post-type=\"elementor_library\">\n\t\t\t\t\t<section class=\"has_ae_slider elementor-section elementor-top-section elementor-element elementor-element-2cb2d405 elementor-section-full_width elementor-section-height-default elementor-section-height-default ae-bg-gallery-type-default\" data-id=\"2cb2d405\" data-element_type=\"section\" data-e-type=\"section\">\n\t\t\t\t\t\t<div class=\"elementor-container elementor-column-gap-default\">\n\t\t\t\t\t<div class=\"has_ae_slider elementor-column elementor-col-100 elementor-top-column elementor-element elementor-element-4589e3dc ae-bg-gallery-type-default\" data-id=\"4589e3dc\" data-element_type=\"column\" data-e-type=\"column\">\n\t\t\t<div class=\"elementor-widget-wrap elementor-element-populated\">\n\t\t\t\t\t\t<section class=\"has_ae_slider elementor-section elementor-inner-section elementor-element elementor-element-b6430f8 elementor-section-full_width elementor-section-height-min-height elementor-section-height-default ae-bg-gallery-type-default\" data-id=\"b6430f8\" data-element_type=\"section\" data-e-type=\"section\">\n\t\t\t\t\t\t<div class=\"elementor-container elementor-column-gap-default\">\n\t\t\t\t\t<div class=\"has_ae_slider elementor-column elementor-col-100 elementor-inner-column elementor-element elementor-element-776c40e ae-bg-gallery-type-default\" data-id=\"776c40e\" data-element_type=\"column\" data-e-type=\"column\">\n\t\t\t<div class=\"elementor-widget-wrap elementor-element-populated\">\n\t\t\t\t\t\t<div class=\"elementor-element elementor-element-4abcf33c elementor-widget elementor-widget-theme-post-featured-image elementor-widget-image\" data-id=\"4abcf33c\" data-element_type=\"widget\" data-e-type=\"widget\" data-widget_type=\"theme-post-featured-image.default\">\n\t\t\t\t<div class=\"elementor-widget-container\">\n\t\t\t\t\t\t\t\t\t\t\t\t\t\t\t\t<a href=\"https:\/\/latinamericanliteraturetoday.org\/es\/rese\u00f1as\/black-flower-and-other-zapotec-poems-natalia-toledo-2\/\">\n\t\t\t\t\t\t\t<img decoding=\"async\" width=\"300\" height=\"459\" src=\"https:\/\/latinamericanliteraturetoday.org\/wp-content\/uploads\/2017\/04\/black_flower.jpg\" class=\"attachment-full size-full wp-image-5532\" alt=\"\" srcset=\"https:\/\/latinamericanliteraturetoday.org\/wp-content\/uploads\/2017\/04\/black_flower.jpg 300w, https:\/\/latinamericanliteraturetoday.org\/wp-content\/uploads\/2017\/04\/black_flower-196x300.jpg 196w\" sizes=\"(max-width: 300px) 100vw, 300px\" title=\"\">\t\t\t\t\t\t\t\t<\/a>\n\t\t\t\t\t\t\t\t\t\t\t\t\t\t\t<\/div>\n\t\t\t\t<\/div>\n\t\t\t\t\t<\/div>\n\t\t<\/div>\n\t\t\t\t\t<\/div>\n\t\t<\/section>\n\t\t\t\t<section class=\"has_ae_slider elementor-section elementor-inner-section elementor-element elementor-element-dab2261 elementor-section-full_width elementor-section-height-default elementor-section-height-default ae-bg-gallery-type-default\" data-id=\"dab2261\" data-element_type=\"section\" data-e-type=\"section\">\n\t\t\t\t\t\t<div class=\"elementor-container elementor-column-gap-default\">\n\t\t\t\t\t<div class=\"has_ae_slider elementor-column elementor-col-100 elementor-inner-column elementor-element elementor-element-5a82048 ae-bg-gallery-type-default\" data-id=\"5a82048\" data-element_type=\"column\" data-e-type=\"column\">\n\t\t\t<div class=\"elementor-widget-wrap elementor-element-populated\">\n\t\t\t\t\t\t<div class=\"elementor-element elementor-element-f2112f7 elementor-widget elementor-widget-heading\" data-id=\"f2112f7\" data-element_type=\"widget\" data-e-type=\"widget\" data-widget_type=\"heading.default\">\n\t\t\t\t<div class=\"elementor-widget-container\">\n\t\t\t\t\t<h2 class=\"elementor-heading-title elementor-size-default\"><a href=\"https:\/\/latinamericanliteraturetoday.org\/es\/rese\u00f1as\/black-flower-and-other-zapotec-poems-natalia-toledo-2\/\"><em>The Black Flower and Other Zapotec Poems<\/em> de Natalia Toledo<\/a><\/h2>\t\t\t\t<\/div>\n\t\t\t\t<\/div>\n\t\t\t\t<div class=\"elementor-element elementor-element-10022ad elementor-widget elementor-widget-heading\" data-id=\"10022ad\" data-element_type=\"widget\" data-e-type=\"widget\" data-widget_type=\"heading.default\">\n\t\t\t\t<div class=\"elementor-widget-container\">\n\t\t\t\t\t<div class=\"elementor-heading-title elementor-size-default\">Por   <a href=\"https:\/\/latinamericanliteraturetoday.org\/es\/reviewers\/daniel-simon-es\/\" rel=\"tag\">Daniel Simon<\/a><\/div>\t\t\t\t<\/div>\n\t\t\t\t<\/div>\n\t\t\t\t\t<\/div>\n\t\t<\/div>\n\t\t\t\t\t<\/div>\n\t\t<\/section>\n\t\t\t\t\t<\/div>\n\t\t<\/div>\n\t\t\t\t\t<\/div>\n\t\t<\/section>\n\t\t\t\t<\/div>\n\t\t\t\t<\/article>\n\t\t\t\t<article id=\"post-5531\" class=\"elementor-post elementor-grid-item ecs-post-loop post-5531 book_review type-book_review status-publish has-post-thumbnail hentry tag-numero-2 review_sections-ficcion reviewers-marcelo-rioseco-es\">\n\t\t\t\t<div data-elementor-type=\"loop\" data-elementor-id=\"10256\" class=\"elementor elementor-10256 elementor-7212 elementor-7212 post-5531 book_review type-book_review status-publish has-post-thumbnail hentry tag-numero-2 review_sections-ficcion reviewers-marcelo-rioseco-es\" data-elementor-post-type=\"elementor_library\">\n\t\t\t\t\t<section class=\"has_ae_slider elementor-section elementor-top-section elementor-element elementor-element-2cb2d405 elementor-section-full_width elementor-section-height-default elementor-section-height-default ae-bg-gallery-type-default\" data-id=\"2cb2d405\" data-element_type=\"section\" data-e-type=\"section\">\n\t\t\t\t\t\t<div class=\"elementor-container elementor-column-gap-default\">\n\t\t\t\t\t<div class=\"has_ae_slider elementor-column elementor-col-100 elementor-top-column elementor-element elementor-element-4589e3dc ae-bg-gallery-type-default\" data-id=\"4589e3dc\" data-element_type=\"column\" data-e-type=\"column\">\n\t\t\t<div class=\"elementor-widget-wrap elementor-element-populated\">\n\t\t\t\t\t\t<section class=\"has_ae_slider elementor-section elementor-inner-section elementor-element elementor-element-b6430f8 elementor-section-full_width elementor-section-height-min-height elementor-section-height-default ae-bg-gallery-type-default\" data-id=\"b6430f8\" data-element_type=\"section\" data-e-type=\"section\">\n\t\t\t\t\t\t<div class=\"elementor-container elementor-column-gap-default\">\n\t\t\t\t\t<div class=\"has_ae_slider elementor-column elementor-col-100 elementor-inner-column elementor-element elementor-element-776c40e ae-bg-gallery-type-default\" data-id=\"776c40e\" data-element_type=\"column\" data-e-type=\"column\">\n\t\t\t<div class=\"elementor-widget-wrap elementor-element-populated\">\n\t\t\t\t\t\t<div class=\"elementor-element elementor-element-4abcf33c elementor-widget elementor-widget-theme-post-featured-image elementor-widget-image\" data-id=\"4abcf33c\" data-element_type=\"widget\" data-e-type=\"widget\" data-widget_type=\"theme-post-featured-image.default\">\n\t\t\t\t<div class=\"elementor-widget-container\">\n\t\t\t\t\t\t\t\t\t\t\t\t\t\t\t\t<a href=\"https:\/\/latinamericanliteraturetoday.org\/es\/rese\u00f1as\/no-te-ama-camila-gutierrez-4\/\">\n\t\t\t\t\t\t\t<img decoding=\"async\" width=\"300\" height=\"458\" src=\"https:\/\/latinamericanliteraturetoday.org\/wp-content\/uploads\/2017\/04\/no_te_ama.jpg\" class=\"attachment-full size-full wp-image-5528\" alt=\"\" srcset=\"https:\/\/latinamericanliteraturetoday.org\/wp-content\/uploads\/2017\/04\/no_te_ama.jpg 300w, https:\/\/latinamericanliteraturetoday.org\/wp-content\/uploads\/2017\/04\/no_te_ama-197x300.jpg 197w\" sizes=\"(max-width: 300px) 100vw, 300px\" title=\"\">\t\t\t\t\t\t\t\t<\/a>\n\t\t\t\t\t\t\t\t\t\t\t\t\t\t\t<\/div>\n\t\t\t\t<\/div>\n\t\t\t\t\t<\/div>\n\t\t<\/div>\n\t\t\t\t\t<\/div>\n\t\t<\/section>\n\t\t\t\t<section class=\"has_ae_slider elementor-section elementor-inner-section elementor-element elementor-element-dab2261 elementor-section-full_width elementor-section-height-default elementor-section-height-default ae-bg-gallery-type-default\" data-id=\"dab2261\" data-element_type=\"section\" data-e-type=\"section\">\n\t\t\t\t\t\t<div class=\"elementor-container elementor-column-gap-default\">\n\t\t\t\t\t<div class=\"has_ae_slider elementor-column elementor-col-100 elementor-inner-column elementor-element elementor-element-5a82048 ae-bg-gallery-type-default\" data-id=\"5a82048\" data-element_type=\"column\" data-e-type=\"column\">\n\t\t\t<div class=\"elementor-widget-wrap elementor-element-populated\">\n\t\t\t\t\t\t<div class=\"elementor-element elementor-element-f2112f7 elementor-widget elementor-widget-heading\" data-id=\"f2112f7\" data-element_type=\"widget\" data-e-type=\"widget\" data-widget_type=\"heading.default\">\n\t\t\t\t<div class=\"elementor-widget-container\">\n\t\t\t\t\t<h2 class=\"elementor-heading-title elementor-size-default\"><a href=\"https:\/\/latinamericanliteraturetoday.org\/es\/rese\u00f1as\/no-te-ama-camila-gutierrez-4\/\"><em>No te ama<\/em> de Camila Guti\u00e9rrez<\/a><\/h2>\t\t\t\t<\/div>\n\t\t\t\t<\/div>\n\t\t\t\t<div class=\"elementor-element elementor-element-10022ad elementor-widget elementor-widget-heading\" data-id=\"10022ad\" data-element_type=\"widget\" data-e-type=\"widget\" data-widget_type=\"heading.default\">\n\t\t\t\t<div class=\"elementor-widget-container\">\n\t\t\t\t\t<div class=\"elementor-heading-title elementor-size-default\">Por   <a href=\"https:\/\/latinamericanliteraturetoday.org\/es\/reviewers\/marcelo-rioseco-es\/\" rel=\"tag\">Marcelo Rioseco<\/a><\/div>\t\t\t\t<\/div>\n\t\t\t\t<\/div>\n\t\t\t\t\t<\/div>\n\t\t<\/div>\n\t\t\t\t\t<\/div>\n\t\t<\/section>\n\t\t\t\t\t<\/div>\n\t\t<\/div>\n\t\t\t\t\t<\/div>\n\t\t<\/section>\n\t\t\t\t<\/div>\n\t\t\t\t<\/article>\n\t\t\t\t<article id=\"post-5527\" class=\"elementor-post elementor-grid-item ecs-post-loop post-5527 book_review type-book_review status-publish has-post-thumbnail hentry tag-numero-2 review_sections-poesia reviewers-nestor-mendoza-es\">\n\t\t\t\t<div data-elementor-type=\"loop\" data-elementor-id=\"10256\" class=\"elementor elementor-10256 elementor-7212 elementor-7212 post-5527 book_review type-book_review status-publish has-post-thumbnail hentry tag-numero-2 review_sections-poesia reviewers-nestor-mendoza-es\" data-elementor-post-type=\"elementor_library\">\n\t\t\t\t\t<section class=\"has_ae_slider elementor-section elementor-top-section elementor-element elementor-element-2cb2d405 elementor-section-full_width elementor-section-height-default elementor-section-height-default ae-bg-gallery-type-default\" data-id=\"2cb2d405\" data-element_type=\"section\" data-e-type=\"section\">\n\t\t\t\t\t\t<div class=\"elementor-container elementor-column-gap-default\">\n\t\t\t\t\t<div class=\"has_ae_slider elementor-column elementor-col-100 elementor-top-column elementor-element elementor-element-4589e3dc ae-bg-gallery-type-default\" data-id=\"4589e3dc\" data-element_type=\"column\" data-e-type=\"column\">\n\t\t\t<div class=\"elementor-widget-wrap elementor-element-populated\">\n\t\t\t\t\t\t<section class=\"has_ae_slider elementor-section elementor-inner-section elementor-element elementor-element-b6430f8 elementor-section-full_width elementor-section-height-min-height elementor-section-height-default ae-bg-gallery-type-default\" data-id=\"b6430f8\" data-element_type=\"section\" data-e-type=\"section\">\n\t\t\t\t\t\t<div class=\"elementor-container elementor-column-gap-default\">\n\t\t\t\t\t<div class=\"has_ae_slider elementor-column elementor-col-100 elementor-inner-column elementor-element elementor-element-776c40e ae-bg-gallery-type-default\" data-id=\"776c40e\" data-element_type=\"column\" data-e-type=\"column\">\n\t\t\t<div class=\"elementor-widget-wrap elementor-element-populated\">\n\t\t\t\t\t\t<div class=\"elementor-element elementor-element-4abcf33c elementor-widget elementor-widget-theme-post-featured-image elementor-widget-image\" data-id=\"4abcf33c\" data-element_type=\"widget\" data-e-type=\"widget\" data-widget_type=\"theme-post-featured-image.default\">\n\t\t\t\t<div class=\"elementor-widget-container\">\n\t\t\t\t\t\t\t\t\t\t\t\t\t\t\t\t<a href=\"https:\/\/latinamericanliteraturetoday.org\/es\/rese\u00f1as\/nuevo-hotel-de-las-nostalgias-oscar-hahn-2\/\">\n\t\t\t\t\t\t\t<img loading=\"lazy\" decoding=\"async\" width=\"300\" height=\"438\" src=\"https:\/\/latinamericanliteraturetoday.org\/wp-content\/uploads\/2017\/04\/nuevo_hotel_de_las_nostalgias.jpg\" class=\"attachment-full size-full wp-image-5524\" alt=\"\" srcset=\"https:\/\/latinamericanliteraturetoday.org\/wp-content\/uploads\/2017\/04\/nuevo_hotel_de_las_nostalgias.jpg 300w, https:\/\/latinamericanliteraturetoday.org\/wp-content\/uploads\/2017\/04\/nuevo_hotel_de_las_nostalgias-205x300.jpg 205w\" sizes=\"(max-width: 300px) 100vw, 300px\" title=\"\">\t\t\t\t\t\t\t\t<\/a>\n\t\t\t\t\t\t\t\t\t\t\t\t\t\t\t<\/div>\n\t\t\t\t<\/div>\n\t\t\t\t\t<\/div>\n\t\t<\/div>\n\t\t\t\t\t<\/div>\n\t\t<\/section>\n\t\t\t\t<section class=\"has_ae_slider elementor-section elementor-inner-section elementor-element elementor-element-dab2261 elementor-section-full_width elementor-section-height-default elementor-section-height-default ae-bg-gallery-type-default\" data-id=\"dab2261\" data-element_type=\"section\" data-e-type=\"section\">\n\t\t\t\t\t\t<div class=\"elementor-container elementor-column-gap-default\">\n\t\t\t\t\t<div class=\"has_ae_slider elementor-column elementor-col-100 elementor-inner-column elementor-element elementor-element-5a82048 ae-bg-gallery-type-default\" data-id=\"5a82048\" data-element_type=\"column\" data-e-type=\"column\">\n\t\t\t<div class=\"elementor-widget-wrap elementor-element-populated\">\n\t\t\t\t\t\t<div class=\"elementor-element elementor-element-f2112f7 elementor-widget elementor-widget-heading\" data-id=\"f2112f7\" data-element_type=\"widget\" data-e-type=\"widget\" data-widget_type=\"heading.default\">\n\t\t\t\t<div class=\"elementor-widget-container\">\n\t\t\t\t\t<h2 class=\"elementor-heading-title elementor-size-default\"><a href=\"https:\/\/latinamericanliteraturetoday.org\/es\/rese\u00f1as\/nuevo-hotel-de-las-nostalgias-oscar-hahn-2\/\"><em>Nuevo hotel de las nostalgias<\/em> de \u00d3scar Hahn<\/a><\/h2>\t\t\t\t<\/div>\n\t\t\t\t<\/div>\n\t\t\t\t<div class=\"elementor-element elementor-element-10022ad elementor-widget elementor-widget-heading\" data-id=\"10022ad\" data-element_type=\"widget\" data-e-type=\"widget\" data-widget_type=\"heading.default\">\n\t\t\t\t<div class=\"elementor-widget-container\">\n\t\t\t\t\t<div class=\"elementor-heading-title elementor-size-default\">Por   <a href=\"https:\/\/latinamericanliteraturetoday.org\/es\/reviewers\/nestor-mendoza-es\/\" rel=\"tag\">N\u00e9stor Mendoza<\/a><\/div>\t\t\t\t<\/div>\n\t\t\t\t<\/div>\n\t\t\t\t\t<\/div>\n\t\t<\/div>\n\t\t\t\t\t<\/div>\n\t\t<\/section>\n\t\t\t\t\t<\/div>\n\t\t<\/div>\n\t\t\t\t\t<\/div>\n\t\t<\/section>\n\t\t\t\t<\/div>\n\t\t\t\t<\/article>\n\t\t\t\t<article id=\"post-5523\" class=\"elementor-post elementor-grid-item ecs-post-loop post-5523 book_review type-book_review status-publish has-post-thumbnail hentry tag-numero-2 review_sections-ficcion reviewers-wilfredo-hernandez-es\">\n\t\t\t\t<div data-elementor-type=\"loop\" data-elementor-id=\"10256\" class=\"elementor elementor-10256 elementor-7212 elementor-7212 post-5523 book_review type-book_review status-publish has-post-thumbnail hentry tag-numero-2 review_sections-ficcion reviewers-wilfredo-hernandez-es\" data-elementor-post-type=\"elementor_library\">\n\t\t\t\t\t<section class=\"has_ae_slider elementor-section elementor-top-section elementor-element elementor-element-2cb2d405 elementor-section-full_width elementor-section-height-default elementor-section-height-default ae-bg-gallery-type-default\" data-id=\"2cb2d405\" data-element_type=\"section\" data-e-type=\"section\">\n\t\t\t\t\t\t<div class=\"elementor-container elementor-column-gap-default\">\n\t\t\t\t\t<div class=\"has_ae_slider elementor-column elementor-col-100 elementor-top-column elementor-element elementor-element-4589e3dc ae-bg-gallery-type-default\" data-id=\"4589e3dc\" data-element_type=\"column\" data-e-type=\"column\">\n\t\t\t<div class=\"elementor-widget-wrap elementor-element-populated\">\n\t\t\t\t\t\t<section class=\"has_ae_slider elementor-section elementor-inner-section elementor-element elementor-element-b6430f8 elementor-section-full_width elementor-section-height-min-height elementor-section-height-default ae-bg-gallery-type-default\" data-id=\"b6430f8\" data-element_type=\"section\" data-e-type=\"section\">\n\t\t\t\t\t\t<div class=\"elementor-container elementor-column-gap-default\">\n\t\t\t\t\t<div class=\"has_ae_slider elementor-column elementor-col-100 elementor-inner-column elementor-element elementor-element-776c40e ae-bg-gallery-type-default\" data-id=\"776c40e\" data-element_type=\"column\" data-e-type=\"column\">\n\t\t\t<div class=\"elementor-widget-wrap elementor-element-populated\">\n\t\t\t\t\t\t<div class=\"elementor-element elementor-element-4abcf33c elementor-widget elementor-widget-theme-post-featured-image elementor-widget-image\" data-id=\"4abcf33c\" data-element_type=\"widget\" data-e-type=\"widget\" data-widget_type=\"theme-post-featured-image.default\">\n\t\t\t\t<div class=\"elementor-widget-container\">\n\t\t\t\t\t\t\t\t\t\t\t\t\t\t\t\t<a href=\"https:\/\/latinamericanliteraturetoday.org\/es\/rese\u00f1as\/muerte-en-el-guaire-raquel-rivas-rojas-2\/\">\n\t\t\t\t\t\t\t<img loading=\"lazy\" decoding=\"async\" width=\"300\" height=\"495\" src=\"https:\/\/latinamericanliteraturetoday.org\/wp-content\/uploads\/2017\/04\/muerte_en_el_guaire.jpg\" class=\"attachment-full size-full wp-image-5520\" alt=\"\" srcset=\"https:\/\/latinamericanliteraturetoday.org\/wp-content\/uploads\/2017\/04\/muerte_en_el_guaire.jpg 300w, https:\/\/latinamericanliteraturetoday.org\/wp-content\/uploads\/2017\/04\/muerte_en_el_guaire-182x300.jpg 182w\" sizes=\"(max-width: 300px) 100vw, 300px\" title=\"\">\t\t\t\t\t\t\t\t<\/a>\n\t\t\t\t\t\t\t\t\t\t\t\t\t\t\t<\/div>\n\t\t\t\t<\/div>\n\t\t\t\t\t<\/div>\n\t\t<\/div>\n\t\t\t\t\t<\/div>\n\t\t<\/section>\n\t\t\t\t<section class=\"has_ae_slider elementor-section elementor-inner-section elementor-element elementor-element-dab2261 elementor-section-full_width elementor-section-height-default elementor-section-height-default ae-bg-gallery-type-default\" data-id=\"dab2261\" data-element_type=\"section\" data-e-type=\"section\">\n\t\t\t\t\t\t<div class=\"elementor-container elementor-column-gap-default\">\n\t\t\t\t\t<div class=\"has_ae_slider elementor-column elementor-col-100 elementor-inner-column elementor-element elementor-element-5a82048 ae-bg-gallery-type-default\" data-id=\"5a82048\" data-element_type=\"column\" data-e-type=\"column\">\n\t\t\t<div class=\"elementor-widget-wrap elementor-element-populated\">\n\t\t\t\t\t\t<div class=\"elementor-element elementor-element-f2112f7 elementor-widget elementor-widget-heading\" data-id=\"f2112f7\" data-element_type=\"widget\" data-e-type=\"widget\" data-widget_type=\"heading.default\">\n\t\t\t\t<div class=\"elementor-widget-container\">\n\t\t\t\t\t<h2 class=\"elementor-heading-title elementor-size-default\"><a href=\"https:\/\/latinamericanliteraturetoday.org\/es\/rese\u00f1as\/muerte-en-el-guaire-raquel-rivas-rojas-2\/\"><em>Muerte en el Guaire<\/em> de Raquel Rivas Rojas<\/a><\/h2>\t\t\t\t<\/div>\n\t\t\t\t<\/div>\n\t\t\t\t<div class=\"elementor-element elementor-element-10022ad elementor-widget elementor-widget-heading\" data-id=\"10022ad\" data-element_type=\"widget\" data-e-type=\"widget\" data-widget_type=\"heading.default\">\n\t\t\t\t<div class=\"elementor-widget-container\">\n\t\t\t\t\t<div class=\"elementor-heading-title elementor-size-default\">Por   <a href=\"https:\/\/latinamericanliteraturetoday.org\/es\/reviewers\/wilfredo-hernandez-es\/\" rel=\"tag\">Wilfredo Hern\u00e1ndez<\/a><\/div>\t\t\t\t<\/div>\n\t\t\t\t<\/div>\n\t\t\t\t\t<\/div>\n\t\t<\/div>\n\t\t\t\t\t<\/div>\n\t\t<\/section>\n\t\t\t\t\t<\/div>\n\t\t<\/div>\n\t\t\t\t\t<\/div>\n\t\t<\/section>\n\t\t\t\t<\/div>\n\t\t\t\t<\/article>\n\t\t\t\t<article id=\"post-5519\" class=\"elementor-post elementor-grid-item ecs-post-loop post-5519 book_review type-book_review status-publish has-post-thumbnail hentry tag-numero-2 review_sections-ficcion reviewers-rodrigo-figueroa-es\">\n\t\t\t\t<div data-elementor-type=\"loop\" data-elementor-id=\"10256\" class=\"elementor elementor-10256 elementor-7212 elementor-7212 post-5519 book_review type-book_review status-publish has-post-thumbnail hentry tag-numero-2 review_sections-ficcion reviewers-rodrigo-figueroa-es\" data-elementor-post-type=\"elementor_library\">\n\t\t\t\t\t<section class=\"has_ae_slider elementor-section elementor-top-section elementor-element elementor-element-2cb2d405 elementor-section-full_width elementor-section-height-default elementor-section-height-default ae-bg-gallery-type-default\" data-id=\"2cb2d405\" data-element_type=\"section\" data-e-type=\"section\">\n\t\t\t\t\t\t<div class=\"elementor-container elementor-column-gap-default\">\n\t\t\t\t\t<div class=\"has_ae_slider elementor-column elementor-col-100 elementor-top-column elementor-element elementor-element-4589e3dc ae-bg-gallery-type-default\" data-id=\"4589e3dc\" data-element_type=\"column\" data-e-type=\"column\">\n\t\t\t<div class=\"elementor-widget-wrap elementor-element-populated\">\n\t\t\t\t\t\t<section class=\"has_ae_slider elementor-section elementor-inner-section elementor-element elementor-element-b6430f8 elementor-section-full_width elementor-section-height-min-height elementor-section-height-default ae-bg-gallery-type-default\" data-id=\"b6430f8\" data-element_type=\"section\" data-e-type=\"section\">\n\t\t\t\t\t\t<div class=\"elementor-container elementor-column-gap-default\">\n\t\t\t\t\t<div class=\"has_ae_slider elementor-column elementor-col-100 elementor-inner-column elementor-element elementor-element-776c40e ae-bg-gallery-type-default\" data-id=\"776c40e\" data-element_type=\"column\" data-e-type=\"column\">\n\t\t\t<div class=\"elementor-widget-wrap elementor-element-populated\">\n\t\t\t\t\t\t<div class=\"elementor-element elementor-element-4abcf33c elementor-widget elementor-widget-theme-post-featured-image elementor-widget-image\" data-id=\"4abcf33c\" data-element_type=\"widget\" data-e-type=\"widget\" data-widget_type=\"theme-post-featured-image.default\">\n\t\t\t\t<div class=\"elementor-widget-container\">\n\t\t\t\t\t\t\t\t\t\t\t\t\t\t\t\t<a href=\"https:\/\/latinamericanliteraturetoday.org\/es\/rese\u00f1as\/kingdom-cons-yuri-herrera-2\/\">\n\t\t\t\t\t\t\t<img loading=\"lazy\" decoding=\"async\" width=\"300\" height=\"469\" src=\"https:\/\/latinamericanliteraturetoday.org\/wp-content\/uploads\/2017\/04\/trabajos_del_reino.jpg\" class=\"attachment-full size-full wp-image-5516\" alt=\"\" srcset=\"https:\/\/latinamericanliteraturetoday.org\/wp-content\/uploads\/2017\/04\/trabajos_del_reino.jpg 300w, https:\/\/latinamericanliteraturetoday.org\/wp-content\/uploads\/2017\/04\/trabajos_del_reino-192x300.jpg 192w\" sizes=\"(max-width: 300px) 100vw, 300px\" title=\"\">\t\t\t\t\t\t\t\t<\/a>\n\t\t\t\t\t\t\t\t\t\t\t\t\t\t\t<\/div>\n\t\t\t\t<\/div>\n\t\t\t\t\t<\/div>\n\t\t<\/div>\n\t\t\t\t\t<\/div>\n\t\t<\/section>\n\t\t\t\t<section class=\"has_ae_slider elementor-section elementor-inner-section elementor-element elementor-element-dab2261 elementor-section-full_width elementor-section-height-default elementor-section-height-default ae-bg-gallery-type-default\" data-id=\"dab2261\" data-element_type=\"section\" data-e-type=\"section\">\n\t\t\t\t\t\t<div class=\"elementor-container elementor-column-gap-default\">\n\t\t\t\t\t<div class=\"has_ae_slider elementor-column elementor-col-100 elementor-inner-column elementor-element elementor-element-5a82048 ae-bg-gallery-type-default\" data-id=\"5a82048\" data-element_type=\"column\" data-e-type=\"column\">\n\t\t\t<div class=\"elementor-widget-wrap elementor-element-populated\">\n\t\t\t\t\t\t<div class=\"elementor-element elementor-element-f2112f7 elementor-widget elementor-widget-heading\" data-id=\"f2112f7\" data-element_type=\"widget\" data-e-type=\"widget\" data-widget_type=\"heading.default\">\n\t\t\t\t<div class=\"elementor-widget-container\">\n\t\t\t\t\t<h2 class=\"elementor-heading-title elementor-size-default\"><a href=\"https:\/\/latinamericanliteraturetoday.org\/es\/rese\u00f1as\/kingdom-cons-yuri-herrera-2\/\"><em>Trabajos del reino<\/em> de Yuri Herrera<\/a><\/h2>\t\t\t\t<\/div>\n\t\t\t\t<\/div>\n\t\t\t\t<div class=\"elementor-element elementor-element-10022ad elementor-widget elementor-widget-heading\" data-id=\"10022ad\" data-element_type=\"widget\" data-e-type=\"widget\" data-widget_type=\"heading.default\">\n\t\t\t\t<div class=\"elementor-widget-container\">\n\t\t\t\t\t<div class=\"elementor-heading-title elementor-size-default\">Por   <a href=\"https:\/\/latinamericanliteraturetoday.org\/es\/reviewers\/rodrigo-figueroa-es\/\" rel=\"tag\">Rodrigo Figueroa<\/a><\/div>\t\t\t\t<\/div>\n\t\t\t\t<\/div>\n\t\t\t\t\t<\/div>\n\t\t<\/div>\n\t\t\t\t\t<\/div>\n\t\t<\/section>\n\t\t\t\t\t<\/div>\n\t\t<\/div>\n\t\t\t\t\t<\/div>\n\t\t<\/section>\n\t\t\t\t<\/div>\n\t\t\t\t<\/article>\n\t\t\t\t<article id=\"post-5515\" class=\"elementor-post elementor-grid-item ecs-post-loop post-5515 book_review type-book_review status-publish has-post-thumbnail hentry tag-numero-2 review_sections-poesia reviewers-nancy-bird-soto-es\">\n\t\t\t\t<div data-elementor-type=\"loop\" data-elementor-id=\"10256\" class=\"elementor elementor-10256 elementor-7212 elementor-7212 post-5515 book_review type-book_review status-publish has-post-thumbnail hentry tag-numero-2 review_sections-poesia reviewers-nancy-bird-soto-es\" data-elementor-post-type=\"elementor_library\">\n\t\t\t\t\t<section class=\"has_ae_slider elementor-section elementor-top-section elementor-element elementor-element-2cb2d405 elementor-section-full_width elementor-section-height-default elementor-section-height-default ae-bg-gallery-type-default\" data-id=\"2cb2d405\" data-element_type=\"section\" data-e-type=\"section\">\n\t\t\t\t\t\t<div class=\"elementor-container elementor-column-gap-default\">\n\t\t\t\t\t<div class=\"has_ae_slider elementor-column elementor-col-100 elementor-top-column elementor-element elementor-element-4589e3dc ae-bg-gallery-type-default\" data-id=\"4589e3dc\" data-element_type=\"column\" data-e-type=\"column\">\n\t\t\t<div class=\"elementor-widget-wrap elementor-element-populated\">\n\t\t\t\t\t\t<section class=\"has_ae_slider elementor-section elementor-inner-section elementor-element elementor-element-b6430f8 elementor-section-full_width elementor-section-height-min-height elementor-section-height-default ae-bg-gallery-type-default\" data-id=\"b6430f8\" data-element_type=\"section\" data-e-type=\"section\">\n\t\t\t\t\t\t<div class=\"elementor-container elementor-column-gap-default\">\n\t\t\t\t\t<div class=\"has_ae_slider elementor-column elementor-col-100 elementor-inner-column elementor-element elementor-element-776c40e ae-bg-gallery-type-default\" data-id=\"776c40e\" data-element_type=\"column\" data-e-type=\"column\">\n\t\t\t<div class=\"elementor-widget-wrap elementor-element-populated\">\n\t\t\t\t\t\t<div class=\"elementor-element elementor-element-4abcf33c elementor-widget elementor-widget-theme-post-featured-image elementor-widget-image\" data-id=\"4abcf33c\" data-element_type=\"widget\" data-e-type=\"widget\" data-widget_type=\"theme-post-featured-image.default\">\n\t\t\t\t<div class=\"elementor-widget-container\">\n\t\t\t\t\t\t\t\t\t\t\t\t\t\t\t\t<a href=\"https:\/\/latinamericanliteraturetoday.org\/es\/rese\u00f1as\/only-road-solo-el-camino-eight-decades-cuban-poetry-margaret-randall-2\/\">\n\t\t\t\t\t\t\t<img loading=\"lazy\" decoding=\"async\" width=\"300\" height=\"452\" src=\"https:\/\/latinamericanliteraturetoday.org\/wp-content\/uploads\/2017\/04\/solo_el_camino.jpg\" class=\"attachment-full size-full wp-image-5512\" alt=\"\" srcset=\"https:\/\/latinamericanliteraturetoday.org\/wp-content\/uploads\/2017\/04\/solo_el_camino.jpg 300w, https:\/\/latinamericanliteraturetoday.org\/wp-content\/uploads\/2017\/04\/solo_el_camino-199x300.jpg 199w\" sizes=\"(max-width: 300px) 100vw, 300px\" title=\"\">\t\t\t\t\t\t\t\t<\/a>\n\t\t\t\t\t\t\t\t\t\t\t\t\t\t\t<\/div>\n\t\t\t\t<\/div>\n\t\t\t\t\t<\/div>\n\t\t<\/div>\n\t\t\t\t\t<\/div>\n\t\t<\/section>\n\t\t\t\t<section class=\"has_ae_slider elementor-section elementor-inner-section elementor-element elementor-element-dab2261 elementor-section-full_width elementor-section-height-default elementor-section-height-default ae-bg-gallery-type-default\" data-id=\"dab2261\" data-element_type=\"section\" data-e-type=\"section\">\n\t\t\t\t\t\t<div class=\"elementor-container elementor-column-gap-default\">\n\t\t\t\t\t<div class=\"has_ae_slider elementor-column elementor-col-100 elementor-inner-column elementor-element elementor-element-5a82048 ae-bg-gallery-type-default\" data-id=\"5a82048\" data-element_type=\"column\" data-e-type=\"column\">\n\t\t\t<div class=\"elementor-widget-wrap elementor-element-populated\">\n\t\t\t\t\t\t<div class=\"elementor-element elementor-element-f2112f7 elementor-widget elementor-widget-heading\" data-id=\"f2112f7\" data-element_type=\"widget\" data-e-type=\"widget\" data-widget_type=\"heading.default\">\n\t\t\t\t<div class=\"elementor-widget-container\">\n\t\t\t\t\t<h2 class=\"elementor-heading-title elementor-size-default\"><a href=\"https:\/\/latinamericanliteraturetoday.org\/es\/rese\u00f1as\/only-road-solo-el-camino-eight-decades-cuban-poetry-margaret-randall-2\/\"><em>Only the Road \/ Solo el camino: Eight Decades of Cuban Poetry<\/em> de Margaret Randall<\/a><\/h2>\t\t\t\t<\/div>\n\t\t\t\t<\/div>\n\t\t\t\t<div class=\"elementor-element elementor-element-10022ad elementor-widget elementor-widget-heading\" data-id=\"10022ad\" data-element_type=\"widget\" data-e-type=\"widget\" data-widget_type=\"heading.default\">\n\t\t\t\t<div class=\"elementor-widget-container\">\n\t\t\t\t\t<div class=\"elementor-heading-title elementor-size-default\">Por   <a href=\"https:\/\/latinamericanliteraturetoday.org\/es\/reviewers\/nancy-bird-soto-es\/\" rel=\"tag\">Nancy Bird-Soto<\/a><\/div>\t\t\t\t<\/div>\n\t\t\t\t<\/div>\n\t\t\t\t\t<\/div>\n\t\t<\/div>\n\t\t\t\t\t<\/div>\n\t\t<\/section>\n\t\t\t\t\t<\/div>\n\t\t<\/div>\n\t\t\t\t\t<\/div>\n\t\t<\/section>\n\t\t\t\t<\/div>\n\t\t\t\t<\/article>\n\t\t\t\t<article id=\"post-5511\" class=\"elementor-post elementor-grid-item ecs-post-loop post-5511 book_review type-book_review status-publish has-post-thumbnail hentry tag-numero-2 review_sections-no-ficcion reviewers-radmila-stefkova-es\">\n\t\t\t\t<div data-elementor-type=\"loop\" data-elementor-id=\"10256\" class=\"elementor elementor-10256 elementor-7212 elementor-7212 post-5511 book_review type-book_review status-publish has-post-thumbnail hentry tag-numero-2 review_sections-no-ficcion reviewers-radmila-stefkova-es\" data-elementor-post-type=\"elementor_library\">\n\t\t\t\t\t<section class=\"has_ae_slider elementor-section elementor-top-section elementor-element elementor-element-2cb2d405 elementor-section-full_width elementor-section-height-default elementor-section-height-default ae-bg-gallery-type-default\" data-id=\"2cb2d405\" data-element_type=\"section\" data-e-type=\"section\">\n\t\t\t\t\t\t<div class=\"elementor-container elementor-column-gap-default\">\n\t\t\t\t\t<div class=\"has_ae_slider elementor-column elementor-col-100 elementor-top-column elementor-element elementor-element-4589e3dc ae-bg-gallery-type-default\" data-id=\"4589e3dc\" data-element_type=\"column\" data-e-type=\"column\">\n\t\t\t<div class=\"elementor-widget-wrap elementor-element-populated\">\n\t\t\t\t\t\t<section class=\"has_ae_slider elementor-section elementor-inner-section elementor-element elementor-element-b6430f8 elementor-section-full_width elementor-section-height-min-height elementor-section-height-default ae-bg-gallery-type-default\" data-id=\"b6430f8\" data-element_type=\"section\" data-e-type=\"section\">\n\t\t\t\t\t\t<div class=\"elementor-container elementor-column-gap-default\">\n\t\t\t\t\t<div class=\"has_ae_slider elementor-column elementor-col-100 elementor-inner-column elementor-element elementor-element-776c40e ae-bg-gallery-type-default\" data-id=\"776c40e\" data-element_type=\"column\" data-e-type=\"column\">\n\t\t\t<div class=\"elementor-widget-wrap elementor-element-populated\">\n\t\t\t\t\t\t<div class=\"elementor-element elementor-element-4abcf33c elementor-widget elementor-widget-theme-post-featured-image elementor-widget-image\" data-id=\"4abcf33c\" data-element_type=\"widget\" data-e-type=\"widget\" data-widget_type=\"theme-post-featured-image.default\">\n\t\t\t\t<div class=\"elementor-widget-container\">\n\t\t\t\t\t\t\t\t\t\t\t\t\t\t\t\t<a href=\"https:\/\/latinamericanliteraturetoday.org\/es\/rese\u00f1as\/tell-me-how-it-ends-essay-forty-questions-valeria-luiselli-2\/\">\n\t\t\t\t\t\t\t<img loading=\"lazy\" decoding=\"async\" width=\"300\" height=\"465\" src=\"https:\/\/latinamericanliteraturetoday.org\/wp-content\/uploads\/2017\/04\/tell_me_how_it_ends.jpg\" class=\"attachment-full size-full wp-image-5508\" alt=\"\" srcset=\"https:\/\/latinamericanliteraturetoday.org\/wp-content\/uploads\/2017\/04\/tell_me_how_it_ends.jpg 300w, https:\/\/latinamericanliteraturetoday.org\/wp-content\/uploads\/2017\/04\/tell_me_how_it_ends-194x300.jpg 194w\" sizes=\"(max-width: 300px) 100vw, 300px\" title=\"\">\t\t\t\t\t\t\t\t<\/a>\n\t\t\t\t\t\t\t\t\t\t\t\t\t\t\t<\/div>\n\t\t\t\t<\/div>\n\t\t\t\t\t<\/div>\n\t\t<\/div>\n\t\t\t\t\t<\/div>\n\t\t<\/section>\n\t\t\t\t<section class=\"has_ae_slider elementor-section elementor-inner-section elementor-element elementor-element-dab2261 elementor-section-full_width elementor-section-height-default elementor-section-height-default ae-bg-gallery-type-default\" data-id=\"dab2261\" data-element_type=\"section\" data-e-type=\"section\">\n\t\t\t\t\t\t<div class=\"elementor-container elementor-column-gap-default\">\n\t\t\t\t\t<div class=\"has_ae_slider elementor-column elementor-col-100 elementor-inner-column elementor-element elementor-element-5a82048 ae-bg-gallery-type-default\" data-id=\"5a82048\" data-element_type=\"column\" data-e-type=\"column\">\n\t\t\t<div class=\"elementor-widget-wrap elementor-element-populated\">\n\t\t\t\t\t\t<div class=\"elementor-element elementor-element-f2112f7 elementor-widget elementor-widget-heading\" data-id=\"f2112f7\" data-element_type=\"widget\" data-e-type=\"widget\" data-widget_type=\"heading.default\">\n\t\t\t\t<div class=\"elementor-widget-container\">\n\t\t\t\t\t<h2 class=\"elementor-heading-title elementor-size-default\"><a href=\"https:\/\/latinamericanliteraturetoday.org\/es\/rese\u00f1as\/tell-me-how-it-ends-essay-forty-questions-valeria-luiselli-2\/\"><em>Los ni\u00f1os perdidos: Un ensayo en cuarenta preguntas<\/em> de Valeria Luiselli<\/a><\/h2>\t\t\t\t<\/div>\n\t\t\t\t<\/div>\n\t\t\t\t<div class=\"elementor-element elementor-element-10022ad elementor-widget elementor-widget-heading\" data-id=\"10022ad\" data-element_type=\"widget\" data-e-type=\"widget\" data-widget_type=\"heading.default\">\n\t\t\t\t<div class=\"elementor-widget-container\">\n\t\t\t\t\t<div class=\"elementor-heading-title elementor-size-default\">Por   <a href=\"https:\/\/latinamericanliteraturetoday.org\/es\/reviewers\/radmila-stefkova-es\/\" rel=\"tag\">Radmila Stefkova<\/a><\/div>\t\t\t\t<\/div>\n\t\t\t\t<\/div>\n\t\t\t\t\t<\/div>\n\t\t<\/div>\n\t\t\t\t\t<\/div>\n\t\t<\/section>\n\t\t\t\t\t<\/div>\n\t\t<\/div>\n\t\t\t\t\t<\/div>\n\t\t<\/section>\n\t\t\t\t<\/div>\n\t\t\t\t<\/article>\n\t\t\t\t<article id=\"post-5507\" class=\"elementor-post elementor-grid-item ecs-post-loop post-5507 book_review type-book_review status-publish has-post-thumbnail hentry tag-numero-2 review_sections-poesia reviewers-ismael-gavilan-munoz-es\">\n\t\t\t\t<div data-elementor-type=\"loop\" data-elementor-id=\"10256\" class=\"elementor elementor-10256 elementor-7212 elementor-7212 post-5507 book_review type-book_review status-publish has-post-thumbnail hentry tag-numero-2 review_sections-poesia reviewers-ismael-gavilan-munoz-es\" data-elementor-post-type=\"elementor_library\">\n\t\t\t\t\t<section class=\"has_ae_slider elementor-section elementor-top-section elementor-element elementor-element-2cb2d405 elementor-section-full_width elementor-section-height-default elementor-section-height-default ae-bg-gallery-type-default\" data-id=\"2cb2d405\" data-element_type=\"section\" data-e-type=\"section\">\n\t\t\t\t\t\t<div class=\"elementor-container elementor-column-gap-default\">\n\t\t\t\t\t<div class=\"has_ae_slider elementor-column elementor-col-100 elementor-top-column elementor-element elementor-element-4589e3dc ae-bg-gallery-type-default\" data-id=\"4589e3dc\" data-element_type=\"column\" data-e-type=\"column\">\n\t\t\t<div class=\"elementor-widget-wrap elementor-element-populated\">\n\t\t\t\t\t\t<section class=\"has_ae_slider elementor-section elementor-inner-section elementor-element elementor-element-b6430f8 elementor-section-full_width elementor-section-height-min-height elementor-section-height-default ae-bg-gallery-type-default\" data-id=\"b6430f8\" data-element_type=\"section\" data-e-type=\"section\">\n\t\t\t\t\t\t<div class=\"elementor-container elementor-column-gap-default\">\n\t\t\t\t\t<div class=\"has_ae_slider elementor-column elementor-col-100 elementor-inner-column elementor-element elementor-element-776c40e ae-bg-gallery-type-default\" data-id=\"776c40e\" data-element_type=\"column\" data-e-type=\"column\">\n\t\t\t<div class=\"elementor-widget-wrap elementor-element-populated\">\n\t\t\t\t\t\t<div class=\"elementor-element elementor-element-4abcf33c elementor-widget elementor-widget-theme-post-featured-image elementor-widget-image\" data-id=\"4abcf33c\" data-element_type=\"widget\" data-e-type=\"widget\" data-widget_type=\"theme-post-featured-image.default\">\n\t\t\t\t<div class=\"elementor-widget-container\">\n\t\t\t\t\t\t\t\t\t\t\t\t\t\t\t\t<a href=\"https:\/\/latinamericanliteraturetoday.org\/es\/rese\u00f1as\/la-materia-sensible-antologia-personal-claudia-masin-2\/\">\n\t\t\t\t\t\t\t<img loading=\"lazy\" decoding=\"async\" width=\"300\" height=\"443\" src=\"https:\/\/latinamericanliteraturetoday.org\/wp-content\/uploads\/2017\/04\/la_materia_sensible.jpg\" class=\"attachment-full size-full wp-image-5504\" alt=\"\" srcset=\"https:\/\/latinamericanliteraturetoday.org\/wp-content\/uploads\/2017\/04\/la_materia_sensible.jpg 300w, https:\/\/latinamericanliteraturetoday.org\/wp-content\/uploads\/2017\/04\/la_materia_sensible-203x300.jpg 203w\" sizes=\"(max-width: 300px) 100vw, 300px\" title=\"\">\t\t\t\t\t\t\t\t<\/a>\n\t\t\t\t\t\t\t\t\t\t\t\t\t\t\t<\/div>\n\t\t\t\t<\/div>\n\t\t\t\t\t<\/div>\n\t\t<\/div>\n\t\t\t\t\t<\/div>\n\t\t<\/section>\n\t\t\t\t<section class=\"has_ae_slider elementor-section elementor-inner-section elementor-element elementor-element-dab2261 elementor-section-full_width elementor-section-height-default elementor-section-height-default ae-bg-gallery-type-default\" data-id=\"dab2261\" data-element_type=\"section\" data-e-type=\"section\">\n\t\t\t\t\t\t<div class=\"elementor-container elementor-column-gap-default\">\n\t\t\t\t\t<div class=\"has_ae_slider elementor-column elementor-col-100 elementor-inner-column elementor-element elementor-element-5a82048 ae-bg-gallery-type-default\" data-id=\"5a82048\" data-element_type=\"column\" data-e-type=\"column\">\n\t\t\t<div class=\"elementor-widget-wrap elementor-element-populated\">\n\t\t\t\t\t\t<div class=\"elementor-element elementor-element-f2112f7 elementor-widget elementor-widget-heading\" data-id=\"f2112f7\" data-element_type=\"widget\" data-e-type=\"widget\" data-widget_type=\"heading.default\">\n\t\t\t\t<div class=\"elementor-widget-container\">\n\t\t\t\t\t<h2 class=\"elementor-heading-title elementor-size-default\"><a href=\"https:\/\/latinamericanliteraturetoday.org\/es\/rese\u00f1as\/la-materia-sensible-antologia-personal-claudia-masin-2\/\"><em>La materia sensible: Antolog\u00eda personal<\/em> de Claudia Masin<\/a><\/h2>\t\t\t\t<\/div>\n\t\t\t\t<\/div>\n\t\t\t\t<div class=\"elementor-element elementor-element-10022ad elementor-widget elementor-widget-heading\" data-id=\"10022ad\" data-element_type=\"widget\" data-e-type=\"widget\" data-widget_type=\"heading.default\">\n\t\t\t\t<div class=\"elementor-widget-container\">\n\t\t\t\t\t<div class=\"elementor-heading-title elementor-size-default\">Por   <a href=\"https:\/\/latinamericanliteraturetoday.org\/es\/reviewers\/ismael-gavilan-munoz-es\/\" rel=\"tag\">Ismael Gavil\u00e1n Mu\u00f1oz<\/a><\/div>\t\t\t\t<\/div>\n\t\t\t\t<\/div>\n\t\t\t\t\t<\/div>\n\t\t<\/div>\n\t\t\t\t\t<\/div>\n\t\t<\/section>\n\t\t\t\t\t<\/div>\n\t\t<\/div>\n\t\t\t\t\t<\/div>\n\t\t<\/section>\n\t\t\t\t<\/div>\n\t\t\t\t<\/article>\n\t\t\t\t<article id=\"post-5503\" class=\"elementor-post elementor-grid-item ecs-post-loop post-5503 book_review type-book_review status-publish has-post-thumbnail hentry tag-numero-2 review_sections-poesia reviewers-eduardo-langagne-es\">\n\t\t\t\t<div data-elementor-type=\"loop\" data-elementor-id=\"10256\" class=\"elementor elementor-10256 elementor-7212 elementor-7212 post-5503 book_review type-book_review status-publish has-post-thumbnail hentry tag-numero-2 review_sections-poesia reviewers-eduardo-langagne-es\" data-elementor-post-type=\"elementor_library\">\n\t\t\t\t\t<section class=\"has_ae_slider elementor-section elementor-top-section elementor-element elementor-element-2cb2d405 elementor-section-full_width elementor-section-height-default elementor-section-height-default ae-bg-gallery-type-default\" data-id=\"2cb2d405\" data-element_type=\"section\" data-e-type=\"section\">\n\t\t\t\t\t\t<div class=\"elementor-container elementor-column-gap-default\">\n\t\t\t\t\t<div class=\"has_ae_slider elementor-column elementor-col-100 elementor-top-column elementor-element elementor-element-4589e3dc ae-bg-gallery-type-default\" data-id=\"4589e3dc\" data-element_type=\"column\" data-e-type=\"column\">\n\t\t\t<div class=\"elementor-widget-wrap elementor-element-populated\">\n\t\t\t\t\t\t<section class=\"has_ae_slider elementor-section elementor-inner-section elementor-element elementor-element-b6430f8 elementor-section-full_width elementor-section-height-min-height elementor-section-height-default ae-bg-gallery-type-default\" data-id=\"b6430f8\" data-element_type=\"section\" data-e-type=\"section\">\n\t\t\t\t\t\t<div class=\"elementor-container elementor-column-gap-default\">\n\t\t\t\t\t<div class=\"has_ae_slider elementor-column elementor-col-100 elementor-inner-column elementor-element elementor-element-776c40e ae-bg-gallery-type-default\" data-id=\"776c40e\" data-element_type=\"column\" data-e-type=\"column\">\n\t\t\t<div class=\"elementor-widget-wrap elementor-element-populated\">\n\t\t\t\t\t\t<div class=\"elementor-element elementor-element-4abcf33c elementor-widget elementor-widget-theme-post-featured-image elementor-widget-image\" data-id=\"4abcf33c\" data-element_type=\"widget\" data-e-type=\"widget\" data-widget_type=\"theme-post-featured-image.default\">\n\t\t\t\t<div class=\"elementor-widget-container\">\n\t\t\t\t\t\t\t\t\t\t\t\t\t\t\t\t<a href=\"https:\/\/latinamericanliteraturetoday.org\/es\/rese\u00f1as\/pessoa-multiple-antologia-bilingue-jeronimo-pizarro-and-nicolas-barbosa-2\/\">\n\t\t\t\t\t\t\t<img loading=\"lazy\" decoding=\"async\" width=\"300\" height=\"477\" src=\"https:\/\/latinamericanliteraturetoday.org\/wp-content\/uploads\/2017\/04\/pessoa_multiple.jpg\" class=\"attachment-full size-full wp-image-5500\" alt=\"\" srcset=\"https:\/\/latinamericanliteraturetoday.org\/wp-content\/uploads\/2017\/04\/pessoa_multiple.jpg 300w, https:\/\/latinamericanliteraturetoday.org\/wp-content\/uploads\/2017\/04\/pessoa_multiple-189x300.jpg 189w\" sizes=\"(max-width: 300px) 100vw, 300px\" title=\"\">\t\t\t\t\t\t\t\t<\/a>\n\t\t\t\t\t\t\t\t\t\t\t\t\t\t\t<\/div>\n\t\t\t\t<\/div>\n\t\t\t\t\t<\/div>\n\t\t<\/div>\n\t\t\t\t\t<\/div>\n\t\t<\/section>\n\t\t\t\t<section class=\"has_ae_slider elementor-section elementor-inner-section elementor-element elementor-element-dab2261 elementor-section-full_width elementor-section-height-default elementor-section-height-default ae-bg-gallery-type-default\" data-id=\"dab2261\" data-element_type=\"section\" data-e-type=\"section\">\n\t\t\t\t\t\t<div class=\"elementor-container elementor-column-gap-default\">\n\t\t\t\t\t<div class=\"has_ae_slider elementor-column elementor-col-100 elementor-inner-column elementor-element elementor-element-5a82048 ae-bg-gallery-type-default\" data-id=\"5a82048\" data-element_type=\"column\" data-e-type=\"column\">\n\t\t\t<div class=\"elementor-widget-wrap elementor-element-populated\">\n\t\t\t\t\t\t<div class=\"elementor-element elementor-element-f2112f7 elementor-widget elementor-widget-heading\" data-id=\"f2112f7\" data-element_type=\"widget\" data-e-type=\"widget\" data-widget_type=\"heading.default\">\n\t\t\t\t<div class=\"elementor-widget-container\">\n\t\t\t\t\t<h2 class=\"elementor-heading-title elementor-size-default\"><a href=\"https:\/\/latinamericanliteraturetoday.org\/es\/rese\u00f1as\/pessoa-multiple-antologia-bilingue-jeronimo-pizarro-and-nicolas-barbosa-2\/\"><em>Pessoa m\u00faltiple: antolog\u00eda bilingue<\/em> de Jer\u00f3nimo Pizarro y Nicol\u00e1s Barbosa<\/a><\/h2>\t\t\t\t<\/div>\n\t\t\t\t<\/div>\n\t\t\t\t<div class=\"elementor-element elementor-element-10022ad elementor-widget elementor-widget-heading\" data-id=\"10022ad\" data-element_type=\"widget\" data-e-type=\"widget\" data-widget_type=\"heading.default\">\n\t\t\t\t<div class=\"elementor-widget-container\">\n\t\t\t\t\t<div class=\"elementor-heading-title elementor-size-default\">Por   <a href=\"https:\/\/latinamericanliteraturetoday.org\/es\/reviewers\/eduardo-langagne-es\/\" rel=\"tag\">Eduardo Langagne<\/a><\/div>\t\t\t\t<\/div>\n\t\t\t\t<\/div>\n\t\t\t\t\t<\/div>\n\t\t<\/div>\n\t\t\t\t\t<\/div>\n\t\t<\/section>\n\t\t\t\t\t<\/div>\n\t\t<\/div>\n\t\t\t\t\t<\/div>\n\t\t<\/section>\n\t\t\t\t<\/div>\n\t\t\t\t<\/article>\n\t\t\t\t<article id=\"post-5499\" class=\"elementor-post elementor-grid-item ecs-post-loop post-5499 book_review type-book_review status-publish has-post-thumbnail hentry tag-numero-2 review_sections-poesia reviewers-lorena-huitron-vazquez-es\">\n\t\t\t\t<div data-elementor-type=\"loop\" data-elementor-id=\"10256\" class=\"elementor elementor-10256 elementor-7212 elementor-7212 post-5499 book_review type-book_review status-publish has-post-thumbnail hentry tag-numero-2 review_sections-poesia reviewers-lorena-huitron-vazquez-es\" data-elementor-post-type=\"elementor_library\">\n\t\t\t\t\t<section class=\"has_ae_slider elementor-section elementor-top-section elementor-element elementor-element-2cb2d405 elementor-section-full_width elementor-section-height-default elementor-section-height-default ae-bg-gallery-type-default\" data-id=\"2cb2d405\" data-element_type=\"section\" data-e-type=\"section\">\n\t\t\t\t\t\t<div class=\"elementor-container elementor-column-gap-default\">\n\t\t\t\t\t<div class=\"has_ae_slider elementor-column elementor-col-100 elementor-top-column elementor-element elementor-element-4589e3dc ae-bg-gallery-type-default\" data-id=\"4589e3dc\" data-element_type=\"column\" data-e-type=\"column\">\n\t\t\t<div class=\"elementor-widget-wrap elementor-element-populated\">\n\t\t\t\t\t\t<section class=\"has_ae_slider elementor-section elementor-inner-section elementor-element elementor-element-b6430f8 elementor-section-full_width elementor-section-height-min-height elementor-section-height-default ae-bg-gallery-type-default\" data-id=\"b6430f8\" data-element_type=\"section\" data-e-type=\"section\">\n\t\t\t\t\t\t<div class=\"elementor-container elementor-column-gap-default\">\n\t\t\t\t\t<div class=\"has_ae_slider elementor-column elementor-col-100 elementor-inner-column elementor-element elementor-element-776c40e ae-bg-gallery-type-default\" data-id=\"776c40e\" data-element_type=\"column\" data-e-type=\"column\">\n\t\t\t<div class=\"elementor-widget-wrap elementor-element-populated\">\n\t\t\t\t\t\t<div class=\"elementor-element elementor-element-4abcf33c elementor-widget elementor-widget-theme-post-featured-image elementor-widget-image\" data-id=\"4abcf33c\" data-element_type=\"widget\" data-e-type=\"widget\" data-widget_type=\"theme-post-featured-image.default\">\n\t\t\t\t<div class=\"elementor-widget-container\">\n\t\t\t\t\t\t\t\t\t\t\t\t\t\t\t\t<a href=\"https:\/\/latinamericanliteraturetoday.org\/es\/rese\u00f1as\/corporis-pura-lopez-colome-2\/\">\n\t\t\t\t\t\t\t<img loading=\"lazy\" decoding=\"async\" width=\"300\" height=\"472\" src=\"https:\/\/latinamericanliteraturetoday.org\/wp-content\/uploads\/2017\/04\/via_corporis.jpg\" class=\"attachment-full size-full wp-image-5496\" alt=\"\" srcset=\"https:\/\/latinamericanliteraturetoday.org\/wp-content\/uploads\/2017\/04\/via_corporis.jpg 300w, https:\/\/latinamericanliteraturetoday.org\/wp-content\/uploads\/2017\/04\/via_corporis-191x300.jpg 191w\" sizes=\"(max-width: 300px) 100vw, 300px\" title=\"\">\t\t\t\t\t\t\t\t<\/a>\n\t\t\t\t\t\t\t\t\t\t\t\t\t\t\t<\/div>\n\t\t\t\t<\/div>\n\t\t\t\t\t<\/div>\n\t\t<\/div>\n\t\t\t\t\t<\/div>\n\t\t<\/section>\n\t\t\t\t<section class=\"has_ae_slider elementor-section elementor-inner-section elementor-element elementor-element-dab2261 elementor-section-full_width elementor-section-height-default elementor-section-height-default ae-bg-gallery-type-default\" data-id=\"dab2261\" data-element_type=\"section\" data-e-type=\"section\">\n\t\t\t\t\t\t<div class=\"elementor-container elementor-column-gap-default\">\n\t\t\t\t\t<div class=\"has_ae_slider elementor-column elementor-col-100 elementor-inner-column elementor-element elementor-element-5a82048 ae-bg-gallery-type-default\" data-id=\"5a82048\" data-element_type=\"column\" data-e-type=\"column\">\n\t\t\t<div class=\"elementor-widget-wrap elementor-element-populated\">\n\t\t\t\t\t\t<div class=\"elementor-element elementor-element-f2112f7 elementor-widget elementor-widget-heading\" data-id=\"f2112f7\" data-element_type=\"widget\" data-e-type=\"widget\" data-widget_type=\"heading.default\">\n\t\t\t\t<div class=\"elementor-widget-container\">\n\t\t\t\t\t<h2 class=\"elementor-heading-title elementor-size-default\"><a href=\"https:\/\/latinamericanliteraturetoday.org\/es\/rese\u00f1as\/corporis-pura-lopez-colome-2\/\"><em>Via Corporis<\/em> de Pura L\u00f3pez Colom\u00e9<\/a><\/h2>\t\t\t\t<\/div>\n\t\t\t\t<\/div>\n\t\t\t\t<div class=\"elementor-element elementor-element-10022ad elementor-widget elementor-widget-heading\" data-id=\"10022ad\" data-element_type=\"widget\" data-e-type=\"widget\" data-widget_type=\"heading.default\">\n\t\t\t\t<div class=\"elementor-widget-container\">\n\t\t\t\t\t<div class=\"elementor-heading-title elementor-size-default\">Por   <a href=\"https:\/\/latinamericanliteraturetoday.org\/es\/reviewers\/lorena-huitron-vazquez-es\/\" rel=\"tag\">Lorena Huitr\u00f3n V\u00e1zquez<\/a><\/div>\t\t\t\t<\/div>\n\t\t\t\t<\/div>\n\t\t\t\t\t<\/div>\n\t\t<\/div>\n\t\t\t\t\t<\/div>\n\t\t<\/section>\n\t\t\t\t\t<\/div>\n\t\t<\/div>\n\t\t\t\t\t<\/div>\n\t\t<\/section>\n\t\t\t\t<\/div>\n\t\t\t\t<\/article>\n\t\t\t\t<article id=\"post-5495\" class=\"elementor-post elementor-grid-item ecs-post-loop post-5495 book_review type-book_review status-publish has-post-thumbnail hentry tag-numero-2 review_sections-ficcion reviewers-jose-juan-colin-es\">\n\t\t\t\t<div data-elementor-type=\"loop\" data-elementor-id=\"10256\" class=\"elementor elementor-10256 elementor-7212 elementor-7212 post-5495 book_review type-book_review status-publish has-post-thumbnail hentry tag-numero-2 review_sections-ficcion reviewers-jose-juan-colin-es\" data-elementor-post-type=\"elementor_library\">\n\t\t\t\t\t<section class=\"has_ae_slider elementor-section elementor-top-section elementor-element elementor-element-2cb2d405 elementor-section-full_width elementor-section-height-default elementor-section-height-default ae-bg-gallery-type-default\" data-id=\"2cb2d405\" data-element_type=\"section\" data-e-type=\"section\">\n\t\t\t\t\t\t<div class=\"elementor-container elementor-column-gap-default\">\n\t\t\t\t\t<div class=\"has_ae_slider elementor-column elementor-col-100 elementor-top-column elementor-element elementor-element-4589e3dc ae-bg-gallery-type-default\" data-id=\"4589e3dc\" data-element_type=\"column\" data-e-type=\"column\">\n\t\t\t<div class=\"elementor-widget-wrap elementor-element-populated\">\n\t\t\t\t\t\t<section class=\"has_ae_slider elementor-section elementor-inner-section elementor-element elementor-element-b6430f8 elementor-section-full_width elementor-section-height-min-height elementor-section-height-default ae-bg-gallery-type-default\" data-id=\"b6430f8\" data-element_type=\"section\" data-e-type=\"section\">\n\t\t\t\t\t\t<div class=\"elementor-container elementor-column-gap-default\">\n\t\t\t\t\t<div class=\"has_ae_slider elementor-column elementor-col-100 elementor-inner-column elementor-element elementor-element-776c40e ae-bg-gallery-type-default\" data-id=\"776c40e\" data-element_type=\"column\" data-e-type=\"column\">\n\t\t\t<div class=\"elementor-widget-wrap elementor-element-populated\">\n\t\t\t\t\t\t<div class=\"elementor-element elementor-element-4abcf33c elementor-widget elementor-widget-theme-post-featured-image elementor-widget-image\" data-id=\"4abcf33c\" data-element_type=\"widget\" data-e-type=\"widget\" data-widget_type=\"theme-post-featured-image.default\">\n\t\t\t\t<div class=\"elementor-widget-container\">\n\t\t\t\t\t\t\t\t\t\t\t\t\t\t\t\t<a href=\"https:\/\/latinamericanliteraturetoday.org\/es\/rese\u00f1as\/sara-sergio-ramirez-2\/\">\n\t\t\t\t\t\t\t<img loading=\"lazy\" decoding=\"async\" width=\"300\" height=\"480\" src=\"https:\/\/latinamericanliteraturetoday.org\/wp-content\/uploads\/2017\/04\/sara.jpg\" class=\"attachment-full size-full wp-image-5492\" alt=\"\" srcset=\"https:\/\/latinamericanliteraturetoday.org\/wp-content\/uploads\/2017\/04\/sara.jpg 300w, https:\/\/latinamericanliteraturetoday.org\/wp-content\/uploads\/2017\/04\/sara-188x300.jpg 188w\" sizes=\"(max-width: 300px) 100vw, 300px\" title=\"\">\t\t\t\t\t\t\t\t<\/a>\n\t\t\t\t\t\t\t\t\t\t\t\t\t\t\t<\/div>\n\t\t\t\t<\/div>\n\t\t\t\t\t<\/div>\n\t\t<\/div>\n\t\t\t\t\t<\/div>\n\t\t<\/section>\n\t\t\t\t<section class=\"has_ae_slider elementor-section elementor-inner-section elementor-element elementor-element-dab2261 elementor-section-full_width elementor-section-height-default elementor-section-height-default ae-bg-gallery-type-default\" data-id=\"dab2261\" data-element_type=\"section\" data-e-type=\"section\">\n\t\t\t\t\t\t<div class=\"elementor-container elementor-column-gap-default\">\n\t\t\t\t\t<div class=\"has_ae_slider elementor-column elementor-col-100 elementor-inner-column elementor-element elementor-element-5a82048 ae-bg-gallery-type-default\" data-id=\"5a82048\" data-element_type=\"column\" data-e-type=\"column\">\n\t\t\t<div class=\"elementor-widget-wrap elementor-element-populated\">\n\t\t\t\t\t\t<div class=\"elementor-element elementor-element-f2112f7 elementor-widget elementor-widget-heading\" data-id=\"f2112f7\" data-element_type=\"widget\" data-e-type=\"widget\" data-widget_type=\"heading.default\">\n\t\t\t\t<div class=\"elementor-widget-container\">\n\t\t\t\t\t<h2 class=\"elementor-heading-title elementor-size-default\"><a href=\"https:\/\/latinamericanliteraturetoday.org\/es\/rese\u00f1as\/sara-sergio-ramirez-2\/\"><em>Sara<\/em> de Sergio Ram\u00edrez<\/a><\/h2>\t\t\t\t<\/div>\n\t\t\t\t<\/div>\n\t\t\t\t<div class=\"elementor-element elementor-element-10022ad elementor-widget elementor-widget-heading\" data-id=\"10022ad\" data-element_type=\"widget\" data-e-type=\"widget\" data-widget_type=\"heading.default\">\n\t\t\t\t<div class=\"elementor-widget-container\">\n\t\t\t\t\t<div class=\"elementor-heading-title elementor-size-default\">Por   <a href=\"https:\/\/latinamericanliteraturetoday.org\/es\/reviewers\/jose-juan-colin-es\/\" rel=\"tag\">Jos\u00e9 Juan Col\u00edn<\/a><\/div>\t\t\t\t<\/div>\n\t\t\t\t<\/div>\n\t\t\t\t\t<\/div>\n\t\t<\/div>\n\t\t\t\t\t<\/div>\n\t\t<\/section>\n\t\t\t\t\t<\/div>\n\t\t<\/div>\n\t\t\t\t\t<\/div>\n\t\t<\/section>\n\t\t\t\t<\/div>\n\t\t\t\t<\/article>\n\t\t\t\t<article id=\"post-5491\" class=\"elementor-post elementor-grid-item ecs-post-loop post-5491 book_review type-book_review status-publish has-post-thumbnail hentry tag-numero-2 review_sections-ficcion reviewers-carolina-sitya-nin-es\">\n\t\t\t\t<div data-elementor-type=\"loop\" data-elementor-id=\"10256\" class=\"elementor elementor-10256 elementor-7212 elementor-7212 post-5491 book_review type-book_review status-publish has-post-thumbnail hentry tag-numero-2 review_sections-ficcion reviewers-carolina-sitya-nin-es\" data-elementor-post-type=\"elementor_library\">\n\t\t\t\t\t<section class=\"has_ae_slider elementor-section elementor-top-section elementor-element elementor-element-2cb2d405 elementor-section-full_width elementor-section-height-default elementor-section-height-default ae-bg-gallery-type-default\" data-id=\"2cb2d405\" data-element_type=\"section\" data-e-type=\"section\">\n\t\t\t\t\t\t<div class=\"elementor-container elementor-column-gap-default\">\n\t\t\t\t\t<div class=\"has_ae_slider elementor-column elementor-col-100 elementor-top-column elementor-element elementor-element-4589e3dc ae-bg-gallery-type-default\" data-id=\"4589e3dc\" data-element_type=\"column\" data-e-type=\"column\">\n\t\t\t<div class=\"elementor-widget-wrap elementor-element-populated\">\n\t\t\t\t\t\t<section class=\"has_ae_slider elementor-section elementor-inner-section elementor-element elementor-element-b6430f8 elementor-section-full_width elementor-section-height-min-height elementor-section-height-default ae-bg-gallery-type-default\" data-id=\"b6430f8\" data-element_type=\"section\" data-e-type=\"section\">\n\t\t\t\t\t\t<div class=\"elementor-container elementor-column-gap-default\">\n\t\t\t\t\t<div class=\"has_ae_slider elementor-column elementor-col-100 elementor-inner-column elementor-element elementor-element-776c40e ae-bg-gallery-type-default\" data-id=\"776c40e\" data-element_type=\"column\" data-e-type=\"column\">\n\t\t\t<div class=\"elementor-widget-wrap elementor-element-populated\">\n\t\t\t\t\t\t<div class=\"elementor-element elementor-element-4abcf33c elementor-widget elementor-widget-theme-post-featured-image elementor-widget-image\" data-id=\"4abcf33c\" data-element_type=\"widget\" data-e-type=\"widget\" data-widget_type=\"theme-post-featured-image.default\">\n\t\t\t\t<div class=\"elementor-widget-container\">\n\t\t\t\t\t\t\t\t\t\t\t\t\t\t\t\t<a href=\"https:\/\/latinamericanliteraturetoday.org\/es\/rese\u00f1as\/tacos-altos-federico-jeanmaire-2\/\">\n\t\t\t\t\t\t\t<img loading=\"lazy\" decoding=\"async\" width=\"300\" height=\"471\" src=\"https:\/\/latinamericanliteraturetoday.org\/wp-content\/uploads\/2017\/04\/tacos_altos.jpg\" class=\"attachment-full size-full wp-image-5488\" alt=\"\" srcset=\"https:\/\/latinamericanliteraturetoday.org\/wp-content\/uploads\/2017\/04\/tacos_altos.jpg 300w, https:\/\/latinamericanliteraturetoday.org\/wp-content\/uploads\/2017\/04\/tacos_altos-191x300.jpg 191w\" sizes=\"(max-width: 300px) 100vw, 300px\" title=\"\">\t\t\t\t\t\t\t\t<\/a>\n\t\t\t\t\t\t\t\t\t\t\t\t\t\t\t<\/div>\n\t\t\t\t<\/div>\n\t\t\t\t\t<\/div>\n\t\t<\/div>\n\t\t\t\t\t<\/div>\n\t\t<\/section>\n\t\t\t\t<section class=\"has_ae_slider elementor-section elementor-inner-section elementor-element elementor-element-dab2261 elementor-section-full_width elementor-section-height-default elementor-section-height-default ae-bg-gallery-type-default\" data-id=\"dab2261\" data-element_type=\"section\" data-e-type=\"section\">\n\t\t\t\t\t\t<div class=\"elementor-container elementor-column-gap-default\">\n\t\t\t\t\t<div class=\"has_ae_slider elementor-column elementor-col-100 elementor-inner-column elementor-element elementor-element-5a82048 ae-bg-gallery-type-default\" data-id=\"5a82048\" data-element_type=\"column\" data-e-type=\"column\">\n\t\t\t<div class=\"elementor-widget-wrap elementor-element-populated\">\n\t\t\t\t\t\t<div class=\"elementor-element elementor-element-f2112f7 elementor-widget elementor-widget-heading\" data-id=\"f2112f7\" data-element_type=\"widget\" data-e-type=\"widget\" data-widget_type=\"heading.default\">\n\t\t\t\t<div class=\"elementor-widget-container\">\n\t\t\t\t\t<h2 class=\"elementor-heading-title elementor-size-default\"><a href=\"https:\/\/latinamericanliteraturetoday.org\/es\/rese\u00f1as\/tacos-altos-federico-jeanmaire-2\/\"><em>Tacos altos<\/em> de Federico Jeanmaire<\/a><\/h2>\t\t\t\t<\/div>\n\t\t\t\t<\/div>\n\t\t\t\t<div class=\"elementor-element elementor-element-10022ad elementor-widget elementor-widget-heading\" data-id=\"10022ad\" data-element_type=\"widget\" data-e-type=\"widget\" data-widget_type=\"heading.default\">\n\t\t\t\t<div class=\"elementor-widget-container\">\n\t\t\t\t\t<div class=\"elementor-heading-title elementor-size-default\">Por   <a href=\"https:\/\/latinamericanliteraturetoday.org\/es\/reviewers\/carolina-sitya-nin-es\/\" rel=\"tag\">Carolina Sitya-Nin<\/a><\/div>\t\t\t\t<\/div>\n\t\t\t\t<\/div>\n\t\t\t\t\t<\/div>\n\t\t<\/div>\n\t\t\t\t\t<\/div>\n\t\t<\/section>\n\t\t\t\t\t<\/div>\n\t\t<\/div>\n\t\t\t\t\t<\/div>\n\t\t<\/section>\n\t\t\t\t<\/div>\n\t\t\t\t<\/article>\n\t\t\t\t<article id=\"post-5487\" class=\"elementor-post elementor-grid-item ecs-post-loop post-5487 book_review type-book_review status-publish has-post-thumbnail hentry tag-numero-2 review_sections-poesia reviewers-arturo-gutierrez-plaza-es\">\n\t\t\t\t<div data-elementor-type=\"loop\" data-elementor-id=\"10256\" class=\"elementor elementor-10256 elementor-7212 elementor-7212 post-5487 book_review type-book_review status-publish has-post-thumbnail hentry tag-numero-2 review_sections-poesia reviewers-arturo-gutierrez-plaza-es\" data-elementor-post-type=\"elementor_library\">\n\t\t\t\t\t<section class=\"has_ae_slider elementor-section elementor-top-section elementor-element elementor-element-2cb2d405 elementor-section-full_width elementor-section-height-default elementor-section-height-default ae-bg-gallery-type-default\" data-id=\"2cb2d405\" data-element_type=\"section\" data-e-type=\"section\">\n\t\t\t\t\t\t<div class=\"elementor-container elementor-column-gap-default\">\n\t\t\t\t\t<div class=\"has_ae_slider elementor-column elementor-col-100 elementor-top-column elementor-element elementor-element-4589e3dc ae-bg-gallery-type-default\" data-id=\"4589e3dc\" data-element_type=\"column\" data-e-type=\"column\">\n\t\t\t<div class=\"elementor-widget-wrap elementor-element-populated\">\n\t\t\t\t\t\t<section class=\"has_ae_slider elementor-section elementor-inner-section elementor-element elementor-element-b6430f8 elementor-section-full_width elementor-section-height-min-height elementor-section-height-default ae-bg-gallery-type-default\" data-id=\"b6430f8\" data-element_type=\"section\" data-e-type=\"section\">\n\t\t\t\t\t\t<div class=\"elementor-container elementor-column-gap-default\">\n\t\t\t\t\t<div class=\"has_ae_slider elementor-column elementor-col-100 elementor-inner-column elementor-element elementor-element-776c40e ae-bg-gallery-type-default\" data-id=\"776c40e\" data-element_type=\"column\" data-e-type=\"column\">\n\t\t\t<div class=\"elementor-widget-wrap elementor-element-populated\">\n\t\t\t\t\t\t<div class=\"elementor-element elementor-element-4abcf33c elementor-widget elementor-widget-theme-post-featured-image elementor-widget-image\" data-id=\"4abcf33c\" data-element_type=\"widget\" data-e-type=\"widget\" data-widget_type=\"theme-post-featured-image.default\">\n\t\t\t\t<div class=\"elementor-widget-container\">\n\t\t\t\t\t\t\t\t\t\t\t\t\t\t\t\t<a href=\"https:\/\/latinamericanliteraturetoday.org\/es\/rese\u00f1as\/los-dias-arqueados-luis-eduardo-barraza-2\/\">\n\t\t\t\t\t\t\t<img loading=\"lazy\" decoding=\"async\" width=\"300\" height=\"454\" src=\"https:\/\/latinamericanliteraturetoday.org\/wp-content\/uploads\/2017\/04\/los_dias_arqueados.jpg\" class=\"attachment-full size-full wp-image-5484\" alt=\"\" srcset=\"https:\/\/latinamericanliteraturetoday.org\/wp-content\/uploads\/2017\/04\/los_dias_arqueados.jpg 300w, https:\/\/latinamericanliteraturetoday.org\/wp-content\/uploads\/2017\/04\/los_dias_arqueados-198x300.jpg 198w\" sizes=\"(max-width: 300px) 100vw, 300px\" title=\"\">\t\t\t\t\t\t\t\t<\/a>\n\t\t\t\t\t\t\t\t\t\t\t\t\t\t\t<\/div>\n\t\t\t\t<\/div>\n\t\t\t\t\t<\/div>\n\t\t<\/div>\n\t\t\t\t\t<\/div>\n\t\t<\/section>\n\t\t\t\t<section class=\"has_ae_slider elementor-section elementor-inner-section elementor-element elementor-element-dab2261 elementor-section-full_width elementor-section-height-default elementor-section-height-default ae-bg-gallery-type-default\" data-id=\"dab2261\" data-element_type=\"section\" data-e-type=\"section\">\n\t\t\t\t\t\t<div class=\"elementor-container elementor-column-gap-default\">\n\t\t\t\t\t<div class=\"has_ae_slider elementor-column elementor-col-100 elementor-inner-column elementor-element elementor-element-5a82048 ae-bg-gallery-type-default\" data-id=\"5a82048\" data-element_type=\"column\" data-e-type=\"column\">\n\t\t\t<div class=\"elementor-widget-wrap elementor-element-populated\">\n\t\t\t\t\t\t<div class=\"elementor-element elementor-element-f2112f7 elementor-widget elementor-widget-heading\" data-id=\"f2112f7\" data-element_type=\"widget\" data-e-type=\"widget\" data-widget_type=\"heading.default\">\n\t\t\t\t<div class=\"elementor-widget-container\">\n\t\t\t\t\t<h2 class=\"elementor-heading-title elementor-size-default\"><a href=\"https:\/\/latinamericanliteraturetoday.org\/es\/rese\u00f1as\/los-dias-arqueados-luis-eduardo-barraza-2\/\"><em>Los d\u00edas arqueados<\/em> de Luis Eduardo Barraza<\/a><\/h2>\t\t\t\t<\/div>\n\t\t\t\t<\/div>\n\t\t\t\t<div class=\"elementor-element elementor-element-10022ad elementor-widget elementor-widget-heading\" data-id=\"10022ad\" data-element_type=\"widget\" data-e-type=\"widget\" data-widget_type=\"heading.default\">\n\t\t\t\t<div class=\"elementor-widget-container\">\n\t\t\t\t\t<div class=\"elementor-heading-title elementor-size-default\">Por   <a href=\"https:\/\/latinamericanliteraturetoday.org\/es\/reviewers\/arturo-gutierrez-plaza-es\/\" rel=\"tag\">Arturo Gutierrez-Plaza<\/a><\/div>\t\t\t\t<\/div>\n\t\t\t\t<\/div>\n\t\t\t\t\t<\/div>\n\t\t<\/div>\n\t\t\t\t\t<\/div>\n\t\t<\/section>\n\t\t\t\t\t<\/div>\n\t\t<\/div>\n\t\t\t\t\t<\/div>\n\t\t<\/section>\n\t\t\t\t<\/div>\n\t\t\t\t<\/article>\n\t\t\t\t<article id=\"post-5483\" class=\"elementor-post elementor-grid-item ecs-post-loop post-5483 book_review type-book_review status-publish has-post-thumbnail hentry tag-numero-2 review_sections-poesia reviewers-daniel-torres-es\">\n\t\t\t\t<div data-elementor-type=\"loop\" data-elementor-id=\"10256\" class=\"elementor elementor-10256 elementor-7212 elementor-7212 post-5483 book_review type-book_review status-publish has-post-thumbnail hentry tag-numero-2 review_sections-poesia reviewers-daniel-torres-es\" data-elementor-post-type=\"elementor_library\">\n\t\t\t\t\t<section class=\"has_ae_slider elementor-section elementor-top-section elementor-element elementor-element-2cb2d405 elementor-section-full_width elementor-section-height-default elementor-section-height-default ae-bg-gallery-type-default\" data-id=\"2cb2d405\" data-element_type=\"section\" data-e-type=\"section\">\n\t\t\t\t\t\t<div class=\"elementor-container elementor-column-gap-default\">\n\t\t\t\t\t<div class=\"has_ae_slider elementor-column elementor-col-100 elementor-top-column elementor-element elementor-element-4589e3dc ae-bg-gallery-type-default\" data-id=\"4589e3dc\" data-element_type=\"column\" data-e-type=\"column\">\n\t\t\t<div class=\"elementor-widget-wrap elementor-element-populated\">\n\t\t\t\t\t\t<section class=\"has_ae_slider elementor-section elementor-inner-section elementor-element elementor-element-b6430f8 elementor-section-full_width elementor-section-height-min-height elementor-section-height-default ae-bg-gallery-type-default\" data-id=\"b6430f8\" data-element_type=\"section\" data-e-type=\"section\">\n\t\t\t\t\t\t<div class=\"elementor-container elementor-column-gap-default\">\n\t\t\t\t\t<div class=\"has_ae_slider elementor-column elementor-col-100 elementor-inner-column elementor-element elementor-element-776c40e ae-bg-gallery-type-default\" data-id=\"776c40e\" data-element_type=\"column\" data-e-type=\"column\">\n\t\t\t<div class=\"elementor-widget-wrap elementor-element-populated\">\n\t\t\t\t\t\t<div class=\"elementor-element elementor-element-4abcf33c elementor-widget elementor-widget-theme-post-featured-image elementor-widget-image\" data-id=\"4abcf33c\" data-element_type=\"widget\" data-e-type=\"widget\" data-widget_type=\"theme-post-featured-image.default\">\n\t\t\t\t<div class=\"elementor-widget-container\">\n\t\t\t\t\t\t\t\t\t\t\t\t\t\t\t\t<a href=\"https:\/\/latinamericanliteraturetoday.org\/es\/rese\u00f1as\/el-arte-de-singar-pedro-antonio-valdez-2\/\">\n\t\t\t\t\t\t\t<img loading=\"lazy\" decoding=\"async\" width=\"300\" height=\"460\" src=\"https:\/\/latinamericanliteraturetoday.org\/wp-content\/uploads\/2017\/04\/el_arte_de_singar.jpg\" class=\"attachment-full size-full wp-image-5480\" alt=\"\" srcset=\"https:\/\/latinamericanliteraturetoday.org\/wp-content\/uploads\/2017\/04\/el_arte_de_singar.jpg 300w, https:\/\/latinamericanliteraturetoday.org\/wp-content\/uploads\/2017\/04\/el_arte_de_singar-196x300.jpg 196w\" sizes=\"(max-width: 300px) 100vw, 300px\" title=\"\">\t\t\t\t\t\t\t\t<\/a>\n\t\t\t\t\t\t\t\t\t\t\t\t\t\t\t<\/div>\n\t\t\t\t<\/div>\n\t\t\t\t\t<\/div>\n\t\t<\/div>\n\t\t\t\t\t<\/div>\n\t\t<\/section>\n\t\t\t\t<section class=\"has_ae_slider elementor-section elementor-inner-section elementor-element elementor-element-dab2261 elementor-section-full_width elementor-section-height-default elementor-section-height-default ae-bg-gallery-type-default\" data-id=\"dab2261\" data-element_type=\"section\" data-e-type=\"section\">\n\t\t\t\t\t\t<div class=\"elementor-container elementor-column-gap-default\">\n\t\t\t\t\t<div class=\"has_ae_slider elementor-column elementor-col-100 elementor-inner-column elementor-element elementor-element-5a82048 ae-bg-gallery-type-default\" data-id=\"5a82048\" data-element_type=\"column\" data-e-type=\"column\">\n\t\t\t<div class=\"elementor-widget-wrap elementor-element-populated\">\n\t\t\t\t\t\t<div class=\"elementor-element elementor-element-f2112f7 elementor-widget elementor-widget-heading\" data-id=\"f2112f7\" data-element_type=\"widget\" data-e-type=\"widget\" data-widget_type=\"heading.default\">\n\t\t\t\t<div class=\"elementor-widget-container\">\n\t\t\t\t\t<h2 class=\"elementor-heading-title elementor-size-default\"><a href=\"https:\/\/latinamericanliteraturetoday.org\/es\/rese\u00f1as\/el-arte-de-singar-pedro-antonio-valdez-2\/\"><em>El arte de singar<\/em> de Pedro Antonio V\u00e1ldez<\/a><\/h2>\t\t\t\t<\/div>\n\t\t\t\t<\/div>\n\t\t\t\t<div class=\"elementor-element elementor-element-10022ad elementor-widget elementor-widget-heading\" data-id=\"10022ad\" data-element_type=\"widget\" data-e-type=\"widget\" data-widget_type=\"heading.default\">\n\t\t\t\t<div class=\"elementor-widget-container\">\n\t\t\t\t\t<div class=\"elementor-heading-title elementor-size-default\">Por   <a href=\"https:\/\/latinamericanliteraturetoday.org\/es\/reviewers\/daniel-torres-es\/\" rel=\"tag\">Daniel Torres<\/a><\/div>\t\t\t\t<\/div>\n\t\t\t\t<\/div>\n\t\t\t\t\t<\/div>\n\t\t<\/div>\n\t\t\t\t\t<\/div>\n\t\t<\/section>\n\t\t\t\t\t<\/div>\n\t\t<\/div>\n\t\t\t\t\t<\/div>\n\t\t<\/section>\n\t\t\t\t<\/div>\n\t\t\t\t<\/article>\n\t\t\t\t<\/div>\n\t\t\t\t\t\t<\/div>\n\t\t\t\t<\/div>\n\t\t\t\t\t<\/div>\n\t\t<\/div>\n\t\t\t\t\t<\/div>\n\t\t<\/section>\n\t\t\t\t<\/div>\n\t\t","protected":false},"excerpt":{"rendered":"<p>El segundo n\u00famero de Latin American Literature Today destaca la literatura caribe\u00f1a y la literatura queer de alrededor de Am\u00e9rica Latina, con dossiers del escritor revolucionario chileno Pedro Lemebel y el autor mexicano Yuri Herrera, adem\u00e1s de una secci\u00f3n especial dedicada a las voces literarias de Cuba.<\/p>\n","protected":false},"featured_media":6518,"template":"","class_list":["post-9282","reviewslist","type-reviewslist","status-publish","has-post-thumbnail","hentry"],"acf":[],"_links":{"self":[{"href":"https:\/\/latinamericanliteraturetoday.org\/es\/wp-json\/wp\/v2\/reviewslist\/9282","targetHints":{"allow":["GET"]}}],"collection":[{"href":"https:\/\/latinamericanliteraturetoday.org\/es\/wp-json\/wp\/v2\/reviewslist"}],"about":[{"href":"https:\/\/latinamericanliteraturetoday.org\/es\/wp-json\/wp\/v2\/types\/reviewslist"}],"version-history":[{"count":0,"href":"https:\/\/latinamericanliteraturetoday.org\/es\/wp-json\/wp\/v2\/reviewslist\/9282\/revisions"}],"wp:featuredmedia":[{"embeddable":true,"href":"https:\/\/latinamericanliteraturetoday.org\/es\/wp-json\/wp\/v2\/media\/6518"}],"wp:attachment":[{"href":"https:\/\/latinamericanliteraturetoday.org\/es\/wp-json\/wp\/v2\/media?parent=9282"}],"curies":[{"name":"wp","href":"https:\/\/api.w.org\/{rel}","templated":true}]}}