{"id":27416,"date":"2023-09-20T15:01:07","date_gmt":"2023-09-20T21:01:07","guid":{"rendered":"https:\/\/latinamericanliteraturetoday.org\/reviewslist\/resenas-numero-27\/"},"modified":"2024-05-15T00:15:04","modified_gmt":"2024-05-15T06:15:04","slug":"resenas-numero-27","status":"publish","type":"reviewslist","link":"https:\/\/latinamericanliteraturetoday.org\/es\/lista\/resenas-numero-27\/","title":{"rendered":"Rese\u00f1as &#8211; N\u00famero 27"},"content":{"rendered":"\t\t<div data-elementor-type=\"wp-post\" data-elementor-id=\"27416\" class=\"elementor elementor-27416 elementor-27404\" data-elementor-post-type=\"reviewslist\">\n\t\t\t\t\t\t<section class=\"has_ae_slider elementor-section elementor-top-section elementor-element elementor-element-e0303c8 elementor-section-boxed elementor-section-height-default elementor-section-height-default ae-bg-gallery-type-default\" data-id=\"e0303c8\" data-element_type=\"section\" data-e-type=\"section\">\n\t\t\t\t\t\t<div class=\"elementor-container elementor-column-gap-default\">\n\t\t\t\t\t<div class=\"has_ae_slider elementor-column elementor-col-100 elementor-top-column elementor-element elementor-element-436e034 ae-bg-gallery-type-default\" data-id=\"436e034\" data-element_type=\"column\" data-e-type=\"column\">\n\t\t\t<div class=\"elementor-widget-wrap elementor-element-populated\">\n\t\t\t\t\t\t<div class=\"elementor-element elementor-element-70da83a elementor-widget elementor-widget-heading\" data-id=\"70da83a\" data-element_type=\"widget\" data-e-type=\"widget\" data-widget_type=\"heading.default\">\n\t\t\t\t<div class=\"elementor-widget-container\">\n\t\t\t\t\t<span class=\"elementor-heading-title elementor-size-default\">N\u00daMERO 27<\/span>\t\t\t\t<\/div>\n\t\t\t\t<\/div>\n\t\t\t\t<div class=\"elementor-element elementor-element-2521da2 elementor-widget elementor-widget-heading\" data-id=\"2521da2\" data-element_type=\"widget\" data-e-type=\"widget\" data-widget_type=\"heading.default\">\n\t\t\t\t<div class=\"elementor-widget-container\">\n\t\t\t\t\t<h1 class=\"elementor-heading-title elementor-size-default\">Rese\u00f1as<\/h1>\t\t\t\t<\/div>\n\t\t\t\t<\/div>\n\t\t\t\t<div class=\"elementor-element elementor-element-fb36f95 elementor-post-navigation-borders-yes elementor-widget elementor-widget-post-navigation\" data-id=\"fb36f95\" data-element_type=\"widget\" data-e-type=\"widget\" data-widget_type=\"post-navigation.default\">\n\t\t\t\t<div class=\"elementor-widget-container\">\n\t\t\t\t\t\t\t<div class=\"elementor-post-navigation\" role=\"navigation\" aria-label=\"Post Navigation\">\n\t\t\t<div class=\"elementor-post-navigation__prev elementor-post-navigation__link\">\n\t\t\t\t<a href=\"https:\/\/latinamericanliteraturetoday.org\/es\/lista\/resenas-numero-26\/\" rel=\"prev\"><span class=\"post-navigation__arrow-wrapper post-navigation__arrow-prev\"><svg aria-hidden=\"true\" class=\"e-font-icon-svg e-fas-angle-left\" viewBox=\"0 0 256 512\" xmlns=\"http:\/\/www.w3.org\/2000\/svg\"><path d=\"M31.7 239l136-136c9.4-9.4 24.6-9.4 33.9 0l22.6 22.6c9.4 9.4 9.4 24.6 0 33.9L127.9 256l96.4 96.4c9.4 9.4 9.4 24.6 0 33.9L201.7 409c-9.4 9.4-24.6 9.4-33.9 0l-136-136c-9.5-9.4-9.5-24.6-.1-34z\"><\/path><\/svg><span class=\"elementor-screen-only\">Prev<\/span><\/span><span class=\"elementor-post-navigation__link__prev\"><span class=\"post-navigation__prev--label\">Anterior<\/span><span class=\"post-navigation__prev--title\">Rese\u00f1as &#8211; N\u00famero 26<\/span><\/span><\/a>\t\t\t<\/div>\n\t\t\t\t\t\t\t<div class=\"elementor-post-navigation__separator-wrapper\">\n\t\t\t\t\t<div class=\"elementor-post-navigation__separator\"><\/div>\n\t\t\t\t<\/div>\n\t\t\t\t\t\t<div class=\"elementor-post-navigation__next elementor-post-navigation__link\">\n\t\t\t\t<a href=\"https:\/\/latinamericanliteraturetoday.org\/es\/lista\/resenas-numero-28\/\" rel=\"next\"><span class=\"elementor-post-navigation__link__next\"><span class=\"post-navigation__next--label\">Siguiente<\/span><span class=\"post-navigation__next--title\">Rese\u00f1as &#8211; N\u00famero 28<\/span><\/span><span class=\"post-navigation__arrow-wrapper post-navigation__arrow-next\"><svg aria-hidden=\"true\" class=\"e-font-icon-svg e-fas-angle-right\" viewBox=\"0 0 256 512\" xmlns=\"http:\/\/www.w3.org\/2000\/svg\"><path d=\"M224.3 273l-136 136c-9.4 9.4-24.6 9.4-33.9 0l-22.6-22.6c-9.4-9.4-9.4-24.6 0-33.9l96.4-96.4-96.4-96.4c-9.4-9.4-9.4-24.6 0-33.9L54.3 103c9.4-9.4 24.6-9.4 33.9 0l136 136c9.5 9.4 9.5 24.6.1 34z\"><\/path><\/svg><span class=\"elementor-screen-only\">Next<\/span><\/span><\/a>\t\t\t<\/div>\n\t\t<\/div>\n\t\t\t\t\t\t<\/div>\n\t\t\t\t<\/div>\n\t\t\t\t\t<\/div>\n\t\t<\/div>\n\t\t\t\t\t<\/div>\n\t\t<\/section>\n\t\t\t\t<section class=\"has_ae_slider elementor-section elementor-top-section elementor-element elementor-element-69fd7cc elementor-section-boxed elementor-section-height-default elementor-section-height-default ae-bg-gallery-type-default\" data-id=\"69fd7cc\" data-element_type=\"section\" data-e-type=\"section\">\n\t\t\t\t\t\t<div class=\"elementor-container elementor-column-gap-default\">\n\t\t\t\t\t<div class=\"has_ae_slider elementor-column elementor-col-33 elementor-top-column elementor-element elementor-element-dec364f ae-bg-gallery-type-default\" data-id=\"dec364f\" data-element_type=\"column\" data-e-type=\"column\">\n\t\t\t<div class=\"elementor-widget-wrap elementor-element-populated\">\n\t\t\t\t\t\t<section class=\"has_ae_slider elementor-section elementor-inner-section elementor-element elementor-element-98d0145 elementor-section-boxed elementor-section-height-default elementor-section-height-default ae-bg-gallery-type-default\" data-id=\"98d0145\" data-element_type=\"section\" data-e-type=\"section\" data-settings=\"{&quot;sticky&quot;:&quot;top&quot;,&quot;sticky_on&quot;:[&quot;widescreen&quot;,&quot;desktop&quot;,&quot;laptop&quot;,&quot;tablet_extra&quot;,&quot;tablet&quot;,&quot;mobile_extra&quot;],&quot;sticky_offset&quot;:100,&quot;sticky_effects_offset&quot;:100,&quot;sticky_parent&quot;:&quot;yes&quot;,&quot;sticky_anchor_link_offset&quot;:0}\">\n\t\t\t\t\t\t<div class=\"elementor-container elementor-column-gap-default\">\n\t\t\t\t\t<div class=\"has_ae_slider elementor-column elementor-col-100 elementor-inner-column elementor-element elementor-element-97953da ae-bg-gallery-type-default\" data-id=\"97953da\" data-element_type=\"column\" data-e-type=\"column\">\n\t\t\t<div class=\"elementor-widget-wrap elementor-element-populated\">\n\t\t\t\t\t\t<div class=\"elementor-element elementor-element-88dd47d elementor-widget elementor-widget-image\" data-id=\"88dd47d\" data-element_type=\"widget\" data-e-type=\"widget\" data-widget_type=\"image.default\">\n\t\t\t\t<div class=\"elementor-widget-container\">\n\t\t\t\t\t\t\t\t\t\t\t\t\t\t\t<img fetchpriority=\"high\" decoding=\"async\" width=\"800\" height=\"1003\" src=\"https:\/\/latinamericanliteraturetoday.org\/wp-content\/uploads\/2023\/09\/Portada_LALT-Nro.-27-817x1024.jpg\" class=\"attachment-large size-large wp-image-27407\" alt=\"LALT Nro N\u00famero 27\" srcset=\"https:\/\/latinamericanliteraturetoday.org\/wp-content\/uploads\/2023\/09\/Portada_LALT-Nro.-27-817x1024.jpg 817w, https:\/\/latinamericanliteraturetoday.org\/wp-content\/uploads\/2023\/09\/Portada_LALT-Nro.-27-239x300.jpg 239w, https:\/\/latinamericanliteraturetoday.org\/wp-content\/uploads\/2023\/09\/Portada_LALT-Nro.-27-768x963.jpg 768w, https:\/\/latinamericanliteraturetoday.org\/wp-content\/uploads\/2023\/09\/Portada_LALT-Nro.-27.jpg 1200w\" sizes=\"(max-width: 800px) 100vw, 800px\" title=\"\">\t\t\t\t\t\t\t\t\t\t\t\t\t\t\t<\/div>\n\t\t\t\t<\/div>\n\t\t\t\t<div class=\"elementor-element elementor-element-d8ab1e4 elementor-widget__width-auto elementor-widget elementor-widget-heading\" data-id=\"d8ab1e4\" data-element_type=\"widget\" data-e-type=\"widget\" data-widget_type=\"heading.default\">\n\t\t\t\t<div class=\"elementor-widget-container\">\n\t\t\t\t\t<span class=\"elementor-heading-title elementor-size-default\">N\u00daMERO 27.<br>SEPTIEMBRE, 2023<\/span>\t\t\t\t<\/div>\n\t\t\t\t<\/div>\n\t\t\t\t<div class=\"elementor-element elementor-element-6ddceea elementor-widget elementor-widget-text-editor\" data-id=\"6ddceea\" data-element_type=\"widget\" data-e-type=\"widget\" data-widget_type=\"text-editor.default\">\n\t\t\t\t<div class=\"elementor-widget-container\">\n\t\t\t\t\t\t\t\t\tEn nuestro n\u00famero veintisiete, la poes\u00eda es el protagonista, con un dossier de portada dedicado al innovador poeta peruano Carlos Germ\u00e1n Belli m\u00e1s un dossier en homenaje al reconocido poeta maya k\u2019iche\u2019 Humberto Ak\u2019abal. Destacamos la obra de Dubravka Ugre\u0161i\u0107, ganadora del Premio Neustadt 2016, en nuestra secci\u00f3n de literatura mundial de World Literature Today, y en la secci\u00f3n de Literatura Ind\u00edgena presentamos una selecci\u00f3n especial de textos multiling\u00fces de la nueva antolog\u00eda Hijas de Am\u00e9rica Latina. Este n\u00famero tambi\u00e9n incluye adelantos de nuevos libros en traducci\u00f3n del artista brasile\u00f1o H\u00e9lio Oiticica y el escritor mexicano Luis Felipe Fabre, adem\u00e1s de una reflexi\u00f3n sobre la traducci\u00f3n de Robin Myers y fragmentos de fascinantes libros en busca de editorial de Leonardo Valente y John Templanza Better.\t\t\t\t\t\t\t\t<\/div>\n\t\t\t\t<\/div>\n\t\t\t\t<div class=\"elementor-element elementor-element-603d675 elementor-align-justify elementor-widget elementor-widget-button\" data-id=\"603d675\" data-element_type=\"widget\" data-e-type=\"widget\" data-widget_type=\"button.default\">\n\t\t\t\t<div class=\"elementor-widget-container\">\n\t\t\t\t\t\t\t\t\t<div class=\"elementor-button-wrapper\">\n\t\t\t\t\t<a class=\"elementor-button elementor-button-link elementor-size-sm\" href=\"https:\/\/latinamericanliteraturetoday.org\/es\/numero\/numero-27\/\">\n\t\t\t\t\t\t<span class=\"elementor-button-content-wrapper\">\n\t\t\t\t\t\t<span class=\"elementor-button-icon\">\n\t\t\t\t<svg aria-hidden=\"true\" class=\"e-font-icon-svg e-fas-arrow-right\" viewBox=\"0 0 448 512\" xmlns=\"http:\/\/www.w3.org\/2000\/svg\"><path d=\"M190.5 66.9l22.2-22.2c9.4-9.4 24.6-9.4 33.9 0L441 239c9.4 9.4 9.4 24.6 0 33.9L246.6 467.3c-9.4 9.4-24.6 9.4-33.9 0l-22.2-22.2c-9.5-9.5-9.3-25 .4-34.3L311.4 296H24c-13.3 0-24-10.7-24-24v-32c0-13.3 10.7-24 24-24h287.4L190.9 101.2c-9.8-9.3-10-24.8-.4-34.3z\"><\/path><\/svg>\t\t\t<\/span>\n\t\t\t\t\t\t\t\t\t<span class=\"elementor-button-text\">TABLA DE CONTENIDOS<\/span>\n\t\t\t\t\t<\/span>\n\t\t\t\t\t<\/a>\n\t\t\t\t<\/div>\n\t\t\t\t\t\t\t\t<\/div>\n\t\t\t\t<\/div>\n\t\t\t\t\t<\/div>\n\t\t<\/div>\n\t\t\t\t\t<\/div>\n\t\t<\/section>\n\t\t\t\t\t<\/div>\n\t\t<\/div>\n\t\t\t\t<div class=\"has_ae_slider elementor-column elementor-col-66 elementor-top-column elementor-element elementor-element-17a93cc ae-bg-gallery-type-default\" data-id=\"17a93cc\" data-element_type=\"column\" data-e-type=\"column\">\n\t\t\t<div class=\"elementor-widget-wrap elementor-element-populated\">\n\t\t\t\t\t\t<div class=\"elementor-element elementor-element-c088ed6 elementor-grid-2 elementor-grid-mobile-2 elementor-posts--align-left elementor-posts--thumbnail-top elementor-grid-tablet-2 elementor-widget elementor-widget-posts\" data-id=\"c088ed6\" data-element_type=\"widget\" data-e-type=\"widget\" data-settings=\"{&quot;custom_columns&quot;:&quot;2&quot;,&quot;custom_row_gap&quot;:{&quot;unit&quot;:&quot;px&quot;,&quot;size&quot;:20,&quot;sizes&quot;:[]},&quot;custom_columns_mobile&quot;:&quot;2&quot;,&quot;custom_columns_tablet&quot;:&quot;2&quot;,&quot;custom_row_gap_widescreen&quot;:{&quot;unit&quot;:&quot;px&quot;,&quot;size&quot;:&quot;&quot;,&quot;sizes&quot;:[]},&quot;custom_row_gap_laptop&quot;:{&quot;unit&quot;:&quot;px&quot;,&quot;size&quot;:&quot;&quot;,&quot;sizes&quot;:[]},&quot;custom_row_gap_tablet_extra&quot;:{&quot;unit&quot;:&quot;px&quot;,&quot;size&quot;:&quot;&quot;,&quot;sizes&quot;:[]},&quot;custom_row_gap_tablet&quot;:{&quot;unit&quot;:&quot;px&quot;,&quot;size&quot;:&quot;&quot;,&quot;sizes&quot;:[]},&quot;custom_row_gap_mobile_extra&quot;:{&quot;unit&quot;:&quot;px&quot;,&quot;size&quot;:&quot;&quot;,&quot;sizes&quot;:[]},&quot;custom_row_gap_mobile&quot;:{&quot;unit&quot;:&quot;px&quot;,&quot;size&quot;:&quot;&quot;,&quot;sizes&quot;:[]}}\" data-widget_type=\"posts.custom\">\n\t\t\t\t<div class=\"elementor-widget-container\">\n\t\t\t\t\t      <div class=\"ecs-posts elementor-posts-container elementor-posts   elementor-grid elementor-posts--skin-custom\" data-settings=\"{&quot;current_page&quot;:1,&quot;max_num_pages&quot;:1,&quot;load_method&quot;:&quot;&quot;,&quot;widget_id&quot;:&quot;c088ed6&quot;,&quot;post_id&quot;:27416,&quot;theme_id&quot;:27416,&quot;change_url&quot;:false,&quot;reinit_js&quot;:false}\">\n      \t\t<article id=\"post-26691\" class=\"elementor-post elementor-grid-item ecs-post-loop post-26691 book_review type-book_review status-publish has-post-thumbnail hentry tag-numero-27-es review_sections-poesia reviewers-geraudi-gonzalez-olivares-es\">\n\t\t\t\t<div data-elementor-type=\"loop\" data-elementor-id=\"10256\" class=\"elementor elementor-10256 elementor-7212 elementor-7212 post-26691 book_review type-book_review status-publish has-post-thumbnail hentry tag-numero-27-es review_sections-poesia reviewers-geraudi-gonzalez-olivares-es\" data-elementor-post-type=\"elementor_library\">\n\t\t\t\t\t<section class=\"has_ae_slider elementor-section elementor-top-section elementor-element elementor-element-2cb2d405 elementor-section-full_width elementor-section-height-default elementor-section-height-default ae-bg-gallery-type-default\" data-id=\"2cb2d405\" data-element_type=\"section\" data-e-type=\"section\">\n\t\t\t\t\t\t<div class=\"elementor-container elementor-column-gap-default\">\n\t\t\t\t\t<div class=\"has_ae_slider elementor-column elementor-col-100 elementor-top-column elementor-element elementor-element-4589e3dc ae-bg-gallery-type-default\" data-id=\"4589e3dc\" data-element_type=\"column\" data-e-type=\"column\">\n\t\t\t<div class=\"elementor-widget-wrap elementor-element-populated\">\n\t\t\t\t\t\t<section class=\"has_ae_slider elementor-section elementor-inner-section elementor-element elementor-element-b6430f8 elementor-section-full_width elementor-section-height-min-height elementor-section-height-default ae-bg-gallery-type-default\" data-id=\"b6430f8\" data-element_type=\"section\" data-e-type=\"section\">\n\t\t\t\t\t\t<div class=\"elementor-container elementor-column-gap-default\">\n\t\t\t\t\t<div class=\"has_ae_slider elementor-column elementor-col-100 elementor-inner-column elementor-element elementor-element-776c40e ae-bg-gallery-type-default\" data-id=\"776c40e\" data-element_type=\"column\" data-e-type=\"column\">\n\t\t\t<div class=\"elementor-widget-wrap elementor-element-populated\">\n\t\t\t\t\t\t<div class=\"elementor-element elementor-element-4abcf33c elementor-widget elementor-widget-theme-post-featured-image elementor-widget-image\" data-id=\"4abcf33c\" data-element_type=\"widget\" data-e-type=\"widget\" data-widget_type=\"theme-post-featured-image.default\">\n\t\t\t\t<div class=\"elementor-widget-container\">\n\t\t\t\t\t\t\t\t\t\t\t\t\t\t\t\t<a href=\"https:\/\/latinamericanliteraturetoday.org\/es\/rese\u00f1as\/hambre-nueva-new-hunger-by-carlos-a-colon-ruiz\/\">\n\t\t\t\t\t\t\t<img decoding=\"async\" width=\"625\" height=\"1000\" src=\"https:\/\/latinamericanliteraturetoday.org\/wp-content\/uploads\/2023\/09\/Hambre-nueva.jpg\" class=\"attachment-full size-full wp-image-27183\" alt=\"\" srcset=\"https:\/\/latinamericanliteraturetoday.org\/wp-content\/uploads\/2023\/09\/Hambre-nueva.jpg 625w, https:\/\/latinamericanliteraturetoday.org\/wp-content\/uploads\/2023\/09\/Hambre-nueva-188x300.jpg 188w\" sizes=\"(max-width: 625px) 100vw, 625px\" title=\"\">\t\t\t\t\t\t\t\t<\/a>\n\t\t\t\t\t\t\t\t\t\t\t\t\t\t\t<\/div>\n\t\t\t\t<\/div>\n\t\t\t\t\t<\/div>\n\t\t<\/div>\n\t\t\t\t\t<\/div>\n\t\t<\/section>\n\t\t\t\t<section class=\"has_ae_slider elementor-section elementor-inner-section elementor-element elementor-element-dab2261 elementor-section-full_width elementor-section-height-default elementor-section-height-default ae-bg-gallery-type-default\" data-id=\"dab2261\" data-element_type=\"section\" data-e-type=\"section\">\n\t\t\t\t\t\t<div class=\"elementor-container elementor-column-gap-default\">\n\t\t\t\t\t<div class=\"has_ae_slider elementor-column elementor-col-100 elementor-inner-column elementor-element elementor-element-5a82048 ae-bg-gallery-type-default\" data-id=\"5a82048\" data-element_type=\"column\" data-e-type=\"column\">\n\t\t\t<div class=\"elementor-widget-wrap elementor-element-populated\">\n\t\t\t\t\t\t<div class=\"elementor-element elementor-element-f2112f7 elementor-widget elementor-widget-heading\" data-id=\"f2112f7\" data-element_type=\"widget\" data-e-type=\"widget\" data-widget_type=\"heading.default\">\n\t\t\t\t<div class=\"elementor-widget-container\">\n\t\t\t\t\t<h2 class=\"elementor-heading-title elementor-size-default\"><a href=\"https:\/\/latinamericanliteraturetoday.org\/es\/rese\u00f1as\/hambre-nueva-new-hunger-by-carlos-a-colon-ruiz\/\"><i>Hambre nueva\/New Hunger<\/i> de Carlos A. Col\u00f3n Ruiz<\/a><\/h2>\t\t\t\t<\/div>\n\t\t\t\t<\/div>\n\t\t\t\t<div class=\"elementor-element elementor-element-10022ad elementor-widget elementor-widget-heading\" data-id=\"10022ad\" data-element_type=\"widget\" data-e-type=\"widget\" data-widget_type=\"heading.default\">\n\t\t\t\t<div class=\"elementor-widget-container\">\n\t\t\t\t\t<div class=\"elementor-heading-title elementor-size-default\">Por   <a href=\"https:\/\/latinamericanliteraturetoday.org\/es\/reviewers\/geraudi-gonzalez-olivares-es\/\" rel=\"tag\">Geraud\u00ed Gonz\u00e1lez Olivares<\/a><\/div>\t\t\t\t<\/div>\n\t\t\t\t<\/div>\n\t\t\t\t\t<\/div>\n\t\t<\/div>\n\t\t\t\t\t<\/div>\n\t\t<\/section>\n\t\t\t\t\t<\/div>\n\t\t<\/div>\n\t\t\t\t\t<\/div>\n\t\t<\/section>\n\t\t\t\t<\/div>\n\t\t\t\t<\/article>\n\t\t\t\t<article id=\"post-26728\" class=\"elementor-post elementor-grid-item ecs-post-loop post-26728 book_review type-book_review status-publish has-post-thumbnail hentry tag-numero-27-es review_sections-poesia reviewers-daniel-arella-2\">\n\t\t\t\t<div data-elementor-type=\"loop\" data-elementor-id=\"10256\" class=\"elementor elementor-10256 elementor-7212 elementor-7212 post-26728 book_review type-book_review status-publish has-post-thumbnail hentry tag-numero-27-es review_sections-poesia reviewers-daniel-arella-2\" data-elementor-post-type=\"elementor_library\">\n\t\t\t\t\t<section class=\"has_ae_slider elementor-section elementor-top-section elementor-element elementor-element-2cb2d405 elementor-section-full_width elementor-section-height-default elementor-section-height-default ae-bg-gallery-type-default\" data-id=\"2cb2d405\" data-element_type=\"section\" data-e-type=\"section\">\n\t\t\t\t\t\t<div class=\"elementor-container elementor-column-gap-default\">\n\t\t\t\t\t<div class=\"has_ae_slider elementor-column elementor-col-100 elementor-top-column elementor-element elementor-element-4589e3dc ae-bg-gallery-type-default\" data-id=\"4589e3dc\" data-element_type=\"column\" data-e-type=\"column\">\n\t\t\t<div class=\"elementor-widget-wrap elementor-element-populated\">\n\t\t\t\t\t\t<section class=\"has_ae_slider elementor-section elementor-inner-section elementor-element elementor-element-b6430f8 elementor-section-full_width elementor-section-height-min-height elementor-section-height-default ae-bg-gallery-type-default\" data-id=\"b6430f8\" data-element_type=\"section\" data-e-type=\"section\">\n\t\t\t\t\t\t<div class=\"elementor-container elementor-column-gap-default\">\n\t\t\t\t\t<div class=\"has_ae_slider elementor-column elementor-col-100 elementor-inner-column elementor-element elementor-element-776c40e ae-bg-gallery-type-default\" data-id=\"776c40e\" data-element_type=\"column\" data-e-type=\"column\">\n\t\t\t<div class=\"elementor-widget-wrap elementor-element-populated\">\n\t\t\t\t\t\t<div class=\"elementor-element elementor-element-4abcf33c elementor-widget elementor-widget-theme-post-featured-image elementor-widget-image\" data-id=\"4abcf33c\" data-element_type=\"widget\" data-e-type=\"widget\" data-widget_type=\"theme-post-featured-image.default\">\n\t\t\t\t<div class=\"elementor-widget-container\">\n\t\t\t\t\t\t\t\t\t\t\t\t\t\t\t\t<a href=\"https:\/\/latinamericanliteraturetoday.org\/es\/rese\u00f1as\/temporal-obra-reunida-de-ramon-cote-baraibar\/\">\n\t\t\t\t\t\t\t<img decoding=\"async\" width=\"312\" height=\"476\" src=\"https:\/\/latinamericanliteraturetoday.org\/wp-content\/uploads\/2023\/09\/Portada_Temporal_-Obra-reunida.jpg\" class=\"attachment-full size-full wp-image-27205\" alt=\"\" srcset=\"https:\/\/latinamericanliteraturetoday.org\/wp-content\/uploads\/2023\/09\/Portada_Temporal_-Obra-reunida.jpg 312w, https:\/\/latinamericanliteraturetoday.org\/wp-content\/uploads\/2023\/09\/Portada_Temporal_-Obra-reunida-197x300.jpg 197w\" sizes=\"(max-width: 312px) 100vw, 312px\" title=\"\">\t\t\t\t\t\t\t\t<\/a>\n\t\t\t\t\t\t\t\t\t\t\t\t\t\t\t<\/div>\n\t\t\t\t<\/div>\n\t\t\t\t\t<\/div>\n\t\t<\/div>\n\t\t\t\t\t<\/div>\n\t\t<\/section>\n\t\t\t\t<section class=\"has_ae_slider elementor-section elementor-inner-section elementor-element elementor-element-dab2261 elementor-section-full_width elementor-section-height-default elementor-section-height-default ae-bg-gallery-type-default\" data-id=\"dab2261\" data-element_type=\"section\" data-e-type=\"section\">\n\t\t\t\t\t\t<div class=\"elementor-container elementor-column-gap-default\">\n\t\t\t\t\t<div class=\"has_ae_slider elementor-column elementor-col-100 elementor-inner-column elementor-element elementor-element-5a82048 ae-bg-gallery-type-default\" data-id=\"5a82048\" data-element_type=\"column\" data-e-type=\"column\">\n\t\t\t<div class=\"elementor-widget-wrap elementor-element-populated\">\n\t\t\t\t\t\t<div class=\"elementor-element elementor-element-f2112f7 elementor-widget elementor-widget-heading\" data-id=\"f2112f7\" data-element_type=\"widget\" data-e-type=\"widget\" data-widget_type=\"heading.default\">\n\t\t\t\t<div class=\"elementor-widget-container\">\n\t\t\t\t\t<h2 class=\"elementor-heading-title elementor-size-default\"><a href=\"https:\/\/latinamericanliteraturetoday.org\/es\/rese\u00f1as\/temporal-obra-reunida-de-ramon-cote-baraibar\/\"><i>Temporal. Obra reunida<\/i> de Ram\u00f3n Cote Baraibar<\/a><\/h2>\t\t\t\t<\/div>\n\t\t\t\t<\/div>\n\t\t\t\t<div class=\"elementor-element elementor-element-10022ad elementor-widget elementor-widget-heading\" data-id=\"10022ad\" data-element_type=\"widget\" data-e-type=\"widget\" data-widget_type=\"heading.default\">\n\t\t\t\t<div class=\"elementor-widget-container\">\n\t\t\t\t\t<div class=\"elementor-heading-title elementor-size-default\">Por   <a href=\"https:\/\/latinamericanliteraturetoday.org\/es\/reviewers\/daniel-arella-2\/\" rel=\"tag\">Daniel Arella<\/a><\/div>\t\t\t\t<\/div>\n\t\t\t\t<\/div>\n\t\t\t\t\t<\/div>\n\t\t<\/div>\n\t\t\t\t\t<\/div>\n\t\t<\/section>\n\t\t\t\t\t<\/div>\n\t\t<\/div>\n\t\t\t\t\t<\/div>\n\t\t<\/section>\n\t\t\t\t<\/div>\n\t\t\t\t<\/article>\n\t\t\t\t<article id=\"post-26699\" class=\"elementor-post elementor-grid-item ecs-post-loop post-26699 book_review type-book_review status-publish has-post-thumbnail hentry tag-numero-27-es review_sections-ficcion reviewers-diana-andrade-melgarejo-2 translator-daiana-e-diaz\">\n\t\t\t\t<div data-elementor-type=\"loop\" data-elementor-id=\"10256\" class=\"elementor elementor-10256 elementor-7212 elementor-7212 post-26699 book_review type-book_review status-publish has-post-thumbnail hentry tag-numero-27-es review_sections-ficcion reviewers-diana-andrade-melgarejo-2 translator-daiana-e-diaz\" data-elementor-post-type=\"elementor_library\">\n\t\t\t\t\t<section class=\"has_ae_slider elementor-section elementor-top-section elementor-element elementor-element-2cb2d405 elementor-section-full_width elementor-section-height-default elementor-section-height-default ae-bg-gallery-type-default\" data-id=\"2cb2d405\" data-element_type=\"section\" data-e-type=\"section\">\n\t\t\t\t\t\t<div class=\"elementor-container elementor-column-gap-default\">\n\t\t\t\t\t<div class=\"has_ae_slider elementor-column elementor-col-100 elementor-top-column elementor-element elementor-element-4589e3dc ae-bg-gallery-type-default\" data-id=\"4589e3dc\" data-element_type=\"column\" data-e-type=\"column\">\n\t\t\t<div class=\"elementor-widget-wrap elementor-element-populated\">\n\t\t\t\t\t\t<section class=\"has_ae_slider elementor-section elementor-inner-section elementor-element elementor-element-b6430f8 elementor-section-full_width elementor-section-height-min-height elementor-section-height-default ae-bg-gallery-type-default\" data-id=\"b6430f8\" data-element_type=\"section\" data-e-type=\"section\">\n\t\t\t\t\t\t<div class=\"elementor-container elementor-column-gap-default\">\n\t\t\t\t\t<div class=\"has_ae_slider elementor-column elementor-col-100 elementor-inner-column elementor-element elementor-element-776c40e ae-bg-gallery-type-default\" data-id=\"776c40e\" data-element_type=\"column\" data-e-type=\"column\">\n\t\t\t<div class=\"elementor-widget-wrap elementor-element-populated\">\n\t\t\t\t\t\t<div class=\"elementor-element elementor-element-4abcf33c elementor-widget elementor-widget-theme-post-featured-image elementor-widget-image\" data-id=\"4abcf33c\" data-element_type=\"widget\" data-e-type=\"widget\" data-widget_type=\"theme-post-featured-image.default\">\n\t\t\t\t<div class=\"elementor-widget-container\">\n\t\t\t\t\t\t\t\t\t\t\t\t\t\t\t\t<a href=\"https:\/\/latinamericanliteraturetoday.org\/es\/rese\u00f1as\/imagina-que-rompes-todo-de-lina-munar-guevara\/\">\n\t\t\t\t\t\t\t<img loading=\"lazy\" decoding=\"async\" width=\"385\" height=\"533\" src=\"https:\/\/latinamericanliteraturetoday.org\/wp-content\/uploads\/2023\/09\/Portada_Imagina-que-rompes-todo.jpg\" class=\"attachment-full size-full wp-image-27197\" alt=\"\" srcset=\"https:\/\/latinamericanliteraturetoday.org\/wp-content\/uploads\/2023\/09\/Portada_Imagina-que-rompes-todo.jpg 385w, https:\/\/latinamericanliteraturetoday.org\/wp-content\/uploads\/2023\/09\/Portada_Imagina-que-rompes-todo-217x300.jpg 217w\" sizes=\"(max-width: 385px) 100vw, 385px\" title=\"\">\t\t\t\t\t\t\t\t<\/a>\n\t\t\t\t\t\t\t\t\t\t\t\t\t\t\t<\/div>\n\t\t\t\t<\/div>\n\t\t\t\t\t<\/div>\n\t\t<\/div>\n\t\t\t\t\t<\/div>\n\t\t<\/section>\n\t\t\t\t<section class=\"has_ae_slider elementor-section elementor-inner-section elementor-element elementor-element-dab2261 elementor-section-full_width elementor-section-height-default elementor-section-height-default ae-bg-gallery-type-default\" data-id=\"dab2261\" data-element_type=\"section\" data-e-type=\"section\">\n\t\t\t\t\t\t<div class=\"elementor-container elementor-column-gap-default\">\n\t\t\t\t\t<div class=\"has_ae_slider elementor-column elementor-col-100 elementor-inner-column elementor-element elementor-element-5a82048 ae-bg-gallery-type-default\" data-id=\"5a82048\" data-element_type=\"column\" data-e-type=\"column\">\n\t\t\t<div class=\"elementor-widget-wrap elementor-element-populated\">\n\t\t\t\t\t\t<div class=\"elementor-element elementor-element-f2112f7 elementor-widget elementor-widget-heading\" data-id=\"f2112f7\" data-element_type=\"widget\" data-e-type=\"widget\" data-widget_type=\"heading.default\">\n\t\t\t\t<div class=\"elementor-widget-container\">\n\t\t\t\t\t<h2 class=\"elementor-heading-title elementor-size-default\"><a href=\"https:\/\/latinamericanliteraturetoday.org\/es\/rese\u00f1as\/imagina-que-rompes-todo-de-lina-munar-guevara\/\"><i>Imagina que rompes todo<\/i> de Lina Munar Guevara<\/a><\/h2>\t\t\t\t<\/div>\n\t\t\t\t<\/div>\n\t\t\t\t<div class=\"elementor-element elementor-element-10022ad elementor-widget elementor-widget-heading\" data-id=\"10022ad\" data-element_type=\"widget\" data-e-type=\"widget\" data-widget_type=\"heading.default\">\n\t\t\t\t<div class=\"elementor-widget-container\">\n\t\t\t\t\t<div class=\"elementor-heading-title elementor-size-default\">Por   <a href=\"https:\/\/latinamericanliteraturetoday.org\/es\/reviewers\/diana-andrade-melgarejo-2\/\" rel=\"tag\">Diana Andrade Melgarejo<\/a><\/div>\t\t\t\t<\/div>\n\t\t\t\t<\/div>\n\t\t\t\t\t<\/div>\n\t\t<\/div>\n\t\t\t\t\t<\/div>\n\t\t<\/section>\n\t\t\t\t\t<\/div>\n\t\t<\/div>\n\t\t\t\t\t<\/div>\n\t\t<\/section>\n\t\t\t\t<\/div>\n\t\t\t\t<\/article>\n\t\t\t\t<article id=\"post-26707\" class=\"elementor-post elementor-grid-item ecs-post-loop post-26707 book_review type-book_review status-publish has-post-thumbnail hentry tag-numero-27-es review_sections-poesia reviewers-camilo-fernandez-cozman-2\">\n\t\t\t\t<div data-elementor-type=\"loop\" data-elementor-id=\"10256\" class=\"elementor elementor-10256 elementor-7212 elementor-7212 post-26707 book_review type-book_review status-publish has-post-thumbnail hentry tag-numero-27-es review_sections-poesia reviewers-camilo-fernandez-cozman-2\" data-elementor-post-type=\"elementor_library\">\n\t\t\t\t\t<section class=\"has_ae_slider elementor-section elementor-top-section elementor-element elementor-element-2cb2d405 elementor-section-full_width elementor-section-height-default elementor-section-height-default ae-bg-gallery-type-default\" data-id=\"2cb2d405\" data-element_type=\"section\" data-e-type=\"section\">\n\t\t\t\t\t\t<div class=\"elementor-container elementor-column-gap-default\">\n\t\t\t\t\t<div class=\"has_ae_slider elementor-column elementor-col-100 elementor-top-column elementor-element elementor-element-4589e3dc ae-bg-gallery-type-default\" data-id=\"4589e3dc\" data-element_type=\"column\" data-e-type=\"column\">\n\t\t\t<div class=\"elementor-widget-wrap elementor-element-populated\">\n\t\t\t\t\t\t<section class=\"has_ae_slider elementor-section elementor-inner-section elementor-element elementor-element-b6430f8 elementor-section-full_width elementor-section-height-min-height elementor-section-height-default ae-bg-gallery-type-default\" data-id=\"b6430f8\" data-element_type=\"section\" data-e-type=\"section\">\n\t\t\t\t\t\t<div class=\"elementor-container elementor-column-gap-default\">\n\t\t\t\t\t<div class=\"has_ae_slider elementor-column elementor-col-100 elementor-inner-column elementor-element elementor-element-776c40e ae-bg-gallery-type-default\" data-id=\"776c40e\" data-element_type=\"column\" data-e-type=\"column\">\n\t\t\t<div class=\"elementor-widget-wrap elementor-element-populated\">\n\t\t\t\t\t\t<div class=\"elementor-element elementor-element-4abcf33c elementor-widget elementor-widget-theme-post-featured-image elementor-widget-image\" data-id=\"4abcf33c\" data-element_type=\"widget\" data-e-type=\"widget\" data-widget_type=\"theme-post-featured-image.default\">\n\t\t\t\t<div class=\"elementor-widget-container\">\n\t\t\t\t\t\t\t\t\t\t\t\t\t\t\t\t<a href=\"https:\/\/latinamericanliteraturetoday.org\/es\/rese\u00f1as\/un-reloj-derramado-en-el-desierto-de-alejandro-susti\/\">\n\t\t\t\t\t\t\t<img loading=\"lazy\" decoding=\"async\" width=\"1181\" height=\"1868\" src=\"https:\/\/latinamericanliteraturetoday.org\/wp-content\/uploads\/2023\/09\/Portada_Un-reloj-derramado-en-el-desierto.jpg\" class=\"attachment-full size-full wp-image-27207\" alt=\"\" srcset=\"https:\/\/latinamericanliteraturetoday.org\/wp-content\/uploads\/2023\/09\/Portada_Un-reloj-derramado-en-el-desierto.jpg 1181w, https:\/\/latinamericanliteraturetoday.org\/wp-content\/uploads\/2023\/09\/Portada_Un-reloj-derramado-en-el-desierto-190x300.jpg 190w, https:\/\/latinamericanliteraturetoday.org\/wp-content\/uploads\/2023\/09\/Portada_Un-reloj-derramado-en-el-desierto-647x1024.jpg 647w, https:\/\/latinamericanliteraturetoday.org\/wp-content\/uploads\/2023\/09\/Portada_Un-reloj-derramado-en-el-desierto-768x1215.jpg 768w, https:\/\/latinamericanliteraturetoday.org\/wp-content\/uploads\/2023\/09\/Portada_Un-reloj-derramado-en-el-desierto-971x1536.jpg 971w\" sizes=\"(max-width: 1181px) 100vw, 1181px\" title=\"\">\t\t\t\t\t\t\t\t<\/a>\n\t\t\t\t\t\t\t\t\t\t\t\t\t\t\t<\/div>\n\t\t\t\t<\/div>\n\t\t\t\t\t<\/div>\n\t\t<\/div>\n\t\t\t\t\t<\/div>\n\t\t<\/section>\n\t\t\t\t<section class=\"has_ae_slider elementor-section elementor-inner-section elementor-element elementor-element-dab2261 elementor-section-full_width elementor-section-height-default elementor-section-height-default ae-bg-gallery-type-default\" data-id=\"dab2261\" data-element_type=\"section\" data-e-type=\"section\">\n\t\t\t\t\t\t<div class=\"elementor-container elementor-column-gap-default\">\n\t\t\t\t\t<div class=\"has_ae_slider elementor-column elementor-col-100 elementor-inner-column elementor-element elementor-element-5a82048 ae-bg-gallery-type-default\" data-id=\"5a82048\" data-element_type=\"column\" data-e-type=\"column\">\n\t\t\t<div class=\"elementor-widget-wrap elementor-element-populated\">\n\t\t\t\t\t\t<div class=\"elementor-element elementor-element-f2112f7 elementor-widget elementor-widget-heading\" data-id=\"f2112f7\" data-element_type=\"widget\" data-e-type=\"widget\" data-widget_type=\"heading.default\">\n\t\t\t\t<div class=\"elementor-widget-container\">\n\t\t\t\t\t<h2 class=\"elementor-heading-title elementor-size-default\"><a href=\"https:\/\/latinamericanliteraturetoday.org\/es\/rese\u00f1as\/un-reloj-derramado-en-el-desierto-de-alejandro-susti\/\"><i>Un reloj derramado en el desierto<\/i> de Alejandro Susti<\/a><\/h2>\t\t\t\t<\/div>\n\t\t\t\t<\/div>\n\t\t\t\t<div class=\"elementor-element elementor-element-10022ad elementor-widget elementor-widget-heading\" data-id=\"10022ad\" data-element_type=\"widget\" data-e-type=\"widget\" data-widget_type=\"heading.default\">\n\t\t\t\t<div class=\"elementor-widget-container\">\n\t\t\t\t\t<div class=\"elementor-heading-title elementor-size-default\">Por   <a href=\"https:\/\/latinamericanliteraturetoday.org\/es\/reviewers\/camilo-fernandez-cozman-2\/\" rel=\"tag\">Camilo Fern\u00e1ndez Cozman<\/a><\/div>\t\t\t\t<\/div>\n\t\t\t\t<\/div>\n\t\t\t\t\t<\/div>\n\t\t<\/div>\n\t\t\t\t\t<\/div>\n\t\t<\/section>\n\t\t\t\t\t<\/div>\n\t\t<\/div>\n\t\t\t\t\t<\/div>\n\t\t<\/section>\n\t\t\t\t<\/div>\n\t\t\t\t<\/article>\n\t\t\t\t<article id=\"post-26714\" class=\"elementor-post elementor-grid-item ecs-post-loop post-26714 book_review type-book_review status-publish has-post-thumbnail hentry tag-numero-27-es review_sections-poesia reviewers-nestor-mendoza-es\">\n\t\t\t\t<div data-elementor-type=\"loop\" data-elementor-id=\"10256\" class=\"elementor elementor-10256 elementor-7212 elementor-7212 post-26714 book_review type-book_review status-publish has-post-thumbnail hentry tag-numero-27-es review_sections-poesia reviewers-nestor-mendoza-es\" data-elementor-post-type=\"elementor_library\">\n\t\t\t\t\t<section class=\"has_ae_slider elementor-section elementor-top-section elementor-element elementor-element-2cb2d405 elementor-section-full_width elementor-section-height-default elementor-section-height-default ae-bg-gallery-type-default\" data-id=\"2cb2d405\" data-element_type=\"section\" data-e-type=\"section\">\n\t\t\t\t\t\t<div class=\"elementor-container elementor-column-gap-default\">\n\t\t\t\t\t<div class=\"has_ae_slider elementor-column elementor-col-100 elementor-top-column elementor-element elementor-element-4589e3dc ae-bg-gallery-type-default\" data-id=\"4589e3dc\" data-element_type=\"column\" data-e-type=\"column\">\n\t\t\t<div class=\"elementor-widget-wrap elementor-element-populated\">\n\t\t\t\t\t\t<section class=\"has_ae_slider elementor-section elementor-inner-section elementor-element elementor-element-b6430f8 elementor-section-full_width elementor-section-height-min-height elementor-section-height-default ae-bg-gallery-type-default\" data-id=\"b6430f8\" data-element_type=\"section\" data-e-type=\"section\">\n\t\t\t\t\t\t<div class=\"elementor-container elementor-column-gap-default\">\n\t\t\t\t\t<div class=\"has_ae_slider elementor-column elementor-col-100 elementor-inner-column elementor-element elementor-element-776c40e ae-bg-gallery-type-default\" data-id=\"776c40e\" data-element_type=\"column\" data-e-type=\"column\">\n\t\t\t<div class=\"elementor-widget-wrap elementor-element-populated\">\n\t\t\t\t\t\t<div class=\"elementor-element elementor-element-4abcf33c elementor-widget elementor-widget-theme-post-featured-image elementor-widget-image\" data-id=\"4abcf33c\" data-element_type=\"widget\" data-e-type=\"widget\" data-widget_type=\"theme-post-featured-image.default\">\n\t\t\t\t<div class=\"elementor-widget-container\">\n\t\t\t\t\t\t\t\t\t\t\t\t\t\t\t\t<a href=\"https:\/\/latinamericanliteraturetoday.org\/es\/rese\u00f1as\/a-scar-where-goodbyes-are-written-an-anthology-of-venezuelan-poets-in-chile-de-david-m-brunson-edicion-y-traduccion\/\">\n\t\t\t\t\t\t\t<img loading=\"lazy\" decoding=\"async\" width=\"233\" height=\"350\" src=\"https:\/\/latinamericanliteraturetoday.org\/wp-content\/uploads\/2023\/09\/Portada_A-Scar-Where-Goodbyes-Are-Written.jpg\" class=\"attachment-full size-full wp-image-27185\" alt=\"\" srcset=\"https:\/\/latinamericanliteraturetoday.org\/wp-content\/uploads\/2023\/09\/Portada_A-Scar-Where-Goodbyes-Are-Written.jpg 233w, https:\/\/latinamericanliteraturetoday.org\/wp-content\/uploads\/2023\/09\/Portada_A-Scar-Where-Goodbyes-Are-Written-200x300.jpg 200w\" sizes=\"(max-width: 233px) 100vw, 233px\" title=\"\">\t\t\t\t\t\t\t\t<\/a>\n\t\t\t\t\t\t\t\t\t\t\t\t\t\t\t<\/div>\n\t\t\t\t<\/div>\n\t\t\t\t\t<\/div>\n\t\t<\/div>\n\t\t\t\t\t<\/div>\n\t\t<\/section>\n\t\t\t\t<section class=\"has_ae_slider elementor-section elementor-inner-section elementor-element elementor-element-dab2261 elementor-section-full_width elementor-section-height-default elementor-section-height-default ae-bg-gallery-type-default\" data-id=\"dab2261\" data-element_type=\"section\" data-e-type=\"section\">\n\t\t\t\t\t\t<div class=\"elementor-container elementor-column-gap-default\">\n\t\t\t\t\t<div class=\"has_ae_slider elementor-column elementor-col-100 elementor-inner-column elementor-element elementor-element-5a82048 ae-bg-gallery-type-default\" data-id=\"5a82048\" data-element_type=\"column\" data-e-type=\"column\">\n\t\t\t<div class=\"elementor-widget-wrap elementor-element-populated\">\n\t\t\t\t\t\t<div class=\"elementor-element elementor-element-f2112f7 elementor-widget elementor-widget-heading\" data-id=\"f2112f7\" data-element_type=\"widget\" data-e-type=\"widget\" data-widget_type=\"heading.default\">\n\t\t\t\t<div class=\"elementor-widget-container\">\n\t\t\t\t\t<h2 class=\"elementor-heading-title elementor-size-default\"><a href=\"https:\/\/latinamericanliteraturetoday.org\/es\/rese\u00f1as\/a-scar-where-goodbyes-are-written-an-anthology-of-venezuelan-poets-in-chile-de-david-m-brunson-edicion-y-traduccion\/\"><i>A Scar Where Goodbyes Are Written. An Anthology of Venezuelan Poets in Chile<\/i> de David M. Brunson (edici\u00f3n y traducci\u00f3n)<\/a><\/h2>\t\t\t\t<\/div>\n\t\t\t\t<\/div>\n\t\t\t\t<div class=\"elementor-element elementor-element-10022ad elementor-widget elementor-widget-heading\" data-id=\"10022ad\" data-element_type=\"widget\" data-e-type=\"widget\" data-widget_type=\"heading.default\">\n\t\t\t\t<div class=\"elementor-widget-container\">\n\t\t\t\t\t<div class=\"elementor-heading-title elementor-size-default\">Por   <a href=\"https:\/\/latinamericanliteraturetoday.org\/es\/reviewers\/nestor-mendoza-es\/\" rel=\"tag\">N\u00e9stor Mendoza<\/a><\/div>\t\t\t\t<\/div>\n\t\t\t\t<\/div>\n\t\t\t\t\t<\/div>\n\t\t<\/div>\n\t\t\t\t\t<\/div>\n\t\t<\/section>\n\t\t\t\t\t<\/div>\n\t\t<\/div>\n\t\t\t\t\t<\/div>\n\t\t<\/section>\n\t\t\t\t<\/div>\n\t\t\t\t<\/article>\n\t\t\t\t<article id=\"post-26721\" class=\"elementor-post elementor-grid-item ecs-post-loop post-26721 book_review type-book_review status-publish has-post-thumbnail hentry tag-numero-27-es review_sections-poesia reviewers-vanesa-almada-nogueron-es-2\">\n\t\t\t\t<div data-elementor-type=\"loop\" data-elementor-id=\"10256\" class=\"elementor elementor-10256 elementor-7212 elementor-7212 post-26721 book_review type-book_review status-publish has-post-thumbnail hentry tag-numero-27-es review_sections-poesia reviewers-vanesa-almada-nogueron-es-2\" data-elementor-post-type=\"elementor_library\">\n\t\t\t\t\t<section class=\"has_ae_slider elementor-section elementor-top-section elementor-element elementor-element-2cb2d405 elementor-section-full_width elementor-section-height-default elementor-section-height-default ae-bg-gallery-type-default\" data-id=\"2cb2d405\" data-element_type=\"section\" data-e-type=\"section\">\n\t\t\t\t\t\t<div class=\"elementor-container elementor-column-gap-default\">\n\t\t\t\t\t<div class=\"has_ae_slider elementor-column elementor-col-100 elementor-top-column elementor-element elementor-element-4589e3dc ae-bg-gallery-type-default\" data-id=\"4589e3dc\" data-element_type=\"column\" data-e-type=\"column\">\n\t\t\t<div class=\"elementor-widget-wrap elementor-element-populated\">\n\t\t\t\t\t\t<section class=\"has_ae_slider elementor-section elementor-inner-section elementor-element elementor-element-b6430f8 elementor-section-full_width elementor-section-height-min-height elementor-section-height-default ae-bg-gallery-type-default\" data-id=\"b6430f8\" data-element_type=\"section\" data-e-type=\"section\">\n\t\t\t\t\t\t<div class=\"elementor-container elementor-column-gap-default\">\n\t\t\t\t\t<div class=\"has_ae_slider elementor-column elementor-col-100 elementor-inner-column elementor-element elementor-element-776c40e ae-bg-gallery-type-default\" data-id=\"776c40e\" data-element_type=\"column\" data-e-type=\"column\">\n\t\t\t<div class=\"elementor-widget-wrap elementor-element-populated\">\n\t\t\t\t\t\t<div class=\"elementor-element elementor-element-4abcf33c elementor-widget elementor-widget-theme-post-featured-image elementor-widget-image\" data-id=\"4abcf33c\" data-element_type=\"widget\" data-e-type=\"widget\" data-widget_type=\"theme-post-featured-image.default\">\n\t\t\t\t<div class=\"elementor-widget-container\">\n\t\t\t\t\t\t\t\t\t\t\t\t\t\t\t\t<a href=\"https:\/\/latinamericanliteraturetoday.org\/es\/rese\u00f1as\/entre-los-juncos-y-la-baja-tarde-seguido-de-la-mudanza-de-fabian-o-iriarte\/\">\n\t\t\t\t\t\t\t<img loading=\"lazy\" decoding=\"async\" width=\"600\" height=\"868\" src=\"https:\/\/latinamericanliteraturetoday.org\/wp-content\/uploads\/2023\/09\/Portada_Entre-los-juncos-y-la-baja-tarde.jpg\" class=\"attachment-full size-full wp-image-27195\" alt=\"\" srcset=\"https:\/\/latinamericanliteraturetoday.org\/wp-content\/uploads\/2023\/09\/Portada_Entre-los-juncos-y-la-baja-tarde.jpg 600w, https:\/\/latinamericanliteraturetoday.org\/wp-content\/uploads\/2023\/09\/Portada_Entre-los-juncos-y-la-baja-tarde-207x300.jpg 207w\" sizes=\"(max-width: 600px) 100vw, 600px\" title=\"\">\t\t\t\t\t\t\t\t<\/a>\n\t\t\t\t\t\t\t\t\t\t\t\t\t\t\t<\/div>\n\t\t\t\t<\/div>\n\t\t\t\t\t<\/div>\n\t\t<\/div>\n\t\t\t\t\t<\/div>\n\t\t<\/section>\n\t\t\t\t<section class=\"has_ae_slider elementor-section elementor-inner-section elementor-element elementor-element-dab2261 elementor-section-full_width elementor-section-height-default elementor-section-height-default ae-bg-gallery-type-default\" data-id=\"dab2261\" data-element_type=\"section\" data-e-type=\"section\">\n\t\t\t\t\t\t<div class=\"elementor-container elementor-column-gap-default\">\n\t\t\t\t\t<div class=\"has_ae_slider elementor-column elementor-col-100 elementor-inner-column elementor-element elementor-element-5a82048 ae-bg-gallery-type-default\" data-id=\"5a82048\" data-element_type=\"column\" data-e-type=\"column\">\n\t\t\t<div class=\"elementor-widget-wrap elementor-element-populated\">\n\t\t\t\t\t\t<div class=\"elementor-element elementor-element-f2112f7 elementor-widget elementor-widget-heading\" data-id=\"f2112f7\" data-element_type=\"widget\" data-e-type=\"widget\" data-widget_type=\"heading.default\">\n\t\t\t\t<div class=\"elementor-widget-container\">\n\t\t\t\t\t<h2 class=\"elementor-heading-title elementor-size-default\"><a href=\"https:\/\/latinamericanliteraturetoday.org\/es\/rese\u00f1as\/entre-los-juncos-y-la-baja-tarde-seguido-de-la-mudanza-de-fabian-o-iriarte\/\"><i>Entre los juncos y la baja tarde, seguido de La mudanza<\/i> de Fabi\u00e1n O. Iriarte<\/a><\/h2>\t\t\t\t<\/div>\n\t\t\t\t<\/div>\n\t\t\t\t<div class=\"elementor-element elementor-element-10022ad elementor-widget elementor-widget-heading\" data-id=\"10022ad\" data-element_type=\"widget\" data-e-type=\"widget\" data-widget_type=\"heading.default\">\n\t\t\t\t<div class=\"elementor-widget-container\">\n\t\t\t\t\t<div class=\"elementor-heading-title elementor-size-default\">Por   <a href=\"https:\/\/latinamericanliteraturetoday.org\/es\/reviewers\/vanesa-almada-nogueron-es-2\/\" rel=\"tag\">Vanesa Almada Noguer\u00f3n<\/a><\/div>\t\t\t\t<\/div>\n\t\t\t\t<\/div>\n\t\t\t\t\t<\/div>\n\t\t<\/div>\n\t\t\t\t\t<\/div>\n\t\t<\/section>\n\t\t\t\t\t<\/div>\n\t\t<\/div>\n\t\t\t\t\t<\/div>\n\t\t<\/section>\n\t\t\t\t<\/div>\n\t\t\t\t<\/article>\n\t\t\t\t<article id=\"post-26736\" class=\"elementor-post elementor-grid-item ecs-post-loop post-26736 book_review type-book_review status-publish has-post-thumbnail hentry tag-numero-27-es review_sections-poesia reviewers-jose-ygnacio-ochoa-es-2\">\n\t\t\t\t<div data-elementor-type=\"loop\" data-elementor-id=\"10256\" class=\"elementor elementor-10256 elementor-7212 elementor-7212 post-26736 book_review type-book_review status-publish has-post-thumbnail hentry tag-numero-27-es review_sections-poesia reviewers-jose-ygnacio-ochoa-es-2\" data-elementor-post-type=\"elementor_library\">\n\t\t\t\t\t<section class=\"has_ae_slider elementor-section elementor-top-section elementor-element elementor-element-2cb2d405 elementor-section-full_width elementor-section-height-default elementor-section-height-default ae-bg-gallery-type-default\" data-id=\"2cb2d405\" data-element_type=\"section\" data-e-type=\"section\">\n\t\t\t\t\t\t<div class=\"elementor-container elementor-column-gap-default\">\n\t\t\t\t\t<div class=\"has_ae_slider elementor-column elementor-col-100 elementor-top-column elementor-element elementor-element-4589e3dc ae-bg-gallery-type-default\" data-id=\"4589e3dc\" data-element_type=\"column\" data-e-type=\"column\">\n\t\t\t<div class=\"elementor-widget-wrap elementor-element-populated\">\n\t\t\t\t\t\t<section class=\"has_ae_slider elementor-section elementor-inner-section elementor-element elementor-element-b6430f8 elementor-section-full_width elementor-section-height-min-height elementor-section-height-default ae-bg-gallery-type-default\" data-id=\"b6430f8\" data-element_type=\"section\" data-e-type=\"section\">\n\t\t\t\t\t\t<div class=\"elementor-container elementor-column-gap-default\">\n\t\t\t\t\t<div class=\"has_ae_slider elementor-column elementor-col-100 elementor-inner-column elementor-element elementor-element-776c40e ae-bg-gallery-type-default\" data-id=\"776c40e\" data-element_type=\"column\" data-e-type=\"column\">\n\t\t\t<div class=\"elementor-widget-wrap elementor-element-populated\">\n\t\t\t\t\t\t<div class=\"elementor-element elementor-element-4abcf33c elementor-widget elementor-widget-theme-post-featured-image elementor-widget-image\" data-id=\"4abcf33c\" data-element_type=\"widget\" data-e-type=\"widget\" data-widget_type=\"theme-post-featured-image.default\">\n\t\t\t\t<div class=\"elementor-widget-container\">\n\t\t\t\t\t\t\t\t\t\t\t\t\t\t\t\t<a href=\"https:\/\/latinamericanliteraturetoday.org\/es\/rese\u00f1as\/diario-de-una-huella-de-jose-manuel-lopez-d-jesus\/\">\n\t\t\t\t\t\t\t<img loading=\"lazy\" decoding=\"async\" width=\"1131\" height=\"1600\" src=\"https:\/\/latinamericanliteraturetoday.org\/wp-content\/uploads\/2023\/09\/Portada_Diario-de-una-huella.jpeg\" class=\"attachment-full size-full wp-image-27762\" alt=\"\" srcset=\"https:\/\/latinamericanliteraturetoday.org\/wp-content\/uploads\/2023\/09\/Portada_Diario-de-una-huella.jpeg 1131w, https:\/\/latinamericanliteraturetoday.org\/wp-content\/uploads\/2023\/09\/Portada_Diario-de-una-huella-212x300.jpeg 212w, https:\/\/latinamericanliteraturetoday.org\/wp-content\/uploads\/2023\/09\/Portada_Diario-de-una-huella-724x1024.jpeg 724w, https:\/\/latinamericanliteraturetoday.org\/wp-content\/uploads\/2023\/09\/Portada_Diario-de-una-huella-768x1086.jpeg 768w, https:\/\/latinamericanliteraturetoday.org\/wp-content\/uploads\/2023\/09\/Portada_Diario-de-una-huella-1086x1536.jpeg 1086w\" sizes=\"(max-width: 1131px) 100vw, 1131px\" title=\"\">\t\t\t\t\t\t\t\t<\/a>\n\t\t\t\t\t\t\t\t\t\t\t\t\t\t\t<\/div>\n\t\t\t\t<\/div>\n\t\t\t\t\t<\/div>\n\t\t<\/div>\n\t\t\t\t\t<\/div>\n\t\t<\/section>\n\t\t\t\t<section class=\"has_ae_slider elementor-section elementor-inner-section elementor-element elementor-element-dab2261 elementor-section-full_width elementor-section-height-default elementor-section-height-default ae-bg-gallery-type-default\" data-id=\"dab2261\" data-element_type=\"section\" data-e-type=\"section\">\n\t\t\t\t\t\t<div class=\"elementor-container elementor-column-gap-default\">\n\t\t\t\t\t<div class=\"has_ae_slider elementor-column elementor-col-100 elementor-inner-column elementor-element elementor-element-5a82048 ae-bg-gallery-type-default\" data-id=\"5a82048\" data-element_type=\"column\" data-e-type=\"column\">\n\t\t\t<div class=\"elementor-widget-wrap elementor-element-populated\">\n\t\t\t\t\t\t<div class=\"elementor-element elementor-element-f2112f7 elementor-widget elementor-widget-heading\" data-id=\"f2112f7\" data-element_type=\"widget\" data-e-type=\"widget\" data-widget_type=\"heading.default\">\n\t\t\t\t<div class=\"elementor-widget-container\">\n\t\t\t\t\t<h2 class=\"elementor-heading-title elementor-size-default\"><a href=\"https:\/\/latinamericanliteraturetoday.org\/es\/rese\u00f1as\/diario-de-una-huella-de-jose-manuel-lopez-d-jesus\/\"><i>Diario de una huella<\/i> de Jos\u00e9 Manuel L\u00f3pez D\u2019 Jes\u00fas<\/a><\/h2>\t\t\t\t<\/div>\n\t\t\t\t<\/div>\n\t\t\t\t<div class=\"elementor-element elementor-element-10022ad elementor-widget elementor-widget-heading\" data-id=\"10022ad\" data-element_type=\"widget\" data-e-type=\"widget\" data-widget_type=\"heading.default\">\n\t\t\t\t<div class=\"elementor-widget-container\">\n\t\t\t\t\t<div class=\"elementor-heading-title elementor-size-default\">Por   <a href=\"https:\/\/latinamericanliteraturetoday.org\/es\/reviewers\/jose-ygnacio-ochoa-es-2\/\" rel=\"tag\">Jos\u00e9 Ygnacio Ochoa<\/a><\/div>\t\t\t\t<\/div>\n\t\t\t\t<\/div>\n\t\t\t\t\t<\/div>\n\t\t<\/div>\n\t\t\t\t\t<\/div>\n\t\t<\/section>\n\t\t\t\t\t<\/div>\n\t\t<\/div>\n\t\t\t\t\t<\/div>\n\t\t<\/section>\n\t\t\t\t<\/div>\n\t\t\t\t<\/article>\n\t\t\t\t<article id=\"post-26745\" class=\"elementor-post elementor-grid-item ecs-post-loop post-26745 book_review type-book_review status-publish has-post-thumbnail hentry tag-numero-27-es review_sections-ficcion reviewers-luis-carlos-azuaje-es-2\">\n\t\t\t\t<div data-elementor-type=\"loop\" data-elementor-id=\"10256\" class=\"elementor elementor-10256 elementor-7212 elementor-7212 post-26745 book_review type-book_review status-publish has-post-thumbnail hentry tag-numero-27-es review_sections-ficcion reviewers-luis-carlos-azuaje-es-2\" data-elementor-post-type=\"elementor_library\">\n\t\t\t\t\t<section class=\"has_ae_slider elementor-section elementor-top-section elementor-element elementor-element-2cb2d405 elementor-section-full_width elementor-section-height-default elementor-section-height-default ae-bg-gallery-type-default\" data-id=\"2cb2d405\" data-element_type=\"section\" data-e-type=\"section\">\n\t\t\t\t\t\t<div class=\"elementor-container elementor-column-gap-default\">\n\t\t\t\t\t<div class=\"has_ae_slider elementor-column elementor-col-100 elementor-top-column elementor-element elementor-element-4589e3dc ae-bg-gallery-type-default\" data-id=\"4589e3dc\" data-element_type=\"column\" data-e-type=\"column\">\n\t\t\t<div class=\"elementor-widget-wrap elementor-element-populated\">\n\t\t\t\t\t\t<section class=\"has_ae_slider elementor-section elementor-inner-section elementor-element elementor-element-b6430f8 elementor-section-full_width elementor-section-height-min-height elementor-section-height-default ae-bg-gallery-type-default\" data-id=\"b6430f8\" data-element_type=\"section\" data-e-type=\"section\">\n\t\t\t\t\t\t<div class=\"elementor-container elementor-column-gap-default\">\n\t\t\t\t\t<div class=\"has_ae_slider elementor-column elementor-col-100 elementor-inner-column elementor-element elementor-element-776c40e ae-bg-gallery-type-default\" data-id=\"776c40e\" data-element_type=\"column\" data-e-type=\"column\">\n\t\t\t<div class=\"elementor-widget-wrap elementor-element-populated\">\n\t\t\t\t\t\t<div class=\"elementor-element elementor-element-4abcf33c elementor-widget elementor-widget-theme-post-featured-image elementor-widget-image\" data-id=\"4abcf33c\" data-element_type=\"widget\" data-e-type=\"widget\" data-widget_type=\"theme-post-featured-image.default\">\n\t\t\t\t<div class=\"elementor-widget-container\">\n\t\t\t\t\t\t\t\t\t\t\t\t\t\t\t\t<a href=\"https:\/\/latinamericanliteraturetoday.org\/es\/rese\u00f1as\/el-bosque-infinitesimal-de-julian-lopez\/\">\n\t\t\t\t\t\t\t<img loading=\"lazy\" decoding=\"async\" width=\"1126\" height=\"1920\" src=\"https:\/\/latinamericanliteraturetoday.org\/wp-content\/uploads\/2023\/09\/Portada_El-bosque-infinitesimal.jpg\" class=\"attachment-full size-full wp-image-27193\" alt=\"\" srcset=\"https:\/\/latinamericanliteraturetoday.org\/wp-content\/uploads\/2023\/09\/Portada_El-bosque-infinitesimal.jpg 1126w, https:\/\/latinamericanliteraturetoday.org\/wp-content\/uploads\/2023\/09\/Portada_El-bosque-infinitesimal-176x300.jpg 176w, https:\/\/latinamericanliteraturetoday.org\/wp-content\/uploads\/2023\/09\/Portada_El-bosque-infinitesimal-601x1024.jpg 601w, https:\/\/latinamericanliteraturetoday.org\/wp-content\/uploads\/2023\/09\/Portada_El-bosque-infinitesimal-768x1310.jpg 768w, https:\/\/latinamericanliteraturetoday.org\/wp-content\/uploads\/2023\/09\/Portada_El-bosque-infinitesimal-901x1536.jpg 901w\" sizes=\"(max-width: 1126px) 100vw, 1126px\" title=\"\">\t\t\t\t\t\t\t\t<\/a>\n\t\t\t\t\t\t\t\t\t\t\t\t\t\t\t<\/div>\n\t\t\t\t<\/div>\n\t\t\t\t\t<\/div>\n\t\t<\/div>\n\t\t\t\t\t<\/div>\n\t\t<\/section>\n\t\t\t\t<section class=\"has_ae_slider elementor-section elementor-inner-section elementor-element elementor-element-dab2261 elementor-section-full_width elementor-section-height-default elementor-section-height-default ae-bg-gallery-type-default\" data-id=\"dab2261\" data-element_type=\"section\" data-e-type=\"section\">\n\t\t\t\t\t\t<div class=\"elementor-container elementor-column-gap-default\">\n\t\t\t\t\t<div class=\"has_ae_slider elementor-column elementor-col-100 elementor-inner-column elementor-element elementor-element-5a82048 ae-bg-gallery-type-default\" data-id=\"5a82048\" data-element_type=\"column\" data-e-type=\"column\">\n\t\t\t<div class=\"elementor-widget-wrap elementor-element-populated\">\n\t\t\t\t\t\t<div class=\"elementor-element elementor-element-f2112f7 elementor-widget elementor-widget-heading\" data-id=\"f2112f7\" data-element_type=\"widget\" data-e-type=\"widget\" data-widget_type=\"heading.default\">\n\t\t\t\t<div class=\"elementor-widget-container\">\n\t\t\t\t\t<h2 class=\"elementor-heading-title elementor-size-default\"><a href=\"https:\/\/latinamericanliteraturetoday.org\/es\/rese\u00f1as\/el-bosque-infinitesimal-de-julian-lopez\/\"><i>El bosque infinitesimal<\/i> de Juli\u00e1n L\u00f3pez<\/a><\/h2>\t\t\t\t<\/div>\n\t\t\t\t<\/div>\n\t\t\t\t<div class=\"elementor-element elementor-element-10022ad elementor-widget elementor-widget-heading\" data-id=\"10022ad\" data-element_type=\"widget\" data-e-type=\"widget\" data-widget_type=\"heading.default\">\n\t\t\t\t<div class=\"elementor-widget-container\">\n\t\t\t\t\t<div class=\"elementor-heading-title elementor-size-default\">Por   <a href=\"https:\/\/latinamericanliteraturetoday.org\/es\/reviewers\/luis-carlos-azuaje-es-2\/\" rel=\"tag\">Luis Carlos Azuaje<\/a><\/div>\t\t\t\t<\/div>\n\t\t\t\t<\/div>\n\t\t\t\t\t<\/div>\n\t\t<\/div>\n\t\t\t\t\t<\/div>\n\t\t<\/section>\n\t\t\t\t\t<\/div>\n\t\t<\/div>\n\t\t\t\t\t<\/div>\n\t\t<\/section>\n\t\t\t\t<\/div>\n\t\t\t\t<\/article>\n\t\t\t\t<article id=\"post-26753\" class=\"elementor-post elementor-grid-item ecs-post-loop post-26753 book_review type-book_review status-publish has-post-thumbnail hentry tag-numero-27-es review_sections-ficcion reviewers-blanca-strepponi-2\">\n\t\t\t\t<div data-elementor-type=\"loop\" data-elementor-id=\"10256\" class=\"elementor elementor-10256 elementor-7212 elementor-7212 post-26753 book_review type-book_review status-publish has-post-thumbnail hentry tag-numero-27-es review_sections-ficcion reviewers-blanca-strepponi-2\" data-elementor-post-type=\"elementor_library\">\n\t\t\t\t\t<section class=\"has_ae_slider elementor-section elementor-top-section elementor-element elementor-element-2cb2d405 elementor-section-full_width elementor-section-height-default elementor-section-height-default ae-bg-gallery-type-default\" data-id=\"2cb2d405\" data-element_type=\"section\" data-e-type=\"section\">\n\t\t\t\t\t\t<div class=\"elementor-container elementor-column-gap-default\">\n\t\t\t\t\t<div class=\"has_ae_slider elementor-column elementor-col-100 elementor-top-column elementor-element elementor-element-4589e3dc ae-bg-gallery-type-default\" data-id=\"4589e3dc\" data-element_type=\"column\" data-e-type=\"column\">\n\t\t\t<div class=\"elementor-widget-wrap elementor-element-populated\">\n\t\t\t\t\t\t<section class=\"has_ae_slider elementor-section elementor-inner-section elementor-element elementor-element-b6430f8 elementor-section-full_width elementor-section-height-min-height elementor-section-height-default ae-bg-gallery-type-default\" data-id=\"b6430f8\" data-element_type=\"section\" data-e-type=\"section\">\n\t\t\t\t\t\t<div class=\"elementor-container elementor-column-gap-default\">\n\t\t\t\t\t<div class=\"has_ae_slider elementor-column elementor-col-100 elementor-inner-column elementor-element elementor-element-776c40e ae-bg-gallery-type-default\" data-id=\"776c40e\" data-element_type=\"column\" data-e-type=\"column\">\n\t\t\t<div class=\"elementor-widget-wrap elementor-element-populated\">\n\t\t\t\t\t\t<div class=\"elementor-element elementor-element-4abcf33c elementor-widget elementor-widget-theme-post-featured-image elementor-widget-image\" data-id=\"4abcf33c\" data-element_type=\"widget\" data-e-type=\"widget\" data-widget_type=\"theme-post-featured-image.default\">\n\t\t\t\t<div class=\"elementor-widget-container\">\n\t\t\t\t\t\t\t\t\t\t\t\t\t\t\t\t<a href=\"https:\/\/latinamericanliteraturetoday.org\/es\/rese\u00f1as\/la-nueva-vida-de-valdi-bonetti-de-mori-ponsowy\/\">\n\t\t\t\t\t\t\t<img loading=\"lazy\" decoding=\"async\" width=\"227\" height=\"354\" src=\"https:\/\/latinamericanliteraturetoday.org\/wp-content\/uploads\/2023\/09\/Portada_La-nueva-vida.png\" class=\"attachment-full size-full wp-image-27201\" alt=\"\" srcset=\"https:\/\/latinamericanliteraturetoday.org\/wp-content\/uploads\/2023\/09\/Portada_La-nueva-vida.png 227w, https:\/\/latinamericanliteraturetoday.org\/wp-content\/uploads\/2023\/09\/Portada_La-nueva-vida-192x300.png 192w\" sizes=\"(max-width: 227px) 100vw, 227px\" title=\"\">\t\t\t\t\t\t\t\t<\/a>\n\t\t\t\t\t\t\t\t\t\t\t\t\t\t\t<\/div>\n\t\t\t\t<\/div>\n\t\t\t\t\t<\/div>\n\t\t<\/div>\n\t\t\t\t\t<\/div>\n\t\t<\/section>\n\t\t\t\t<section class=\"has_ae_slider elementor-section elementor-inner-section elementor-element elementor-element-dab2261 elementor-section-full_width elementor-section-height-default elementor-section-height-default ae-bg-gallery-type-default\" data-id=\"dab2261\" data-element_type=\"section\" data-e-type=\"section\">\n\t\t\t\t\t\t<div class=\"elementor-container elementor-column-gap-default\">\n\t\t\t\t\t<div class=\"has_ae_slider elementor-column elementor-col-100 elementor-inner-column elementor-element elementor-element-5a82048 ae-bg-gallery-type-default\" data-id=\"5a82048\" data-element_type=\"column\" data-e-type=\"column\">\n\t\t\t<div class=\"elementor-widget-wrap elementor-element-populated\">\n\t\t\t\t\t\t<div class=\"elementor-element elementor-element-f2112f7 elementor-widget elementor-widget-heading\" data-id=\"f2112f7\" data-element_type=\"widget\" data-e-type=\"widget\" data-widget_type=\"heading.default\">\n\t\t\t\t<div class=\"elementor-widget-container\">\n\t\t\t\t\t<h2 class=\"elementor-heading-title elementor-size-default\"><a href=\"https:\/\/latinamericanliteraturetoday.org\/es\/rese\u00f1as\/la-nueva-vida-de-valdi-bonetti-de-mori-ponsowy\/\"><i>La nueva vida de Valdi Bonetti<\/i> de Mori Ponsowy<\/a><\/h2>\t\t\t\t<\/div>\n\t\t\t\t<\/div>\n\t\t\t\t<div class=\"elementor-element elementor-element-10022ad elementor-widget elementor-widget-heading\" data-id=\"10022ad\" data-element_type=\"widget\" data-e-type=\"widget\" data-widget_type=\"heading.default\">\n\t\t\t\t<div class=\"elementor-widget-container\">\n\t\t\t\t\t<div class=\"elementor-heading-title elementor-size-default\">Por   <a href=\"https:\/\/latinamericanliteraturetoday.org\/es\/reviewers\/blanca-strepponi-2\/\" rel=\"tag\">Blanca Strepponi<\/a><\/div>\t\t\t\t<\/div>\n\t\t\t\t<\/div>\n\t\t\t\t\t<\/div>\n\t\t<\/div>\n\t\t\t\t\t<\/div>\n\t\t<\/section>\n\t\t\t\t\t<\/div>\n\t\t<\/div>\n\t\t\t\t\t<\/div>\n\t\t<\/section>\n\t\t\t\t<\/div>\n\t\t\t\t<\/article>\n\t\t\t\t<article id=\"post-26760\" class=\"elementor-post elementor-grid-item ecs-post-loop post-26760 book_review type-book_review status-publish has-post-thumbnail hentry tag-numero-27-es review_sections-ficcion reviewers-cesar-ferreira-es-2\">\n\t\t\t\t<div data-elementor-type=\"loop\" data-elementor-id=\"10256\" class=\"elementor elementor-10256 elementor-7212 elementor-7212 post-26760 book_review type-book_review status-publish has-post-thumbnail hentry tag-numero-27-es review_sections-ficcion reviewers-cesar-ferreira-es-2\" data-elementor-post-type=\"elementor_library\">\n\t\t\t\t\t<section class=\"has_ae_slider elementor-section elementor-top-section elementor-element elementor-element-2cb2d405 elementor-section-full_width elementor-section-height-default elementor-section-height-default ae-bg-gallery-type-default\" data-id=\"2cb2d405\" data-element_type=\"section\" data-e-type=\"section\">\n\t\t\t\t\t\t<div class=\"elementor-container elementor-column-gap-default\">\n\t\t\t\t\t<div class=\"has_ae_slider elementor-column elementor-col-100 elementor-top-column elementor-element elementor-element-4589e3dc ae-bg-gallery-type-default\" data-id=\"4589e3dc\" data-element_type=\"column\" data-e-type=\"column\">\n\t\t\t<div class=\"elementor-widget-wrap elementor-element-populated\">\n\t\t\t\t\t\t<section class=\"has_ae_slider elementor-section elementor-inner-section elementor-element elementor-element-b6430f8 elementor-section-full_width elementor-section-height-min-height elementor-section-height-default ae-bg-gallery-type-default\" data-id=\"b6430f8\" data-element_type=\"section\" data-e-type=\"section\">\n\t\t\t\t\t\t<div class=\"elementor-container elementor-column-gap-default\">\n\t\t\t\t\t<div class=\"has_ae_slider elementor-column elementor-col-100 elementor-inner-column elementor-element elementor-element-776c40e ae-bg-gallery-type-default\" data-id=\"776c40e\" data-element_type=\"column\" data-e-type=\"column\">\n\t\t\t<div class=\"elementor-widget-wrap elementor-element-populated\">\n\t\t\t\t\t\t<div class=\"elementor-element elementor-element-4abcf33c elementor-widget elementor-widget-theme-post-featured-image elementor-widget-image\" data-id=\"4abcf33c\" data-element_type=\"widget\" data-e-type=\"widget\" data-widget_type=\"theme-post-featured-image.default\">\n\t\t\t\t<div class=\"elementor-widget-container\">\n\t\t\t\t\t\t\t\t\t\t\t\t\t\t\t\t<a href=\"https:\/\/latinamericanliteraturetoday.org\/es\/rese\u00f1as\/los-rios-profundos-edicion-conmemorativa-de-jose-maria-arguedas\/\">\n\t\t\t\t\t\t\t<img loading=\"lazy\" decoding=\"async\" width=\"210\" height=\"350\" src=\"https:\/\/latinamericanliteraturetoday.org\/wp-content\/uploads\/2023\/09\/Portada_Los-rios-profundos.jpg\" class=\"attachment-full size-full wp-image-27203\" alt=\"\" srcset=\"https:\/\/latinamericanliteraturetoday.org\/wp-content\/uploads\/2023\/09\/Portada_Los-rios-profundos.jpg 210w, https:\/\/latinamericanliteraturetoday.org\/wp-content\/uploads\/2023\/09\/Portada_Los-rios-profundos-180x300.jpg 180w\" sizes=\"(max-width: 210px) 100vw, 210px\" title=\"\">\t\t\t\t\t\t\t\t<\/a>\n\t\t\t\t\t\t\t\t\t\t\t\t\t\t\t<\/div>\n\t\t\t\t<\/div>\n\t\t\t\t\t<\/div>\n\t\t<\/div>\n\t\t\t\t\t<\/div>\n\t\t<\/section>\n\t\t\t\t<section class=\"has_ae_slider elementor-section elementor-inner-section elementor-element elementor-element-dab2261 elementor-section-full_width elementor-section-height-default elementor-section-height-default ae-bg-gallery-type-default\" data-id=\"dab2261\" data-element_type=\"section\" data-e-type=\"section\">\n\t\t\t\t\t\t<div class=\"elementor-container elementor-column-gap-default\">\n\t\t\t\t\t<div class=\"has_ae_slider elementor-column elementor-col-100 elementor-inner-column elementor-element elementor-element-5a82048 ae-bg-gallery-type-default\" data-id=\"5a82048\" data-element_type=\"column\" data-e-type=\"column\">\n\t\t\t<div class=\"elementor-widget-wrap elementor-element-populated\">\n\t\t\t\t\t\t<div class=\"elementor-element elementor-element-f2112f7 elementor-widget elementor-widget-heading\" data-id=\"f2112f7\" data-element_type=\"widget\" data-e-type=\"widget\" data-widget_type=\"heading.default\">\n\t\t\t\t<div class=\"elementor-widget-container\">\n\t\t\t\t\t<h2 class=\"elementor-heading-title elementor-size-default\"><a href=\"https:\/\/latinamericanliteraturetoday.org\/es\/rese\u00f1as\/los-rios-profundos-edicion-conmemorativa-de-jose-maria-arguedas\/\"><i>Los r\u00edos profundos (edici\u00f3n conmemorativa)<\/i> de Jos\u00e9 Mar\u00eda Arguedas<\/a><\/h2>\t\t\t\t<\/div>\n\t\t\t\t<\/div>\n\t\t\t\t<div class=\"elementor-element elementor-element-10022ad elementor-widget elementor-widget-heading\" data-id=\"10022ad\" data-element_type=\"widget\" data-e-type=\"widget\" data-widget_type=\"heading.default\">\n\t\t\t\t<div class=\"elementor-widget-container\">\n\t\t\t\t\t<div class=\"elementor-heading-title elementor-size-default\">Por   <a href=\"https:\/\/latinamericanliteraturetoday.org\/es\/reviewers\/cesar-ferreira-es-2\/\" rel=\"tag\">C\u00e9sar Ferreira\u2028<\/a><\/div>\t\t\t\t<\/div>\n\t\t\t\t<\/div>\n\t\t\t\t\t<\/div>\n\t\t<\/div>\n\t\t\t\t\t<\/div>\n\t\t<\/section>\n\t\t\t\t\t<\/div>\n\t\t<\/div>\n\t\t\t\t\t<\/div>\n\t\t<\/section>\n\t\t\t\t<\/div>\n\t\t\t\t<\/article>\n\t\t\t\t<article id=\"post-26767\" class=\"elementor-post elementor-grid-item ecs-post-loop post-26767 book_review type-book_review status-publish has-post-thumbnail hentry tag-numero-27-es review_sections-ficcion reviewers-paula-libuy-p-2\">\n\t\t\t\t<div data-elementor-type=\"loop\" data-elementor-id=\"10256\" class=\"elementor elementor-10256 elementor-7212 elementor-7212 post-26767 book_review type-book_review status-publish has-post-thumbnail hentry tag-numero-27-es review_sections-ficcion reviewers-paula-libuy-p-2\" data-elementor-post-type=\"elementor_library\">\n\t\t\t\t\t<section class=\"has_ae_slider elementor-section elementor-top-section elementor-element elementor-element-2cb2d405 elementor-section-full_width elementor-section-height-default elementor-section-height-default ae-bg-gallery-type-default\" data-id=\"2cb2d405\" data-element_type=\"section\" data-e-type=\"section\">\n\t\t\t\t\t\t<div class=\"elementor-container elementor-column-gap-default\">\n\t\t\t\t\t<div class=\"has_ae_slider elementor-column elementor-col-100 elementor-top-column elementor-element elementor-element-4589e3dc ae-bg-gallery-type-default\" data-id=\"4589e3dc\" data-element_type=\"column\" data-e-type=\"column\">\n\t\t\t<div class=\"elementor-widget-wrap elementor-element-populated\">\n\t\t\t\t\t\t<section class=\"has_ae_slider elementor-section elementor-inner-section elementor-element elementor-element-b6430f8 elementor-section-full_width elementor-section-height-min-height elementor-section-height-default ae-bg-gallery-type-default\" data-id=\"b6430f8\" data-element_type=\"section\" data-e-type=\"section\">\n\t\t\t\t\t\t<div class=\"elementor-container elementor-column-gap-default\">\n\t\t\t\t\t<div class=\"has_ae_slider elementor-column elementor-col-100 elementor-inner-column elementor-element elementor-element-776c40e ae-bg-gallery-type-default\" data-id=\"776c40e\" data-element_type=\"column\" data-e-type=\"column\">\n\t\t\t<div class=\"elementor-widget-wrap elementor-element-populated\">\n\t\t\t\t\t\t<div class=\"elementor-element elementor-element-4abcf33c elementor-widget elementor-widget-theme-post-featured-image elementor-widget-image\" data-id=\"4abcf33c\" data-element_type=\"widget\" data-e-type=\"widget\" data-widget_type=\"theme-post-featured-image.default\">\n\t\t\t\t<div class=\"elementor-widget-container\">\n\t\t\t\t\t\t\t\t\t\t\t\t\t\t\t\t<a href=\"https:\/\/latinamericanliteraturetoday.org\/es\/rese\u00f1as\/croac-y-el-nuevo-fin-de-mundo-de-ricardo-sumalavia\/\">\n\t\t\t\t\t\t\t<img loading=\"lazy\" decoding=\"async\" width=\"1111\" height=\"1920\" src=\"https:\/\/latinamericanliteraturetoday.org\/wp-content\/uploads\/2023\/09\/Portada_Croac-y-el-nuevo-fin-del-mundo.jpg\" class=\"attachment-full size-full wp-image-27189\" alt=\"\" srcset=\"https:\/\/latinamericanliteraturetoday.org\/wp-content\/uploads\/2023\/09\/Portada_Croac-y-el-nuevo-fin-del-mundo.jpg 1111w, https:\/\/latinamericanliteraturetoday.org\/wp-content\/uploads\/2023\/09\/Portada_Croac-y-el-nuevo-fin-del-mundo-174x300.jpg 174w, https:\/\/latinamericanliteraturetoday.org\/wp-content\/uploads\/2023\/09\/Portada_Croac-y-el-nuevo-fin-del-mundo-593x1024.jpg 593w, https:\/\/latinamericanliteraturetoday.org\/wp-content\/uploads\/2023\/09\/Portada_Croac-y-el-nuevo-fin-del-mundo-768x1327.jpg 768w, https:\/\/latinamericanliteraturetoday.org\/wp-content\/uploads\/2023\/09\/Portada_Croac-y-el-nuevo-fin-del-mundo-889x1536.jpg 889w\" sizes=\"(max-width: 1111px) 100vw, 1111px\" title=\"\">\t\t\t\t\t\t\t\t<\/a>\n\t\t\t\t\t\t\t\t\t\t\t\t\t\t\t<\/div>\n\t\t\t\t<\/div>\n\t\t\t\t\t<\/div>\n\t\t<\/div>\n\t\t\t\t\t<\/div>\n\t\t<\/section>\n\t\t\t\t<section class=\"has_ae_slider elementor-section elementor-inner-section elementor-element elementor-element-dab2261 elementor-section-full_width elementor-section-height-default elementor-section-height-default ae-bg-gallery-type-default\" data-id=\"dab2261\" data-element_type=\"section\" data-e-type=\"section\">\n\t\t\t\t\t\t<div class=\"elementor-container elementor-column-gap-default\">\n\t\t\t\t\t<div class=\"has_ae_slider elementor-column elementor-col-100 elementor-inner-column elementor-element elementor-element-5a82048 ae-bg-gallery-type-default\" data-id=\"5a82048\" data-element_type=\"column\" data-e-type=\"column\">\n\t\t\t<div class=\"elementor-widget-wrap elementor-element-populated\">\n\t\t\t\t\t\t<div class=\"elementor-element elementor-element-f2112f7 elementor-widget elementor-widget-heading\" data-id=\"f2112f7\" data-element_type=\"widget\" data-e-type=\"widget\" data-widget_type=\"heading.default\">\n\t\t\t\t<div class=\"elementor-widget-container\">\n\t\t\t\t\t<h2 class=\"elementor-heading-title elementor-size-default\"><a href=\"https:\/\/latinamericanliteraturetoday.org\/es\/rese\u00f1as\/croac-y-el-nuevo-fin-de-mundo-de-ricardo-sumalavia\/\"><i>Croac y el nuevo fin de mundo<\/i> de Ricardo Sumalavia<\/a><\/h2>\t\t\t\t<\/div>\n\t\t\t\t<\/div>\n\t\t\t\t<div class=\"elementor-element elementor-element-10022ad elementor-widget elementor-widget-heading\" data-id=\"10022ad\" data-element_type=\"widget\" data-e-type=\"widget\" data-widget_type=\"heading.default\">\n\t\t\t\t<div class=\"elementor-widget-container\">\n\t\t\t\t\t<div class=\"elementor-heading-title elementor-size-default\">Por   <a href=\"https:\/\/latinamericanliteraturetoday.org\/es\/reviewers\/paula-libuy-p-2\/\" rel=\"tag\">Paula Libuy P.<\/a><\/div>\t\t\t\t<\/div>\n\t\t\t\t<\/div>\n\t\t\t\t\t<\/div>\n\t\t<\/div>\n\t\t\t\t\t<\/div>\n\t\t<\/section>\n\t\t\t\t\t<\/div>\n\t\t<\/div>\n\t\t\t\t\t<\/div>\n\t\t<\/section>\n\t\t\t\t<\/div>\n\t\t\t\t<\/article>\n\t\t\t\t<article id=\"post-26775\" class=\"elementor-post elementor-grid-item ecs-post-loop post-26775 book_review type-book_review status-publish has-post-thumbnail hentry tag-numero-27-es review_sections-no-ficcion reviewers-daniel-torres-es\">\n\t\t\t\t<div data-elementor-type=\"loop\" data-elementor-id=\"10256\" class=\"elementor elementor-10256 elementor-7212 elementor-7212 post-26775 book_review type-book_review status-publish has-post-thumbnail hentry tag-numero-27-es review_sections-no-ficcion reviewers-daniel-torres-es\" data-elementor-post-type=\"elementor_library\">\n\t\t\t\t\t<section class=\"has_ae_slider elementor-section elementor-top-section elementor-element elementor-element-2cb2d405 elementor-section-full_width elementor-section-height-default elementor-section-height-default ae-bg-gallery-type-default\" data-id=\"2cb2d405\" data-element_type=\"section\" data-e-type=\"section\">\n\t\t\t\t\t\t<div class=\"elementor-container elementor-column-gap-default\">\n\t\t\t\t\t<div class=\"has_ae_slider elementor-column elementor-col-100 elementor-top-column elementor-element elementor-element-4589e3dc ae-bg-gallery-type-default\" data-id=\"4589e3dc\" data-element_type=\"column\" data-e-type=\"column\">\n\t\t\t<div class=\"elementor-widget-wrap elementor-element-populated\">\n\t\t\t\t\t\t<section class=\"has_ae_slider elementor-section elementor-inner-section elementor-element elementor-element-b6430f8 elementor-section-full_width elementor-section-height-min-height elementor-section-height-default ae-bg-gallery-type-default\" data-id=\"b6430f8\" data-element_type=\"section\" data-e-type=\"section\">\n\t\t\t\t\t\t<div class=\"elementor-container elementor-column-gap-default\">\n\t\t\t\t\t<div class=\"has_ae_slider elementor-column elementor-col-100 elementor-inner-column elementor-element elementor-element-776c40e ae-bg-gallery-type-default\" data-id=\"776c40e\" data-element_type=\"column\" data-e-type=\"column\">\n\t\t\t<div class=\"elementor-widget-wrap elementor-element-populated\">\n\t\t\t\t\t\t<div class=\"elementor-element elementor-element-4abcf33c elementor-widget elementor-widget-theme-post-featured-image elementor-widget-image\" data-id=\"4abcf33c\" data-element_type=\"widget\" data-e-type=\"widget\" data-widget_type=\"theme-post-featured-image.default\">\n\t\t\t\t<div class=\"elementor-widget-container\">\n\t\t\t\t\t\t\t\t\t\t\t\t\t\t\t\t<a href=\"https:\/\/latinamericanliteraturetoday.org\/es\/rese\u00f1as\/la-hermosa-carne-el-cuerpo-en-la-poesia-puertorriquena-actual-de-juan-pablo-rivera\/\">\n\t\t\t\t\t\t\t<img loading=\"lazy\" decoding=\"async\" width=\"687\" height=\"1000\" src=\"https:\/\/latinamericanliteraturetoday.org\/wp-content\/uploads\/2023\/09\/Portada_La-hermosa-carne.jpg\" class=\"attachment-full size-full wp-image-27199\" alt=\"\" srcset=\"https:\/\/latinamericanliteraturetoday.org\/wp-content\/uploads\/2023\/09\/Portada_La-hermosa-carne.jpg 687w, https:\/\/latinamericanliteraturetoday.org\/wp-content\/uploads\/2023\/09\/Portada_La-hermosa-carne-206x300.jpg 206w\" sizes=\"(max-width: 687px) 100vw, 687px\" title=\"\">\t\t\t\t\t\t\t\t<\/a>\n\t\t\t\t\t\t\t\t\t\t\t\t\t\t\t<\/div>\n\t\t\t\t<\/div>\n\t\t\t\t\t<\/div>\n\t\t<\/div>\n\t\t\t\t\t<\/div>\n\t\t<\/section>\n\t\t\t\t<section class=\"has_ae_slider elementor-section elementor-inner-section elementor-element elementor-element-dab2261 elementor-section-full_width elementor-section-height-default elementor-section-height-default ae-bg-gallery-type-default\" data-id=\"dab2261\" data-element_type=\"section\" data-e-type=\"section\">\n\t\t\t\t\t\t<div class=\"elementor-container elementor-column-gap-default\">\n\t\t\t\t\t<div class=\"has_ae_slider elementor-column elementor-col-100 elementor-inner-column elementor-element elementor-element-5a82048 ae-bg-gallery-type-default\" data-id=\"5a82048\" data-element_type=\"column\" data-e-type=\"column\">\n\t\t\t<div class=\"elementor-widget-wrap elementor-element-populated\">\n\t\t\t\t\t\t<div class=\"elementor-element elementor-element-f2112f7 elementor-widget elementor-widget-heading\" data-id=\"f2112f7\" data-element_type=\"widget\" data-e-type=\"widget\" data-widget_type=\"heading.default\">\n\t\t\t\t<div class=\"elementor-widget-container\">\n\t\t\t\t\t<h2 class=\"elementor-heading-title elementor-size-default\"><a href=\"https:\/\/latinamericanliteraturetoday.org\/es\/rese\u00f1as\/la-hermosa-carne-el-cuerpo-en-la-poesia-puertorriquena-actual-de-juan-pablo-rivera\/\"><i>La hermosa carne: El cuerpo en la poes\u00eda puertorrique\u00f1a actual<\/i> de Juan Pablo Rivera<\/a><\/h2>\t\t\t\t<\/div>\n\t\t\t\t<\/div>\n\t\t\t\t<div class=\"elementor-element elementor-element-10022ad elementor-widget elementor-widget-heading\" data-id=\"10022ad\" data-element_type=\"widget\" data-e-type=\"widget\" data-widget_type=\"heading.default\">\n\t\t\t\t<div class=\"elementor-widget-container\">\n\t\t\t\t\t<div class=\"elementor-heading-title elementor-size-default\">Por   <a href=\"https:\/\/latinamericanliteraturetoday.org\/es\/reviewers\/daniel-torres-es\/\" rel=\"tag\">Daniel Torres<\/a><\/div>\t\t\t\t<\/div>\n\t\t\t\t<\/div>\n\t\t\t\t\t<\/div>\n\t\t<\/div>\n\t\t\t\t\t<\/div>\n\t\t<\/section>\n\t\t\t\t\t<\/div>\n\t\t<\/div>\n\t\t\t\t\t<\/div>\n\t\t<\/section>\n\t\t\t\t<\/div>\n\t\t\t\t<\/article>\n\t\t\t\t<article id=\"post-26784\" class=\"elementor-post elementor-grid-item ecs-post-loop post-26784 book_review type-book_review status-publish has-post-thumbnail hentry tag-numero-27-es review_sections-poesia reviewers-roger-santivanez-2\">\n\t\t\t\t<div data-elementor-type=\"loop\" data-elementor-id=\"10256\" class=\"elementor elementor-10256 elementor-7212 elementor-7212 post-26784 book_review type-book_review status-publish has-post-thumbnail hentry tag-numero-27-es review_sections-poesia reviewers-roger-santivanez-2\" data-elementor-post-type=\"elementor_library\">\n\t\t\t\t\t<section class=\"has_ae_slider elementor-section elementor-top-section elementor-element elementor-element-2cb2d405 elementor-section-full_width elementor-section-height-default elementor-section-height-default ae-bg-gallery-type-default\" data-id=\"2cb2d405\" data-element_type=\"section\" data-e-type=\"section\">\n\t\t\t\t\t\t<div class=\"elementor-container elementor-column-gap-default\">\n\t\t\t\t\t<div class=\"has_ae_slider elementor-column elementor-col-100 elementor-top-column elementor-element elementor-element-4589e3dc ae-bg-gallery-type-default\" data-id=\"4589e3dc\" data-element_type=\"column\" data-e-type=\"column\">\n\t\t\t<div class=\"elementor-widget-wrap elementor-element-populated\">\n\t\t\t\t\t\t<section class=\"has_ae_slider elementor-section elementor-inner-section elementor-element elementor-element-b6430f8 elementor-section-full_width elementor-section-height-min-height elementor-section-height-default ae-bg-gallery-type-default\" data-id=\"b6430f8\" data-element_type=\"section\" data-e-type=\"section\">\n\t\t\t\t\t\t<div class=\"elementor-container elementor-column-gap-default\">\n\t\t\t\t\t<div class=\"has_ae_slider elementor-column elementor-col-100 elementor-inner-column elementor-element elementor-element-776c40e ae-bg-gallery-type-default\" data-id=\"776c40e\" data-element_type=\"column\" data-e-type=\"column\">\n\t\t\t<div class=\"elementor-widget-wrap elementor-element-populated\">\n\t\t\t\t\t\t<div class=\"elementor-element elementor-element-4abcf33c elementor-widget elementor-widget-theme-post-featured-image elementor-widget-image\" data-id=\"4abcf33c\" data-element_type=\"widget\" data-e-type=\"widget\" data-widget_type=\"theme-post-featured-image.default\">\n\t\t\t\t<div class=\"elementor-widget-container\">\n\t\t\t\t\t\t\t\t\t\t\t\t\t\t\t\t<a href=\"https:\/\/latinamericanliteraturetoday.org\/es\/rese\u00f1as\/ave-soul-de-jorge-pimentel\/\">\n\t\t\t\t\t\t\t<img loading=\"lazy\" decoding=\"async\" width=\"737\" height=\"1000\" src=\"https:\/\/latinamericanliteraturetoday.org\/wp-content\/uploads\/2023\/09\/Portada_Ave-Soul.jpg\" class=\"attachment-full size-full wp-image-27187\" alt=\"\" srcset=\"https:\/\/latinamericanliteraturetoday.org\/wp-content\/uploads\/2023\/09\/Portada_Ave-Soul.jpg 737w, https:\/\/latinamericanliteraturetoday.org\/wp-content\/uploads\/2023\/09\/Portada_Ave-Soul-221x300.jpg 221w\" sizes=\"(max-width: 737px) 100vw, 737px\" title=\"\">\t\t\t\t\t\t\t\t<\/a>\n\t\t\t\t\t\t\t\t\t\t\t\t\t\t\t<\/div>\n\t\t\t\t<\/div>\n\t\t\t\t\t<\/div>\n\t\t<\/div>\n\t\t\t\t\t<\/div>\n\t\t<\/section>\n\t\t\t\t<section class=\"has_ae_slider elementor-section elementor-inner-section elementor-element elementor-element-dab2261 elementor-section-full_width elementor-section-height-default elementor-section-height-default ae-bg-gallery-type-default\" data-id=\"dab2261\" data-element_type=\"section\" data-e-type=\"section\">\n\t\t\t\t\t\t<div class=\"elementor-container elementor-column-gap-default\">\n\t\t\t\t\t<div class=\"has_ae_slider elementor-column elementor-col-100 elementor-inner-column elementor-element elementor-element-5a82048 ae-bg-gallery-type-default\" data-id=\"5a82048\" data-element_type=\"column\" data-e-type=\"column\">\n\t\t\t<div class=\"elementor-widget-wrap elementor-element-populated\">\n\t\t\t\t\t\t<div class=\"elementor-element elementor-element-f2112f7 elementor-widget elementor-widget-heading\" data-id=\"f2112f7\" data-element_type=\"widget\" data-e-type=\"widget\" data-widget_type=\"heading.default\">\n\t\t\t\t<div class=\"elementor-widget-container\">\n\t\t\t\t\t<h2 class=\"elementor-heading-title elementor-size-default\"><a href=\"https:\/\/latinamericanliteraturetoday.org\/es\/rese\u00f1as\/ave-soul-de-jorge-pimentel\/\"><i>Ave Soul<\/i> de Jorge Pimentel<\/a><\/h2>\t\t\t\t<\/div>\n\t\t\t\t<\/div>\n\t\t\t\t<div class=\"elementor-element elementor-element-10022ad elementor-widget elementor-widget-heading\" data-id=\"10022ad\" data-element_type=\"widget\" data-e-type=\"widget\" data-widget_type=\"heading.default\">\n\t\t\t\t<div class=\"elementor-widget-container\">\n\t\t\t\t\t<div class=\"elementor-heading-title elementor-size-default\">Por   <a href=\"https:\/\/latinamericanliteraturetoday.org\/es\/reviewers\/roger-santivanez-2\/\" rel=\"tag\">Roger Santiv\u00e1\u00f1ez<\/a><\/div>\t\t\t\t<\/div>\n\t\t\t\t<\/div>\n\t\t\t\t\t<\/div>\n\t\t<\/div>\n\t\t\t\t\t<\/div>\n\t\t<\/section>\n\t\t\t\t\t<\/div>\n\t\t<\/div>\n\t\t\t\t\t<\/div>\n\t\t<\/section>\n\t\t\t\t<\/div>\n\t\t\t\t<\/article>\n\t\t\t\t<\/div>\n\t\t\t\t\t\t<\/div>\n\t\t\t\t<\/div>\n\t\t\t\t\t<\/div>\n\t\t<\/div>\n\t\t\t\t\t<\/div>\n\t\t<\/section>\n\t\t\t\t<\/div>\n\t\t","protected":false},"excerpt":{"rendered":"<p>En nuestro n\u00famero veintisiete, la poes\u00eda es el protagonista, con un dossier de portada dedicado al innovador poeta peruano Carlos Germ\u00e1n Belli m\u00e1s un dossier en homenaje al reconocido poeta maya k\u2019iche\u2019 Humberto Ak\u2019abal. Destacamos la obra de Dubravka Ugre\u0161i\u0107, ganadora del Premio Neustadt 2016, en nuestra secci\u00f3n de literatura mundial de World Literature Today, y en la secci\u00f3n de Literatura Ind\u00edgena presentamos una selecci\u00f3n especial de textos multiling\u00fces de la nueva antolog\u00eda Hijas de Am\u00e9rica Latina. Este n\u00famero tambi\u00e9n incluye adelantos de nuevos libros en traducci\u00f3n del artista brasile\u00f1o H\u00e9lio Oiticica y el escritor mexicano Luis Felipe Fabre, adem\u00e1s de una reflexi\u00f3n sobre la traducci\u00f3n de Robin Myers y fragmentos de fascinantes libros en busca de editorial de Leonardo Valente y John Templanza Better.<\/p>\n","protected":false},"featured_media":27407,"template":"","class_list":["post-27416","reviewslist","type-reviewslist","status-publish","has-post-thumbnail","hentry"],"acf":[],"_links":{"self":[{"href":"https:\/\/latinamericanliteraturetoday.org\/es\/wp-json\/wp\/v2\/reviewslist\/27416","targetHints":{"allow":["GET"]}}],"collection":[{"href":"https:\/\/latinamericanliteraturetoday.org\/es\/wp-json\/wp\/v2\/reviewslist"}],"about":[{"href":"https:\/\/latinamericanliteraturetoday.org\/es\/wp-json\/wp\/v2\/types\/reviewslist"}],"version-history":[{"count":7,"href":"https:\/\/latinamericanliteraturetoday.org\/es\/wp-json\/wp\/v2\/reviewslist\/27416\/revisions"}],"predecessor-version":[{"id":33934,"href":"https:\/\/latinamericanliteraturetoday.org\/es\/wp-json\/wp\/v2\/reviewslist\/27416\/revisions\/33934"}],"wp:featuredmedia":[{"embeddable":true,"href":"https:\/\/latinamericanliteraturetoday.org\/es\/wp-json\/wp\/v2\/media\/27407"}],"wp:attachment":[{"href":"https:\/\/latinamericanliteraturetoday.org\/es\/wp-json\/wp\/v2\/media?parent=27416"}],"curies":[{"name":"wp","href":"https:\/\/api.w.org\/{rel}","templated":true}]}}