{"id":15410,"date":"2022-06-07T02:07:24","date_gmt":"2022-06-07T08:07:24","guid":{"rendered":"https:\/\/latinamericanliteraturetoday.org\/reviewslist\/resenas-numero-22\/"},"modified":"2024-05-15T00:15:51","modified_gmt":"2024-05-15T06:15:51","slug":"resenas-numero-22","status":"publish","type":"reviewslist","link":"https:\/\/latinamericanliteraturetoday.org\/es\/lista\/resenas-numero-22\/","title":{"rendered":"Rese\u00f1as &#8211; N\u00famero 22"},"content":{"rendered":"\t\t<div data-elementor-type=\"wp-post\" data-elementor-id=\"15410\" class=\"elementor elementor-15410 elementor-15395\" data-elementor-post-type=\"reviewslist\">\n\t\t\t\t\t\t<section class=\"has_ae_slider elementor-section elementor-top-section elementor-element elementor-element-94b18bd elementor-section-boxed elementor-section-height-default elementor-section-height-default ae-bg-gallery-type-default\" data-id=\"94b18bd\" data-element_type=\"section\" data-e-type=\"section\">\n\t\t\t\t\t\t<div class=\"elementor-container elementor-column-gap-default\">\n\t\t\t\t\t<div class=\"has_ae_slider elementor-column elementor-col-100 elementor-top-column elementor-element elementor-element-f6c1410 ae-bg-gallery-type-default\" data-id=\"f6c1410\" data-element_type=\"column\" data-e-type=\"column\">\n\t\t\t<div class=\"elementor-widget-wrap elementor-element-populated\">\n\t\t\t\t\t\t<div class=\"elementor-element elementor-element-07c2fcc elementor-widget elementor-widget-heading\" data-id=\"07c2fcc\" data-element_type=\"widget\" data-e-type=\"widget\" data-widget_type=\"heading.default\">\n\t\t\t\t<div class=\"elementor-widget-container\">\n\t\t\t\t\t<span class=\"elementor-heading-title elementor-size-default\">N\u00daMERO<\/span>\t\t\t\t<\/div>\n\t\t\t\t<\/div>\n\t\t\t\t<div class=\"elementor-element elementor-element-e2f5382 elementor-widget elementor-widget-heading\" data-id=\"e2f5382\" data-element_type=\"widget\" data-e-type=\"widget\" data-widget_type=\"heading.default\">\n\t\t\t\t<div class=\"elementor-widget-container\">\n\t\t\t\t\t<h1 class=\"elementor-heading-title elementor-size-default\">Rese\u00f1as<\/h1>\t\t\t\t<\/div>\n\t\t\t\t<\/div>\n\t\t\t\t<div class=\"elementor-element elementor-element-86bb38c elementor-post-navigation-borders-yes elementor-widget elementor-widget-post-navigation\" data-id=\"86bb38c\" data-element_type=\"widget\" data-e-type=\"widget\" data-widget_type=\"post-navigation.default\">\n\t\t\t\t<div class=\"elementor-widget-container\">\n\t\t\t\t\t\t\t<div class=\"elementor-post-navigation\" role=\"navigation\" aria-label=\"Post Navigation\">\n\t\t\t<div class=\"elementor-post-navigation__prev elementor-post-navigation__link\">\n\t\t\t\t<a href=\"https:\/\/latinamericanliteraturetoday.org\/es\/lista\/resenas-numero-21\/\" rel=\"prev\"><span class=\"post-navigation__arrow-wrapper post-navigation__arrow-prev\"><svg aria-hidden=\"true\" class=\"e-font-icon-svg e-fas-angle-left\" viewBox=\"0 0 256 512\" xmlns=\"http:\/\/www.w3.org\/2000\/svg\"><path d=\"M31.7 239l136-136c9.4-9.4 24.6-9.4 33.9 0l22.6 22.6c9.4 9.4 9.4 24.6 0 33.9L127.9 256l96.4 96.4c9.4 9.4 9.4 24.6 0 33.9L201.7 409c-9.4 9.4-24.6 9.4-33.9 0l-136-136c-9.5-9.4-9.5-24.6-.1-34z\"><\/path><\/svg><span class=\"elementor-screen-only\">Prev<\/span><\/span><span class=\"elementor-post-navigation__link__prev\"><span class=\"post-navigation__prev--label\">Anterior<\/span><span class=\"post-navigation__prev--title\">Rese\u00f1as &#8211; N\u00famero 21<\/span><\/span><\/a>\t\t\t<\/div>\n\t\t\t\t\t\t\t<div class=\"elementor-post-navigation__separator-wrapper\">\n\t\t\t\t\t<div class=\"elementor-post-navigation__separator\"><\/div>\n\t\t\t\t<\/div>\n\t\t\t\t\t\t<div class=\"elementor-post-navigation__next elementor-post-navigation__link\">\n\t\t\t\t<a href=\"https:\/\/latinamericanliteraturetoday.org\/es\/lista\/resenas-numero-23\/\" rel=\"next\"><span class=\"elementor-post-navigation__link__next\"><span class=\"post-navigation__next--label\">Siguiente<\/span><span class=\"post-navigation__next--title\">Rese\u00f1as &#8211; N\u00famero 23<\/span><\/span><span class=\"post-navigation__arrow-wrapper post-navigation__arrow-next\"><svg aria-hidden=\"true\" class=\"e-font-icon-svg e-fas-angle-right\" viewBox=\"0 0 256 512\" xmlns=\"http:\/\/www.w3.org\/2000\/svg\"><path d=\"M224.3 273l-136 136c-9.4 9.4-24.6 9.4-33.9 0l-22.6-22.6c-9.4-9.4-9.4-24.6 0-33.9l96.4-96.4-96.4-96.4c-9.4-9.4-9.4-24.6 0-33.9L54.3 103c9.4-9.4 24.6-9.4 33.9 0l136 136c9.5 9.4 9.5 24.6.1 34z\"><\/path><\/svg><span class=\"elementor-screen-only\">Next<\/span><\/span><\/a>\t\t\t<\/div>\n\t\t<\/div>\n\t\t\t\t\t\t<\/div>\n\t\t\t\t<\/div>\n\t\t\t\t\t<\/div>\n\t\t<\/div>\n\t\t\t\t\t<\/div>\n\t\t<\/section>\n\t\t\t\t<section class=\"has_ae_slider elementor-section elementor-top-section elementor-element elementor-element-390bc05 elementor-section-boxed elementor-section-height-default elementor-section-height-default ae-bg-gallery-type-default\" data-id=\"390bc05\" data-element_type=\"section\" data-e-type=\"section\">\n\t\t\t\t\t\t<div class=\"elementor-container elementor-column-gap-default\">\n\t\t\t\t\t<div class=\"has_ae_slider elementor-column elementor-col-33 elementor-top-column elementor-element elementor-element-faaccc4 ae-bg-gallery-type-default\" data-id=\"faaccc4\" data-element_type=\"column\" data-e-type=\"column\">\n\t\t\t<div class=\"elementor-widget-wrap elementor-element-populated\">\n\t\t\t\t\t\t<section class=\"has_ae_slider elementor-section elementor-inner-section elementor-element elementor-element-933b5ea elementor-section-boxed elementor-section-height-default elementor-section-height-default ae-bg-gallery-type-default\" data-id=\"933b5ea\" data-element_type=\"section\" data-e-type=\"section\" data-settings=\"{&quot;sticky&quot;:&quot;top&quot;,&quot;sticky_on&quot;:[&quot;widescreen&quot;,&quot;desktop&quot;,&quot;laptop&quot;,&quot;tablet_extra&quot;,&quot;tablet&quot;,&quot;mobile_extra&quot;],&quot;sticky_offset&quot;:100,&quot;sticky_effects_offset&quot;:100,&quot;sticky_parent&quot;:&quot;yes&quot;,&quot;sticky_anchor_link_offset&quot;:0}\">\n\t\t\t\t\t\t<div class=\"elementor-container elementor-column-gap-default\">\n\t\t\t\t\t<div class=\"has_ae_slider elementor-column elementor-col-100 elementor-inner-column elementor-element elementor-element-a5f8f39 ae-bg-gallery-type-default\" data-id=\"a5f8f39\" data-element_type=\"column\" data-e-type=\"column\">\n\t\t\t<div class=\"elementor-widget-wrap elementor-element-populated\">\n\t\t\t\t\t\t<div class=\"elementor-element elementor-element-88e317c elementor-widget elementor-widget-image\" data-id=\"88e317c\" data-element_type=\"widget\" data-e-type=\"widget\" data-widget_type=\"image.default\">\n\t\t\t\t<div class=\"elementor-widget-container\">\n\t\t\t\t\t\t\t\t\t\t\t\t\t\t\t<img fetchpriority=\"high\" decoding=\"async\" width=\"800\" height=\"1003\" src=\"https:\/\/latinamericanliteraturetoday.org\/wp-content\/uploads\/2022\/06\/Portada-No-22-817x1024.jpeg\" class=\"attachment-large size-large wp-image-15351\" alt=\"\" srcset=\"https:\/\/latinamericanliteraturetoday.org\/wp-content\/uploads\/2022\/06\/Portada-No-22-817x1024.jpeg 817w, https:\/\/latinamericanliteraturetoday.org\/wp-content\/uploads\/2022\/06\/Portada-No-22-239x300.jpeg 239w, https:\/\/latinamericanliteraturetoday.org\/wp-content\/uploads\/2022\/06\/Portada-No-22-768x963.jpeg 768w, https:\/\/latinamericanliteraturetoday.org\/wp-content\/uploads\/2022\/06\/Portada-No-22-1225x1536.jpeg 1225w, https:\/\/latinamericanliteraturetoday.org\/wp-content\/uploads\/2022\/06\/Portada-No-22-1634x2048.jpeg 1634w, https:\/\/latinamericanliteraturetoday.org\/wp-content\/uploads\/2022\/06\/Portada-No-22.jpeg 1801w\" sizes=\"(max-width: 800px) 100vw, 800px\" title=\"\">\t\t\t\t\t\t\t\t\t\t\t\t\t\t\t<\/div>\n\t\t\t\t<\/div>\n\t\t\t\t<div class=\"elementor-element elementor-element-8d228ca elementor-widget__width-auto elementor-widget elementor-widget-heading\" data-id=\"8d228ca\" data-element_type=\"widget\" data-e-type=\"widget\" data-widget_type=\"heading.default\">\n\t\t\t\t<div class=\"elementor-widget-container\">\n\t\t\t\t\t<h2 class=\"elementor-heading-title elementor-size-default\">VOLUME 1, N\u00daMERO 22. JUNIO,2022<\/h2>\t\t\t\t<\/div>\n\t\t\t\t<\/div>\n\t\t\t\t<div class=\"elementor-element elementor-element-1ffde46 elementor-widget elementor-widget-text-editor\" data-id=\"1ffde46\" data-element_type=\"widget\" data-e-type=\"widget\" data-widget_type=\"text-editor.default\">\n\t\t\t\t<div class=\"elementor-widget-container\">\n\t\t\t\t\t\t\t\t\tEn nuestro n\u00famero veintid\u00f3s, destacamos la obra del aclamado escritor mexicano Fabio Mor\u00e1bito, junto con la floreciente comunidad de traductores literarios que se ha formado en Tulsa, Oklahoma gracias al Tulsa Artist Fellowship. Tambi\u00e9n presentamos entrevistas con la escritora boliviana Liliana Colanzi y la traductora Robin Myers, un dossier ilustrado de haikus en lenguas mayas y adelantos exclusivos de los pr\u00f3ximos libros en traducci\u00f3n de Camila Sosa Villada, Ver\u00f3nica Zondek y Fernanda Melchor.\t\t\t\t\t\t\t\t<\/div>\n\t\t\t\t<\/div>\n\t\t\t\t<div class=\"elementor-element elementor-element-2420ba0 elementor-align-justify elementor-widget elementor-widget-button\" data-id=\"2420ba0\" data-element_type=\"widget\" data-e-type=\"widget\" data-widget_type=\"button.default\">\n\t\t\t\t<div class=\"elementor-widget-container\">\n\t\t\t\t\t\t\t\t\t<div class=\"elementor-button-wrapper\">\n\t\t\t\t\t<a class=\"elementor-button elementor-button-link elementor-size-sm\" href=\"\/es\/numero\/22\/\">\n\t\t\t\t\t\t<span class=\"elementor-button-content-wrapper\">\n\t\t\t\t\t\t<span class=\"elementor-button-icon\">\n\t\t\t\t<svg aria-hidden=\"true\" class=\"e-font-icon-svg e-fas-arrow-right\" viewBox=\"0 0 448 512\" xmlns=\"http:\/\/www.w3.org\/2000\/svg\"><path d=\"M190.5 66.9l22.2-22.2c9.4-9.4 24.6-9.4 33.9 0L441 239c9.4 9.4 9.4 24.6 0 33.9L246.6 467.3c-9.4 9.4-24.6 9.4-33.9 0l-22.2-22.2c-9.5-9.5-9.3-25 .4-34.3L311.4 296H24c-13.3 0-24-10.7-24-24v-32c0-13.3 10.7-24 24-24h287.4L190.9 101.2c-9.8-9.3-10-24.8-.4-34.3z\"><\/path><\/svg>\t\t\t<\/span>\n\t\t\t\t\t\t\t\t\t<span class=\"elementor-button-text\">TABLA DE CONTENIDOS<\/span>\n\t\t\t\t\t<\/span>\n\t\t\t\t\t<\/a>\n\t\t\t\t<\/div>\n\t\t\t\t\t\t\t\t<\/div>\n\t\t\t\t<\/div>\n\t\t\t\t\t<\/div>\n\t\t<\/div>\n\t\t\t\t\t<\/div>\n\t\t<\/section>\n\t\t\t\t\t<\/div>\n\t\t<\/div>\n\t\t\t\t<div class=\"has_ae_slider elementor-column elementor-col-66 elementor-top-column elementor-element elementor-element-e61ef6d ae-bg-gallery-type-default\" data-id=\"e61ef6d\" data-element_type=\"column\" data-e-type=\"column\">\n\t\t\t<div class=\"elementor-widget-wrap elementor-element-populated\">\n\t\t\t\t\t\t<div class=\"elementor-element elementor-element-23f5e1c elementor-grid-2 elementor-grid-mobile-2 elementor-posts--align-left elementor-posts--thumbnail-top elementor-grid-tablet-2 elementor-widget elementor-widget-posts\" data-id=\"23f5e1c\" data-element_type=\"widget\" data-e-type=\"widget\" data-settings=\"{&quot;custom_columns&quot;:&quot;2&quot;,&quot;custom_row_gap&quot;:{&quot;unit&quot;:&quot;px&quot;,&quot;size&quot;:20,&quot;sizes&quot;:[]},&quot;custom_columns_mobile&quot;:&quot;2&quot;,&quot;custom_columns_tablet&quot;:&quot;2&quot;,&quot;custom_row_gap_widescreen&quot;:{&quot;unit&quot;:&quot;px&quot;,&quot;size&quot;:&quot;&quot;,&quot;sizes&quot;:[]},&quot;custom_row_gap_laptop&quot;:{&quot;unit&quot;:&quot;px&quot;,&quot;size&quot;:&quot;&quot;,&quot;sizes&quot;:[]},&quot;custom_row_gap_tablet_extra&quot;:{&quot;unit&quot;:&quot;px&quot;,&quot;size&quot;:&quot;&quot;,&quot;sizes&quot;:[]},&quot;custom_row_gap_tablet&quot;:{&quot;unit&quot;:&quot;px&quot;,&quot;size&quot;:&quot;&quot;,&quot;sizes&quot;:[]},&quot;custom_row_gap_mobile_extra&quot;:{&quot;unit&quot;:&quot;px&quot;,&quot;size&quot;:&quot;&quot;,&quot;sizes&quot;:[]},&quot;custom_row_gap_mobile&quot;:{&quot;unit&quot;:&quot;px&quot;,&quot;size&quot;:&quot;&quot;,&quot;sizes&quot;:[]}}\" data-widget_type=\"posts.custom\">\n\t\t\t\t<div class=\"elementor-widget-container\">\n\t\t\t\t\t      <div class=\"ecs-posts elementor-posts-container elementor-posts   elementor-grid elementor-posts--skin-custom\" data-settings=\"{&quot;current_page&quot;:1,&quot;max_num_pages&quot;:1,&quot;load_method&quot;:&quot;&quot;,&quot;widget_id&quot;:&quot;23f5e1c&quot;,&quot;post_id&quot;:15410,&quot;theme_id&quot;:15410,&quot;change_url&quot;:false,&quot;reinit_js&quot;:false}\">\n      \t\t<article id=\"post-15010\" class=\"elementor-post elementor-grid-item ecs-post-loop post-15010 book_review type-book_review status-publish has-post-thumbnail hentry review_sections-ficcion reviewers-andrea-salgado-es translator-marit-eiler-es editors_pick-editors-pick-es\">\n\t\t\t\t<div data-elementor-type=\"loop\" data-elementor-id=\"10256\" class=\"elementor elementor-10256 elementor-7212 elementor-7212 post-15010 book_review type-book_review status-publish has-post-thumbnail hentry review_sections-ficcion reviewers-andrea-salgado-es translator-marit-eiler-es editors_pick-editors-pick-es\" data-elementor-post-type=\"elementor_library\">\n\t\t\t\t\t<section class=\"has_ae_slider elementor-section elementor-top-section elementor-element elementor-element-2cb2d405 elementor-section-full_width elementor-section-height-default elementor-section-height-default ae-bg-gallery-type-default\" data-id=\"2cb2d405\" data-element_type=\"section\" data-e-type=\"section\">\n\t\t\t\t\t\t<div class=\"elementor-container elementor-column-gap-default\">\n\t\t\t\t\t<div class=\"has_ae_slider elementor-column elementor-col-100 elementor-top-column elementor-element elementor-element-4589e3dc ae-bg-gallery-type-default\" data-id=\"4589e3dc\" data-element_type=\"column\" data-e-type=\"column\">\n\t\t\t<div class=\"elementor-widget-wrap elementor-element-populated\">\n\t\t\t\t\t\t<section class=\"has_ae_slider elementor-section elementor-inner-section elementor-element elementor-element-b6430f8 elementor-section-full_width elementor-section-height-min-height elementor-section-height-default ae-bg-gallery-type-default\" data-id=\"b6430f8\" data-element_type=\"section\" data-e-type=\"section\">\n\t\t\t\t\t\t<div class=\"elementor-container elementor-column-gap-default\">\n\t\t\t\t\t<div class=\"has_ae_slider elementor-column elementor-col-100 elementor-inner-column elementor-element elementor-element-776c40e ae-bg-gallery-type-default\" data-id=\"776c40e\" data-element_type=\"column\" data-e-type=\"column\">\n\t\t\t<div class=\"elementor-widget-wrap elementor-element-populated\">\n\t\t\t\t\t\t<div class=\"elementor-element elementor-element-4abcf33c elementor-widget elementor-widget-theme-post-featured-image elementor-widget-image\" data-id=\"4abcf33c\" data-element_type=\"widget\" data-e-type=\"widget\" data-widget_type=\"theme-post-featured-image.default\">\n\t\t\t\t<div class=\"elementor-widget-container\">\n\t\t\t\t\t\t\t\t\t\t\t\t\t\t\t\t<a href=\"https:\/\/latinamericanliteraturetoday.org\/es\/rese\u00f1as\/estrella-madre-de-giuseppe-caputo\/\">\n\t\t\t\t\t\t\t<img decoding=\"async\" width=\"173\" height=\"292\" src=\"https:\/\/latinamericanliteraturetoday.org\/wp-content\/uploads\/2022\/06\/Estrella-madre.jpg\" class=\"attachment-full size-full wp-image-14627\" alt=\"\" title=\"\">\t\t\t\t\t\t\t\t<\/a>\n\t\t\t\t\t\t\t\t\t\t\t\t\t\t\t<\/div>\n\t\t\t\t<\/div>\n\t\t\t\t\t<\/div>\n\t\t<\/div>\n\t\t\t\t\t<\/div>\n\t\t<\/section>\n\t\t\t\t<section class=\"has_ae_slider elementor-section elementor-inner-section elementor-element elementor-element-dab2261 elementor-section-full_width elementor-section-height-default elementor-section-height-default ae-bg-gallery-type-default\" data-id=\"dab2261\" data-element_type=\"section\" data-e-type=\"section\">\n\t\t\t\t\t\t<div class=\"elementor-container elementor-column-gap-default\">\n\t\t\t\t\t<div class=\"has_ae_slider elementor-column elementor-col-100 elementor-inner-column elementor-element elementor-element-5a82048 ae-bg-gallery-type-default\" data-id=\"5a82048\" data-element_type=\"column\" data-e-type=\"column\">\n\t\t\t<div class=\"elementor-widget-wrap elementor-element-populated\">\n\t\t\t\t\t\t<div class=\"elementor-element elementor-element-f2112f7 elementor-widget elementor-widget-heading\" data-id=\"f2112f7\" data-element_type=\"widget\" data-e-type=\"widget\" data-widget_type=\"heading.default\">\n\t\t\t\t<div class=\"elementor-widget-container\">\n\t\t\t\t\t<h2 class=\"elementor-heading-title elementor-size-default\"><a href=\"https:\/\/latinamericanliteraturetoday.org\/es\/rese\u00f1as\/estrella-madre-de-giuseppe-caputo\/\"><i>Estrella madre<\/i> de Giuseppe Caputo<\/a><\/h2>\t\t\t\t<\/div>\n\t\t\t\t<\/div>\n\t\t\t\t<div class=\"elementor-element elementor-element-10022ad elementor-widget elementor-widget-heading\" data-id=\"10022ad\" data-element_type=\"widget\" data-e-type=\"widget\" data-widget_type=\"heading.default\">\n\t\t\t\t<div class=\"elementor-widget-container\">\n\t\t\t\t\t<div class=\"elementor-heading-title elementor-size-default\">Por   <a href=\"https:\/\/latinamericanliteraturetoday.org\/es\/reviewers\/andrea-salgado-es\/\" rel=\"tag\">Andrea Salgado<\/a><\/div>\t\t\t\t<\/div>\n\t\t\t\t<\/div>\n\t\t\t\t\t<\/div>\n\t\t<\/div>\n\t\t\t\t\t<\/div>\n\t\t<\/section>\n\t\t\t\t\t<\/div>\n\t\t<\/div>\n\t\t\t\t\t<\/div>\n\t\t<\/section>\n\t\t\t\t<\/div>\n\t\t\t\t<\/article>\n\t\t\t\t<article id=\"post-15039\" class=\"elementor-post elementor-grid-item ecs-post-loop post-15039 book_review type-book_review status-publish has-post-thumbnail hentry tag-number-23-es review_sections-ficcion reviewers-marta-orrantia-es translator-audrey-meshulam-es\">\n\t\t\t\t<div data-elementor-type=\"loop\" data-elementor-id=\"10256\" class=\"elementor elementor-10256 elementor-7212 elementor-7212 post-15039 book_review type-book_review status-publish has-post-thumbnail hentry tag-number-23-es review_sections-ficcion reviewers-marta-orrantia-es translator-audrey-meshulam-es\" data-elementor-post-type=\"elementor_library\">\n\t\t\t\t\t<section class=\"has_ae_slider elementor-section elementor-top-section elementor-element elementor-element-2cb2d405 elementor-section-full_width elementor-section-height-default elementor-section-height-default ae-bg-gallery-type-default\" data-id=\"2cb2d405\" data-element_type=\"section\" data-e-type=\"section\">\n\t\t\t\t\t\t<div class=\"elementor-container elementor-column-gap-default\">\n\t\t\t\t\t<div class=\"has_ae_slider elementor-column elementor-col-100 elementor-top-column elementor-element elementor-element-4589e3dc ae-bg-gallery-type-default\" data-id=\"4589e3dc\" data-element_type=\"column\" data-e-type=\"column\">\n\t\t\t<div class=\"elementor-widget-wrap elementor-element-populated\">\n\t\t\t\t\t\t<section class=\"has_ae_slider elementor-section elementor-inner-section elementor-element elementor-element-b6430f8 elementor-section-full_width elementor-section-height-min-height elementor-section-height-default ae-bg-gallery-type-default\" data-id=\"b6430f8\" data-element_type=\"section\" data-e-type=\"section\">\n\t\t\t\t\t\t<div class=\"elementor-container elementor-column-gap-default\">\n\t\t\t\t\t<div class=\"has_ae_slider elementor-column elementor-col-100 elementor-inner-column elementor-element elementor-element-776c40e ae-bg-gallery-type-default\" data-id=\"776c40e\" data-element_type=\"column\" data-e-type=\"column\">\n\t\t\t<div class=\"elementor-widget-wrap elementor-element-populated\">\n\t\t\t\t\t\t<div class=\"elementor-element elementor-element-4abcf33c elementor-widget elementor-widget-theme-post-featured-image elementor-widget-image\" data-id=\"4abcf33c\" data-element_type=\"widget\" data-e-type=\"widget\" data-widget_type=\"theme-post-featured-image.default\">\n\t\t\t\t<div class=\"elementor-widget-container\">\n\t\t\t\t\t\t\t\t\t\t\t\t\t\t\t\t<a href=\"https:\/\/latinamericanliteraturetoday.org\/es\/rese\u00f1as\/banzai-violencia-en-la-carretera-de-roberto-rubiano-vargas\/\">\n\t\t\t\t\t\t\t<img decoding=\"async\" width=\"222\" height=\"305\" src=\"https:\/\/latinamericanliteraturetoday.org\/wp-content\/uploads\/2022\/06\/Banzai.jpg\" class=\"attachment-full size-full wp-image-14635\" alt=\"\" srcset=\"https:\/\/latinamericanliteraturetoday.org\/wp-content\/uploads\/2022\/06\/Banzai.jpg 222w, https:\/\/latinamericanliteraturetoday.org\/wp-content\/uploads\/2022\/06\/Banzai-218x300.jpg 218w\" sizes=\"(max-width: 222px) 100vw, 222px\" title=\"\">\t\t\t\t\t\t\t\t<\/a>\n\t\t\t\t\t\t\t\t\t\t\t\t\t\t\t<\/div>\n\t\t\t\t<\/div>\n\t\t\t\t\t<\/div>\n\t\t<\/div>\n\t\t\t\t\t<\/div>\n\t\t<\/section>\n\t\t\t\t<section class=\"has_ae_slider elementor-section elementor-inner-section elementor-element elementor-element-dab2261 elementor-section-full_width elementor-section-height-default elementor-section-height-default ae-bg-gallery-type-default\" data-id=\"dab2261\" data-element_type=\"section\" data-e-type=\"section\">\n\t\t\t\t\t\t<div class=\"elementor-container elementor-column-gap-default\">\n\t\t\t\t\t<div class=\"has_ae_slider elementor-column elementor-col-100 elementor-inner-column elementor-element elementor-element-5a82048 ae-bg-gallery-type-default\" data-id=\"5a82048\" data-element_type=\"column\" data-e-type=\"column\">\n\t\t\t<div class=\"elementor-widget-wrap elementor-element-populated\">\n\t\t\t\t\t\t<div class=\"elementor-element elementor-element-f2112f7 elementor-widget elementor-widget-heading\" data-id=\"f2112f7\" data-element_type=\"widget\" data-e-type=\"widget\" data-widget_type=\"heading.default\">\n\t\t\t\t<div class=\"elementor-widget-container\">\n\t\t\t\t\t<h2 class=\"elementor-heading-title elementor-size-default\"><a href=\"https:\/\/latinamericanliteraturetoday.org\/es\/rese\u00f1as\/banzai-violencia-en-la-carretera-de-roberto-rubiano-vargas\/\"><i>Banzai: Violencia en la carretera<\/i> de Roberto Rubiano Vargas<\/a><\/h2>\t\t\t\t<\/div>\n\t\t\t\t<\/div>\n\t\t\t\t<div class=\"elementor-element elementor-element-10022ad elementor-widget elementor-widget-heading\" data-id=\"10022ad\" data-element_type=\"widget\" data-e-type=\"widget\" data-widget_type=\"heading.default\">\n\t\t\t\t<div class=\"elementor-widget-container\">\n\t\t\t\t\t<div class=\"elementor-heading-title elementor-size-default\">Por   <a href=\"https:\/\/latinamericanliteraturetoday.org\/es\/reviewers\/marta-orrantia-es\/\" rel=\"tag\">Marta Orrantia<\/a><\/div>\t\t\t\t<\/div>\n\t\t\t\t<\/div>\n\t\t\t\t\t<\/div>\n\t\t<\/div>\n\t\t\t\t\t<\/div>\n\t\t<\/section>\n\t\t\t\t\t<\/div>\n\t\t<\/div>\n\t\t\t\t\t<\/div>\n\t\t<\/section>\n\t\t\t\t<\/div>\n\t\t\t\t<\/article>\n\t\t\t\t<article id=\"post-14692\" class=\"elementor-post elementor-grid-item ecs-post-loop post-14692 book_review type-book_review status-publish has-post-thumbnail hentry tag-number-23-es review_sections-poesia reviewers-josue-cabrera-serrano-es translator-simran-kaur-es editors_pick-editors-pick-es\">\n\t\t\t\t<div data-elementor-type=\"loop\" data-elementor-id=\"10256\" class=\"elementor elementor-10256 elementor-7212 elementor-7212 post-14692 book_review type-book_review status-publish has-post-thumbnail hentry tag-number-23-es review_sections-poesia reviewers-josue-cabrera-serrano-es translator-simran-kaur-es editors_pick-editors-pick-es\" data-elementor-post-type=\"elementor_library\">\n\t\t\t\t\t<section class=\"has_ae_slider elementor-section elementor-top-section elementor-element elementor-element-2cb2d405 elementor-section-full_width elementor-section-height-default elementor-section-height-default ae-bg-gallery-type-default\" data-id=\"2cb2d405\" data-element_type=\"section\" data-e-type=\"section\">\n\t\t\t\t\t\t<div class=\"elementor-container elementor-column-gap-default\">\n\t\t\t\t\t<div class=\"has_ae_slider elementor-column elementor-col-100 elementor-top-column elementor-element elementor-element-4589e3dc ae-bg-gallery-type-default\" data-id=\"4589e3dc\" data-element_type=\"column\" data-e-type=\"column\">\n\t\t\t<div class=\"elementor-widget-wrap elementor-element-populated\">\n\t\t\t\t\t\t<section class=\"has_ae_slider elementor-section elementor-inner-section elementor-element elementor-element-b6430f8 elementor-section-full_width elementor-section-height-min-height elementor-section-height-default ae-bg-gallery-type-default\" data-id=\"b6430f8\" data-element_type=\"section\" data-e-type=\"section\">\n\t\t\t\t\t\t<div class=\"elementor-container elementor-column-gap-default\">\n\t\t\t\t\t<div class=\"has_ae_slider elementor-column elementor-col-100 elementor-inner-column elementor-element elementor-element-776c40e ae-bg-gallery-type-default\" data-id=\"776c40e\" data-element_type=\"column\" data-e-type=\"column\">\n\t\t\t<div class=\"elementor-widget-wrap elementor-element-populated\">\n\t\t\t\t\t\t<div class=\"elementor-element elementor-element-4abcf33c elementor-widget elementor-widget-theme-post-featured-image elementor-widget-image\" data-id=\"4abcf33c\" data-element_type=\"widget\" data-e-type=\"widget\" data-widget_type=\"theme-post-featured-image.default\">\n\t\t\t\t<div class=\"elementor-widget-container\">\n\t\t\t\t\t\t\t\t\t\t\t\t\t\t\t\t<a href=\"https:\/\/latinamericanliteraturetoday.org\/es\/rese\u00f1as\/un-objeto-afilado-de-alexandra-maia\/\">\n\t\t\t\t\t\t\t<img loading=\"lazy\" decoding=\"async\" width=\"175\" height=\"274\" src=\"https:\/\/latinamericanliteraturetoday.org\/wp-content\/uploads\/2022\/06\/Un-objeto-afilado.jpg\" class=\"attachment-full size-full wp-image-14655\" alt=\"\" title=\"\">\t\t\t\t\t\t\t\t<\/a>\n\t\t\t\t\t\t\t\t\t\t\t\t\t\t\t<\/div>\n\t\t\t\t<\/div>\n\t\t\t\t\t<\/div>\n\t\t<\/div>\n\t\t\t\t\t<\/div>\n\t\t<\/section>\n\t\t\t\t<section class=\"has_ae_slider elementor-section elementor-inner-section elementor-element elementor-element-dab2261 elementor-section-full_width elementor-section-height-default elementor-section-height-default ae-bg-gallery-type-default\" data-id=\"dab2261\" data-element_type=\"section\" data-e-type=\"section\">\n\t\t\t\t\t\t<div class=\"elementor-container elementor-column-gap-default\">\n\t\t\t\t\t<div class=\"has_ae_slider elementor-column elementor-col-100 elementor-inner-column elementor-element elementor-element-5a82048 ae-bg-gallery-type-default\" data-id=\"5a82048\" data-element_type=\"column\" data-e-type=\"column\">\n\t\t\t<div class=\"elementor-widget-wrap elementor-element-populated\">\n\t\t\t\t\t\t<div class=\"elementor-element elementor-element-f2112f7 elementor-widget elementor-widget-heading\" data-id=\"f2112f7\" data-element_type=\"widget\" data-e-type=\"widget\" data-widget_type=\"heading.default\">\n\t\t\t\t<div class=\"elementor-widget-container\">\n\t\t\t\t\t<h2 class=\"elementor-heading-title elementor-size-default\"><a href=\"https:\/\/latinamericanliteraturetoday.org\/es\/rese\u00f1as\/un-objeto-afilado-de-alexandra-maia\/\"><i>Un objeto afilado<\/i> de Alexandra Maia<\/a><\/h2>\t\t\t\t<\/div>\n\t\t\t\t<\/div>\n\t\t\t\t<div class=\"elementor-element elementor-element-10022ad elementor-widget elementor-widget-heading\" data-id=\"10022ad\" data-element_type=\"widget\" data-e-type=\"widget\" data-widget_type=\"heading.default\">\n\t\t\t\t<div class=\"elementor-widget-container\">\n\t\t\t\t\t<div class=\"elementor-heading-title elementor-size-default\">Por   <a href=\"https:\/\/latinamericanliteraturetoday.org\/es\/reviewers\/josue-cabrera-serrano-es\/\" rel=\"tag\">Josu\u00e9 Cabrera Serrano<\/a><\/div>\t\t\t\t<\/div>\n\t\t\t\t<\/div>\n\t\t\t\t\t<\/div>\n\t\t<\/div>\n\t\t\t\t\t<\/div>\n\t\t<\/section>\n\t\t\t\t\t<\/div>\n\t\t<\/div>\n\t\t\t\t\t<\/div>\n\t\t<\/section>\n\t\t\t\t<\/div>\n\t\t\t\t<\/article>\n\t\t\t\t<article id=\"post-15055\" class=\"elementor-post elementor-grid-item ecs-post-loop post-15055 book_review type-book_review status-publish has-post-thumbnail hentry tag-number-23-es review_sections-poesia reviewers-cesar-hidalgo-vera-es translator-whitni-battle-es\">\n\t\t\t\t<div data-elementor-type=\"loop\" data-elementor-id=\"10256\" class=\"elementor elementor-10256 elementor-7212 elementor-7212 post-15055 book_review type-book_review status-publish has-post-thumbnail hentry tag-number-23-es review_sections-poesia reviewers-cesar-hidalgo-vera-es translator-whitni-battle-es\" data-elementor-post-type=\"elementor_library\">\n\t\t\t\t\t<section class=\"has_ae_slider elementor-section elementor-top-section elementor-element elementor-element-2cb2d405 elementor-section-full_width elementor-section-height-default elementor-section-height-default ae-bg-gallery-type-default\" data-id=\"2cb2d405\" data-element_type=\"section\" data-e-type=\"section\">\n\t\t\t\t\t\t<div class=\"elementor-container elementor-column-gap-default\">\n\t\t\t\t\t<div class=\"has_ae_slider elementor-column elementor-col-100 elementor-top-column elementor-element elementor-element-4589e3dc ae-bg-gallery-type-default\" data-id=\"4589e3dc\" data-element_type=\"column\" data-e-type=\"column\">\n\t\t\t<div class=\"elementor-widget-wrap elementor-element-populated\">\n\t\t\t\t\t\t<section class=\"has_ae_slider elementor-section elementor-inner-section elementor-element elementor-element-b6430f8 elementor-section-full_width elementor-section-height-min-height elementor-section-height-default ae-bg-gallery-type-default\" data-id=\"b6430f8\" data-element_type=\"section\" data-e-type=\"section\">\n\t\t\t\t\t\t<div class=\"elementor-container elementor-column-gap-default\">\n\t\t\t\t\t<div class=\"has_ae_slider elementor-column elementor-col-100 elementor-inner-column elementor-element elementor-element-776c40e ae-bg-gallery-type-default\" data-id=\"776c40e\" data-element_type=\"column\" data-e-type=\"column\">\n\t\t\t<div class=\"elementor-widget-wrap elementor-element-populated\">\n\t\t\t\t\t\t<div class=\"elementor-element elementor-element-4abcf33c elementor-widget elementor-widget-theme-post-featured-image elementor-widget-image\" data-id=\"4abcf33c\" data-element_type=\"widget\" data-e-type=\"widget\" data-widget_type=\"theme-post-featured-image.default\">\n\t\t\t\t<div class=\"elementor-widget-container\">\n\t\t\t\t\t\t\t\t\t\t\t\t\t\t\t\t<a href=\"https:\/\/latinamericanliteraturetoday.org\/es\/rese\u00f1as\/caen-cenizas-sobre-la-ciudad-de-carolina-cardenas\/\">\n\t\t\t\t\t\t\t<img loading=\"lazy\" decoding=\"async\" width=\"579\" height=\"900\" src=\"https:\/\/latinamericanliteraturetoday.org\/wp-content\/uploads\/2022\/06\/Caen-cenizas-sobre-la-ciudad.jpg\" class=\"attachment-full size-full wp-image-14637\" alt=\"\" srcset=\"https:\/\/latinamericanliteraturetoday.org\/wp-content\/uploads\/2022\/06\/Caen-cenizas-sobre-la-ciudad.jpg 579w, https:\/\/latinamericanliteraturetoday.org\/wp-content\/uploads\/2022\/06\/Caen-cenizas-sobre-la-ciudad-193x300.jpg 193w\" sizes=\"(max-width: 579px) 100vw, 579px\" title=\"\">\t\t\t\t\t\t\t\t<\/a>\n\t\t\t\t\t\t\t\t\t\t\t\t\t\t\t<\/div>\n\t\t\t\t<\/div>\n\t\t\t\t\t<\/div>\n\t\t<\/div>\n\t\t\t\t\t<\/div>\n\t\t<\/section>\n\t\t\t\t<section class=\"has_ae_slider elementor-section elementor-inner-section elementor-element elementor-element-dab2261 elementor-section-full_width elementor-section-height-default elementor-section-height-default ae-bg-gallery-type-default\" data-id=\"dab2261\" data-element_type=\"section\" data-e-type=\"section\">\n\t\t\t\t\t\t<div class=\"elementor-container elementor-column-gap-default\">\n\t\t\t\t\t<div class=\"has_ae_slider elementor-column elementor-col-100 elementor-inner-column elementor-element elementor-element-5a82048 ae-bg-gallery-type-default\" data-id=\"5a82048\" data-element_type=\"column\" data-e-type=\"column\">\n\t\t\t<div class=\"elementor-widget-wrap elementor-element-populated\">\n\t\t\t\t\t\t<div class=\"elementor-element elementor-element-f2112f7 elementor-widget elementor-widget-heading\" data-id=\"f2112f7\" data-element_type=\"widget\" data-e-type=\"widget\" data-widget_type=\"heading.default\">\n\t\t\t\t<div class=\"elementor-widget-container\">\n\t\t\t\t\t<h2 class=\"elementor-heading-title elementor-size-default\"><a href=\"https:\/\/latinamericanliteraturetoday.org\/es\/rese\u00f1as\/caen-cenizas-sobre-la-ciudad-de-carolina-cardenas\/\"><i>Caen cenizas sobre la ciudad<\/i> de Carolina C\u00e1rdenas<\/a><\/h2>\t\t\t\t<\/div>\n\t\t\t\t<\/div>\n\t\t\t\t<div class=\"elementor-element elementor-element-10022ad elementor-widget elementor-widget-heading\" data-id=\"10022ad\" data-element_type=\"widget\" data-e-type=\"widget\" data-widget_type=\"heading.default\">\n\t\t\t\t<div class=\"elementor-widget-container\">\n\t\t\t\t\t<div class=\"elementor-heading-title elementor-size-default\">Por   <a href=\"https:\/\/latinamericanliteraturetoday.org\/es\/reviewers\/cesar-hidalgo-vera-es\/\" rel=\"tag\">C\u00e9sar Hidalgo Vera<\/a><\/div>\t\t\t\t<\/div>\n\t\t\t\t<\/div>\n\t\t\t\t\t<\/div>\n\t\t<\/div>\n\t\t\t\t\t<\/div>\n\t\t<\/section>\n\t\t\t\t\t<\/div>\n\t\t<\/div>\n\t\t\t\t\t<\/div>\n\t\t<\/section>\n\t\t\t\t<\/div>\n\t\t\t\t<\/article>\n\t\t\t\t<article id=\"post-14960\" class=\"elementor-post elementor-grid-item ecs-post-loop post-14960 book_review type-book_review status-publish has-post-thumbnail hentry tag-number-23-es review_sections-poesia reviewers-diego-alegria-es translator-gary-soza-es\">\n\t\t\t\t<div data-elementor-type=\"loop\" data-elementor-id=\"10256\" class=\"elementor elementor-10256 elementor-7212 elementor-7212 post-14960 book_review type-book_review status-publish has-post-thumbnail hentry tag-number-23-es review_sections-poesia reviewers-diego-alegria-es translator-gary-soza-es\" data-elementor-post-type=\"elementor_library\">\n\t\t\t\t\t<section class=\"has_ae_slider elementor-section elementor-top-section elementor-element elementor-element-2cb2d405 elementor-section-full_width elementor-section-height-default elementor-section-height-default ae-bg-gallery-type-default\" data-id=\"2cb2d405\" data-element_type=\"section\" data-e-type=\"section\">\n\t\t\t\t\t\t<div class=\"elementor-container elementor-column-gap-default\">\n\t\t\t\t\t<div class=\"has_ae_slider elementor-column elementor-col-100 elementor-top-column elementor-element elementor-element-4589e3dc ae-bg-gallery-type-default\" data-id=\"4589e3dc\" data-element_type=\"column\" data-e-type=\"column\">\n\t\t\t<div class=\"elementor-widget-wrap elementor-element-populated\">\n\t\t\t\t\t\t<section class=\"has_ae_slider elementor-section elementor-inner-section elementor-element elementor-element-b6430f8 elementor-section-full_width elementor-section-height-min-height elementor-section-height-default ae-bg-gallery-type-default\" data-id=\"b6430f8\" data-element_type=\"section\" data-e-type=\"section\">\n\t\t\t\t\t\t<div class=\"elementor-container elementor-column-gap-default\">\n\t\t\t\t\t<div class=\"has_ae_slider elementor-column elementor-col-100 elementor-inner-column elementor-element elementor-element-776c40e ae-bg-gallery-type-default\" data-id=\"776c40e\" data-element_type=\"column\" data-e-type=\"column\">\n\t\t\t<div class=\"elementor-widget-wrap elementor-element-populated\">\n\t\t\t\t\t\t<div class=\"elementor-element elementor-element-4abcf33c elementor-widget elementor-widget-theme-post-featured-image elementor-widget-image\" data-id=\"4abcf33c\" data-element_type=\"widget\" data-e-type=\"widget\" data-widget_type=\"theme-post-featured-image.default\">\n\t\t\t\t<div class=\"elementor-widget-container\">\n\t\t\t\t\t\t\t\t\t\t\t\t\t\t\t\t<a href=\"https:\/\/latinamericanliteraturetoday.org\/es\/rese\u00f1as\/jardines-gardens-de-carlos-cocina\/\">\n\t\t\t\t\t\t\t<img loading=\"lazy\" decoding=\"async\" width=\"558\" height=\"900\" src=\"https:\/\/latinamericanliteraturetoday.org\/wp-content\/uploads\/2022\/06\/Gardens.jpg\" class=\"attachment-full size-full wp-image-14629\" alt=\"\" srcset=\"https:\/\/latinamericanliteraturetoday.org\/wp-content\/uploads\/2022\/06\/Gardens.jpg 558w, https:\/\/latinamericanliteraturetoday.org\/wp-content\/uploads\/2022\/06\/Gardens-186x300.jpg 186w\" sizes=\"(max-width: 558px) 100vw, 558px\" title=\"\">\t\t\t\t\t\t\t\t<\/a>\n\t\t\t\t\t\t\t\t\t\t\t\t\t\t\t<\/div>\n\t\t\t\t<\/div>\n\t\t\t\t\t<\/div>\n\t\t<\/div>\n\t\t\t\t\t<\/div>\n\t\t<\/section>\n\t\t\t\t<section class=\"has_ae_slider elementor-section elementor-inner-section elementor-element elementor-element-dab2261 elementor-section-full_width elementor-section-height-default elementor-section-height-default ae-bg-gallery-type-default\" data-id=\"dab2261\" data-element_type=\"section\" data-e-type=\"section\">\n\t\t\t\t\t\t<div class=\"elementor-container elementor-column-gap-default\">\n\t\t\t\t\t<div class=\"has_ae_slider elementor-column elementor-col-100 elementor-inner-column elementor-element elementor-element-5a82048 ae-bg-gallery-type-default\" data-id=\"5a82048\" data-element_type=\"column\" data-e-type=\"column\">\n\t\t\t<div class=\"elementor-widget-wrap elementor-element-populated\">\n\t\t\t\t\t\t<div class=\"elementor-element elementor-element-f2112f7 elementor-widget elementor-widget-heading\" data-id=\"f2112f7\" data-element_type=\"widget\" data-e-type=\"widget\" data-widget_type=\"heading.default\">\n\t\t\t\t<div class=\"elementor-widget-container\">\n\t\t\t\t\t<h2 class=\"elementor-heading-title elementor-size-default\"><a href=\"https:\/\/latinamericanliteraturetoday.org\/es\/rese\u00f1as\/jardines-gardens-de-carlos-cocina\/\"><i>Jardines\/Gardens<\/i> de Carlos Coci\u00f1a<\/a><\/h2>\t\t\t\t<\/div>\n\t\t\t\t<\/div>\n\t\t\t\t<div class=\"elementor-element elementor-element-10022ad elementor-widget elementor-widget-heading\" data-id=\"10022ad\" data-element_type=\"widget\" data-e-type=\"widget\" data-widget_type=\"heading.default\">\n\t\t\t\t<div class=\"elementor-widget-container\">\n\t\t\t\t\t<div class=\"elementor-heading-title elementor-size-default\">Por   <a href=\"https:\/\/latinamericanliteraturetoday.org\/es\/reviewers\/diego-alegria-es\/\" rel=\"tag\">Diego Alegr\u00eda<\/a><\/div>\t\t\t\t<\/div>\n\t\t\t\t<\/div>\n\t\t\t\t\t<\/div>\n\t\t<\/div>\n\t\t\t\t\t<\/div>\n\t\t<\/section>\n\t\t\t\t\t<\/div>\n\t\t<\/div>\n\t\t\t\t\t<\/div>\n\t\t<\/section>\n\t\t\t\t<\/div>\n\t\t\t\t<\/article>\n\t\t\t\t<article id=\"post-14936\" class=\"elementor-post elementor-grid-item ecs-post-loop post-14936 book_review type-book_review status-publish has-post-thumbnail hentry review_sections-poesia reviewers-alberto-hernandez-es-2 translator-lauren-biglow-es\">\n\t\t\t\t<div data-elementor-type=\"loop\" data-elementor-id=\"10256\" class=\"elementor elementor-10256 elementor-7212 elementor-7212 post-14936 book_review type-book_review status-publish has-post-thumbnail hentry review_sections-poesia reviewers-alberto-hernandez-es-2 translator-lauren-biglow-es\" data-elementor-post-type=\"elementor_library\">\n\t\t\t\t\t<section class=\"has_ae_slider elementor-section elementor-top-section elementor-element elementor-element-2cb2d405 elementor-section-full_width elementor-section-height-default elementor-section-height-default ae-bg-gallery-type-default\" data-id=\"2cb2d405\" data-element_type=\"section\" data-e-type=\"section\">\n\t\t\t\t\t\t<div class=\"elementor-container elementor-column-gap-default\">\n\t\t\t\t\t<div class=\"has_ae_slider elementor-column elementor-col-100 elementor-top-column elementor-element elementor-element-4589e3dc ae-bg-gallery-type-default\" data-id=\"4589e3dc\" data-element_type=\"column\" data-e-type=\"column\">\n\t\t\t<div class=\"elementor-widget-wrap elementor-element-populated\">\n\t\t\t\t\t\t<section class=\"has_ae_slider elementor-section elementor-inner-section elementor-element elementor-element-b6430f8 elementor-section-full_width elementor-section-height-min-height elementor-section-height-default ae-bg-gallery-type-default\" data-id=\"b6430f8\" data-element_type=\"section\" data-e-type=\"section\">\n\t\t\t\t\t\t<div class=\"elementor-container elementor-column-gap-default\">\n\t\t\t\t\t<div class=\"has_ae_slider elementor-column elementor-col-100 elementor-inner-column elementor-element elementor-element-776c40e ae-bg-gallery-type-default\" data-id=\"776c40e\" data-element_type=\"column\" data-e-type=\"column\">\n\t\t\t<div class=\"elementor-widget-wrap elementor-element-populated\">\n\t\t\t\t\t\t<div class=\"elementor-element elementor-element-4abcf33c elementor-widget elementor-widget-theme-post-featured-image elementor-widget-image\" data-id=\"4abcf33c\" data-element_type=\"widget\" data-e-type=\"widget\" data-widget_type=\"theme-post-featured-image.default\">\n\t\t\t\t<div class=\"elementor-widget-container\">\n\t\t\t\t\t\t\t\t\t\t\t\t\t\t\t\t<a href=\"https:\/\/latinamericanliteraturetoday.org\/es\/rese\u00f1as\/las-paces-antologia-1958-2016-de-rafael-cadenas\/\">\n\t\t\t\t\t\t\t<img loading=\"lazy\" decoding=\"async\" width=\"633\" height=\"900\" src=\"https:\/\/latinamericanliteraturetoday.org\/wp-content\/uploads\/2022\/06\/Las-paces.-Antologi\u0301a-poe\u0301tica.jpg\" class=\"attachment-full size-full wp-image-14643\" alt=\"\" srcset=\"https:\/\/latinamericanliteraturetoday.org\/wp-content\/uploads\/2022\/06\/Las-paces.-Antologi\u0301a-poe\u0301tica.jpg 633w, https:\/\/latinamericanliteraturetoday.org\/wp-content\/uploads\/2022\/06\/Las-paces.-Antologi\u0301a-poe\u0301tica-211x300.jpg 211w\" sizes=\"(max-width: 633px) 100vw, 633px\" title=\"\">\t\t\t\t\t\t\t\t<\/a>\n\t\t\t\t\t\t\t\t\t\t\t\t\t\t\t<\/div>\n\t\t\t\t<\/div>\n\t\t\t\t\t<\/div>\n\t\t<\/div>\n\t\t\t\t\t<\/div>\n\t\t<\/section>\n\t\t\t\t<section class=\"has_ae_slider elementor-section elementor-inner-section elementor-element elementor-element-dab2261 elementor-section-full_width elementor-section-height-default elementor-section-height-default ae-bg-gallery-type-default\" data-id=\"dab2261\" data-element_type=\"section\" data-e-type=\"section\">\n\t\t\t\t\t\t<div class=\"elementor-container elementor-column-gap-default\">\n\t\t\t\t\t<div class=\"has_ae_slider elementor-column elementor-col-100 elementor-inner-column elementor-element elementor-element-5a82048 ae-bg-gallery-type-default\" data-id=\"5a82048\" data-element_type=\"column\" data-e-type=\"column\">\n\t\t\t<div class=\"elementor-widget-wrap elementor-element-populated\">\n\t\t\t\t\t\t<div class=\"elementor-element elementor-element-f2112f7 elementor-widget elementor-widget-heading\" data-id=\"f2112f7\" data-element_type=\"widget\" data-e-type=\"widget\" data-widget_type=\"heading.default\">\n\t\t\t\t<div class=\"elementor-widget-container\">\n\t\t\t\t\t<h2 class=\"elementor-heading-title elementor-size-default\"><a href=\"https:\/\/latinamericanliteraturetoday.org\/es\/rese\u00f1as\/las-paces-antologia-1958-2016-de-rafael-cadenas\/\"><i>Las paces: Antolog\u00eda 1958-2016<\/i> de Rafael Cadenas<\/a><\/h2>\t\t\t\t<\/div>\n\t\t\t\t<\/div>\n\t\t\t\t<div class=\"elementor-element elementor-element-10022ad elementor-widget elementor-widget-heading\" data-id=\"10022ad\" data-element_type=\"widget\" data-e-type=\"widget\" data-widget_type=\"heading.default\">\n\t\t\t\t<div class=\"elementor-widget-container\">\n\t\t\t\t\t<div class=\"elementor-heading-title elementor-size-default\">Por   <a href=\"https:\/\/latinamericanliteraturetoday.org\/es\/reviewers\/alberto-hernandez-es-2\/\" rel=\"tag\">Alberto Hern\u00e1ndez<\/a><\/div>\t\t\t\t<\/div>\n\t\t\t\t<\/div>\n\t\t\t\t\t<\/div>\n\t\t<\/div>\n\t\t\t\t\t<\/div>\n\t\t<\/section>\n\t\t\t\t\t<\/div>\n\t\t<\/div>\n\t\t\t\t\t<\/div>\n\t\t<\/section>\n\t\t\t\t<\/div>\n\t\t\t\t<\/article>\n\t\t\t\t<article id=\"post-14928\" class=\"elementor-post elementor-grid-item ecs-post-loop post-14928 book_review type-book_review status-publish has-post-thumbnail hentry tag-number-23-es review_sections-ficcion reviewers-jacobo-arango-llanos-es translator-nikki-vardaman-es\">\n\t\t\t\t<div data-elementor-type=\"loop\" data-elementor-id=\"10256\" class=\"elementor elementor-10256 elementor-7212 elementor-7212 post-14928 book_review type-book_review status-publish has-post-thumbnail hentry tag-number-23-es review_sections-ficcion reviewers-jacobo-arango-llanos-es translator-nikki-vardaman-es\" data-elementor-post-type=\"elementor_library\">\n\t\t\t\t\t<section class=\"has_ae_slider elementor-section elementor-top-section elementor-element elementor-element-2cb2d405 elementor-section-full_width elementor-section-height-default elementor-section-height-default ae-bg-gallery-type-default\" data-id=\"2cb2d405\" data-element_type=\"section\" data-e-type=\"section\">\n\t\t\t\t\t\t<div class=\"elementor-container elementor-column-gap-default\">\n\t\t\t\t\t<div class=\"has_ae_slider elementor-column elementor-col-100 elementor-top-column elementor-element elementor-element-4589e3dc ae-bg-gallery-type-default\" data-id=\"4589e3dc\" data-element_type=\"column\" data-e-type=\"column\">\n\t\t\t<div class=\"elementor-widget-wrap elementor-element-populated\">\n\t\t\t\t\t\t<section class=\"has_ae_slider elementor-section elementor-inner-section elementor-element elementor-element-b6430f8 elementor-section-full_width elementor-section-height-min-height elementor-section-height-default ae-bg-gallery-type-default\" data-id=\"b6430f8\" data-element_type=\"section\" data-e-type=\"section\">\n\t\t\t\t\t\t<div class=\"elementor-container elementor-column-gap-default\">\n\t\t\t\t\t<div class=\"has_ae_slider elementor-column elementor-col-100 elementor-inner-column elementor-element elementor-element-776c40e ae-bg-gallery-type-default\" data-id=\"776c40e\" data-element_type=\"column\" data-e-type=\"column\">\n\t\t\t<div class=\"elementor-widget-wrap elementor-element-populated\">\n\t\t\t\t\t\t<div class=\"elementor-element elementor-element-4abcf33c elementor-widget elementor-widget-theme-post-featured-image elementor-widget-image\" data-id=\"4abcf33c\" data-element_type=\"widget\" data-e-type=\"widget\" data-widget_type=\"theme-post-featured-image.default\">\n\t\t\t\t<div class=\"elementor-widget-container\">\n\t\t\t\t\t\t\t\t\t\t\t\t\t\t\t\t<a href=\"https:\/\/latinamericanliteraturetoday.org\/es\/rese\u00f1as\/los-hombres-sin-manos-de-jose-hoyos-bucheli\/\">\n\t\t\t\t\t\t\t<img loading=\"lazy\" decoding=\"async\" width=\"590\" height=\"900\" src=\"https:\/\/latinamericanliteraturetoday.org\/wp-content\/uploads\/2022\/06\/Los-hombres-sin-manos.jpg\" class=\"attachment-full size-full wp-image-14645\" alt=\"\" srcset=\"https:\/\/latinamericanliteraturetoday.org\/wp-content\/uploads\/2022\/06\/Los-hombres-sin-manos.jpg 590w, https:\/\/latinamericanliteraturetoday.org\/wp-content\/uploads\/2022\/06\/Los-hombres-sin-manos-197x300.jpg 197w\" sizes=\"(max-width: 590px) 100vw, 590px\" title=\"\">\t\t\t\t\t\t\t\t<\/a>\n\t\t\t\t\t\t\t\t\t\t\t\t\t\t\t<\/div>\n\t\t\t\t<\/div>\n\t\t\t\t\t<\/div>\n\t\t<\/div>\n\t\t\t\t\t<\/div>\n\t\t<\/section>\n\t\t\t\t<section class=\"has_ae_slider elementor-section elementor-inner-section elementor-element elementor-element-dab2261 elementor-section-full_width elementor-section-height-default elementor-section-height-default ae-bg-gallery-type-default\" data-id=\"dab2261\" data-element_type=\"section\" data-e-type=\"section\">\n\t\t\t\t\t\t<div class=\"elementor-container elementor-column-gap-default\">\n\t\t\t\t\t<div class=\"has_ae_slider elementor-column elementor-col-100 elementor-inner-column elementor-element elementor-element-5a82048 ae-bg-gallery-type-default\" data-id=\"5a82048\" data-element_type=\"column\" data-e-type=\"column\">\n\t\t\t<div class=\"elementor-widget-wrap elementor-element-populated\">\n\t\t\t\t\t\t<div class=\"elementor-element elementor-element-f2112f7 elementor-widget elementor-widget-heading\" data-id=\"f2112f7\" data-element_type=\"widget\" data-e-type=\"widget\" data-widget_type=\"heading.default\">\n\t\t\t\t<div class=\"elementor-widget-container\">\n\t\t\t\t\t<h2 class=\"elementor-heading-title elementor-size-default\"><a href=\"https:\/\/latinamericanliteraturetoday.org\/es\/rese\u00f1as\/los-hombres-sin-manos-de-jose-hoyos-bucheli\/\"><i>Los hombres sin manos<\/i> de Jos\u00e9 Hoyos Bucheli<\/a><\/h2>\t\t\t\t<\/div>\n\t\t\t\t<\/div>\n\t\t\t\t<div class=\"elementor-element elementor-element-10022ad elementor-widget elementor-widget-heading\" data-id=\"10022ad\" data-element_type=\"widget\" data-e-type=\"widget\" data-widget_type=\"heading.default\">\n\t\t\t\t<div class=\"elementor-widget-container\">\n\t\t\t\t\t<div class=\"elementor-heading-title elementor-size-default\">Por   <a href=\"https:\/\/latinamericanliteraturetoday.org\/es\/reviewers\/jacobo-arango-llanos-es\/\" rel=\"tag\">Jacobo Arango Llanos<\/a><\/div>\t\t\t\t<\/div>\n\t\t\t\t<\/div>\n\t\t\t\t\t<\/div>\n\t\t<\/div>\n\t\t\t\t\t<\/div>\n\t\t<\/section>\n\t\t\t\t\t<\/div>\n\t\t<\/div>\n\t\t\t\t\t<\/div>\n\t\t<\/section>\n\t\t\t\t<\/div>\n\t\t\t\t<\/article>\n\t\t\t\t<article id=\"post-14696\" class=\"elementor-post elementor-grid-item ecs-post-loop post-14696 book_review type-book_review status-publish has-post-thumbnail hentry tag-number-23-es review_sections-poesia reviewers-marta-jazmin-garcia-es translator-david-m-brunson-es\">\n\t\t\t\t<div data-elementor-type=\"loop\" data-elementor-id=\"10256\" class=\"elementor elementor-10256 elementor-7212 elementor-7212 post-14696 book_review type-book_review status-publish has-post-thumbnail hentry tag-number-23-es review_sections-poesia reviewers-marta-jazmin-garcia-es translator-david-m-brunson-es\" data-elementor-post-type=\"elementor_library\">\n\t\t\t\t\t<section class=\"has_ae_slider elementor-section elementor-top-section elementor-element elementor-element-2cb2d405 elementor-section-full_width elementor-section-height-default elementor-section-height-default ae-bg-gallery-type-default\" data-id=\"2cb2d405\" data-element_type=\"section\" data-e-type=\"section\">\n\t\t\t\t\t\t<div class=\"elementor-container elementor-column-gap-default\">\n\t\t\t\t\t<div class=\"has_ae_slider elementor-column elementor-col-100 elementor-top-column elementor-element elementor-element-4589e3dc ae-bg-gallery-type-default\" data-id=\"4589e3dc\" data-element_type=\"column\" data-e-type=\"column\">\n\t\t\t<div class=\"elementor-widget-wrap elementor-element-populated\">\n\t\t\t\t\t\t<section class=\"has_ae_slider elementor-section elementor-inner-section elementor-element elementor-element-b6430f8 elementor-section-full_width elementor-section-height-min-height elementor-section-height-default ae-bg-gallery-type-default\" data-id=\"b6430f8\" data-element_type=\"section\" data-e-type=\"section\">\n\t\t\t\t\t\t<div class=\"elementor-container elementor-column-gap-default\">\n\t\t\t\t\t<div class=\"has_ae_slider elementor-column elementor-col-100 elementor-inner-column elementor-element elementor-element-776c40e ae-bg-gallery-type-default\" data-id=\"776c40e\" data-element_type=\"column\" data-e-type=\"column\">\n\t\t\t<div class=\"elementor-widget-wrap elementor-element-populated\">\n\t\t\t\t\t\t<div class=\"elementor-element elementor-element-4abcf33c elementor-widget elementor-widget-theme-post-featured-image elementor-widget-image\" data-id=\"4abcf33c\" data-element_type=\"widget\" data-e-type=\"widget\" data-widget_type=\"theme-post-featured-image.default\">\n\t\t\t\t<div class=\"elementor-widget-container\">\n\t\t\t\t\t\t\t\t\t\t\t\t\t\t\t\t<a href=\"https:\/\/latinamericanliteraturetoday.org\/es\/rese\u00f1as\/raiz-de-la-ausencia-de-carlos-vicens\/\">\n\t\t\t\t\t\t\t<img loading=\"lazy\" decoding=\"async\" width=\"333\" height=\"499\" src=\"https:\/\/latinamericanliteraturetoday.org\/wp-content\/uploads\/2022\/06\/Rai\u0301z-de-la-ausencia.jpg\" class=\"attachment-full size-full wp-image-14653\" alt=\"\" srcset=\"https:\/\/latinamericanliteraturetoday.org\/wp-content\/uploads\/2022\/06\/Rai\u0301z-de-la-ausencia.jpg 333w, https:\/\/latinamericanliteraturetoday.org\/wp-content\/uploads\/2022\/06\/Rai\u0301z-de-la-ausencia-200x300.jpg 200w\" sizes=\"(max-width: 333px) 100vw, 333px\" title=\"\">\t\t\t\t\t\t\t\t<\/a>\n\t\t\t\t\t\t\t\t\t\t\t\t\t\t\t<\/div>\n\t\t\t\t<\/div>\n\t\t\t\t\t<\/div>\n\t\t<\/div>\n\t\t\t\t\t<\/div>\n\t\t<\/section>\n\t\t\t\t<section class=\"has_ae_slider elementor-section elementor-inner-section elementor-element elementor-element-dab2261 elementor-section-full_width elementor-section-height-default elementor-section-height-default ae-bg-gallery-type-default\" data-id=\"dab2261\" data-element_type=\"section\" data-e-type=\"section\">\n\t\t\t\t\t\t<div class=\"elementor-container elementor-column-gap-default\">\n\t\t\t\t\t<div class=\"has_ae_slider elementor-column elementor-col-100 elementor-inner-column elementor-element elementor-element-5a82048 ae-bg-gallery-type-default\" data-id=\"5a82048\" data-element_type=\"column\" data-e-type=\"column\">\n\t\t\t<div class=\"elementor-widget-wrap elementor-element-populated\">\n\t\t\t\t\t\t<div class=\"elementor-element elementor-element-f2112f7 elementor-widget elementor-widget-heading\" data-id=\"f2112f7\" data-element_type=\"widget\" data-e-type=\"widget\" data-widget_type=\"heading.default\">\n\t\t\t\t<div class=\"elementor-widget-container\">\n\t\t\t\t\t<h2 class=\"elementor-heading-title elementor-size-default\"><a href=\"https:\/\/latinamericanliteraturetoday.org\/es\/rese\u00f1as\/raiz-de-la-ausencia-de-carlos-vicens\/\"><i>Ra\u00edz de la ausencia<\/i> de Carlos Vic\u00e9ns<\/a><\/h2>\t\t\t\t<\/div>\n\t\t\t\t<\/div>\n\t\t\t\t<div class=\"elementor-element elementor-element-10022ad elementor-widget elementor-widget-heading\" data-id=\"10022ad\" data-element_type=\"widget\" data-e-type=\"widget\" data-widget_type=\"heading.default\">\n\t\t\t\t<div class=\"elementor-widget-container\">\n\t\t\t\t\t<div class=\"elementor-heading-title elementor-size-default\">Por   <a href=\"https:\/\/latinamericanliteraturetoday.org\/es\/reviewers\/marta-jazmin-garcia-es\/\" rel=\"tag\">Marta Jazm\u00edn Garc\u00eda<\/a><\/div>\t\t\t\t<\/div>\n\t\t\t\t<\/div>\n\t\t\t\t\t<\/div>\n\t\t<\/div>\n\t\t\t\t\t<\/div>\n\t\t<\/section>\n\t\t\t\t\t<\/div>\n\t\t<\/div>\n\t\t\t\t\t<\/div>\n\t\t<\/section>\n\t\t\t\t<\/div>\n\t\t\t\t<\/article>\n\t\t\t\t<article id=\"post-15022\" class=\"elementor-post elementor-grid-item ecs-post-loop post-15022 book_review type-book_review status-publish has-post-thumbnail hentry tag-number-23-es review_sections-poesia reviewers-juan-martins-es-2 translator-gant-roberson-es\">\n\t\t\t\t<div data-elementor-type=\"loop\" data-elementor-id=\"10256\" class=\"elementor elementor-10256 elementor-7212 elementor-7212 post-15022 book_review type-book_review status-publish has-post-thumbnail hentry tag-number-23-es review_sections-poesia reviewers-juan-martins-es-2 translator-gant-roberson-es\" data-elementor-post-type=\"elementor_library\">\n\t\t\t\t\t<section class=\"has_ae_slider elementor-section elementor-top-section elementor-element elementor-element-2cb2d405 elementor-section-full_width elementor-section-height-default elementor-section-height-default ae-bg-gallery-type-default\" data-id=\"2cb2d405\" data-element_type=\"section\" data-e-type=\"section\">\n\t\t\t\t\t\t<div class=\"elementor-container elementor-column-gap-default\">\n\t\t\t\t\t<div class=\"has_ae_slider elementor-column elementor-col-100 elementor-top-column elementor-element elementor-element-4589e3dc ae-bg-gallery-type-default\" data-id=\"4589e3dc\" data-element_type=\"column\" data-e-type=\"column\">\n\t\t\t<div class=\"elementor-widget-wrap elementor-element-populated\">\n\t\t\t\t\t\t<section class=\"has_ae_slider elementor-section elementor-inner-section elementor-element elementor-element-b6430f8 elementor-section-full_width elementor-section-height-min-height elementor-section-height-default ae-bg-gallery-type-default\" data-id=\"b6430f8\" data-element_type=\"section\" data-e-type=\"section\">\n\t\t\t\t\t\t<div class=\"elementor-container elementor-column-gap-default\">\n\t\t\t\t\t<div class=\"has_ae_slider elementor-column elementor-col-100 elementor-inner-column elementor-element elementor-element-776c40e ae-bg-gallery-type-default\" data-id=\"776c40e\" data-element_type=\"column\" data-e-type=\"column\">\n\t\t\t<div class=\"elementor-widget-wrap elementor-element-populated\">\n\t\t\t\t\t\t<div class=\"elementor-element elementor-element-4abcf33c elementor-widget elementor-widget-theme-post-featured-image elementor-widget-image\" data-id=\"4abcf33c\" data-element_type=\"widget\" data-e-type=\"widget\" data-widget_type=\"theme-post-featured-image.default\">\n\t\t\t\t<div class=\"elementor-widget-container\">\n\t\t\t\t\t\t\t\t\t\t\t\t\t\t\t\t<a href=\"https:\/\/latinamericanliteraturetoday.org\/es\/rese\u00f1as\/desalma-de-los-adioses-de-susy-delgado\/\">\n\t\t\t\t\t\t\t<img loading=\"lazy\" decoding=\"async\" width=\"215\" height=\"300\" src=\"https:\/\/latinamericanliteraturetoday.org\/wp-content\/uploads\/2022\/06\/Desalma-de-los-adioses.jpeg\" class=\"attachment-full size-full wp-image-14619\" alt=\"\" title=\"\">\t\t\t\t\t\t\t\t<\/a>\n\t\t\t\t\t\t\t\t\t\t\t\t\t\t\t<\/div>\n\t\t\t\t<\/div>\n\t\t\t\t\t<\/div>\n\t\t<\/div>\n\t\t\t\t\t<\/div>\n\t\t<\/section>\n\t\t\t\t<section class=\"has_ae_slider elementor-section elementor-inner-section elementor-element elementor-element-dab2261 elementor-section-full_width elementor-section-height-default elementor-section-height-default ae-bg-gallery-type-default\" data-id=\"dab2261\" data-element_type=\"section\" data-e-type=\"section\">\n\t\t\t\t\t\t<div class=\"elementor-container elementor-column-gap-default\">\n\t\t\t\t\t<div class=\"has_ae_slider elementor-column elementor-col-100 elementor-inner-column elementor-element elementor-element-5a82048 ae-bg-gallery-type-default\" data-id=\"5a82048\" data-element_type=\"column\" data-e-type=\"column\">\n\t\t\t<div class=\"elementor-widget-wrap elementor-element-populated\">\n\t\t\t\t\t\t<div class=\"elementor-element elementor-element-f2112f7 elementor-widget elementor-widget-heading\" data-id=\"f2112f7\" data-element_type=\"widget\" data-e-type=\"widget\" data-widget_type=\"heading.default\">\n\t\t\t\t<div class=\"elementor-widget-container\">\n\t\t\t\t\t<h2 class=\"elementor-heading-title elementor-size-default\"><a href=\"https:\/\/latinamericanliteraturetoday.org\/es\/rese\u00f1as\/desalma-de-los-adioses-de-susy-delgado\/\"><i>Desalma de los adioses<\/i> de Susy Delgado<\/a><\/h2>\t\t\t\t<\/div>\n\t\t\t\t<\/div>\n\t\t\t\t<div class=\"elementor-element elementor-element-10022ad elementor-widget elementor-widget-heading\" data-id=\"10022ad\" data-element_type=\"widget\" data-e-type=\"widget\" data-widget_type=\"heading.default\">\n\t\t\t\t<div class=\"elementor-widget-container\">\n\t\t\t\t\t<div class=\"elementor-heading-title elementor-size-default\">Por   <a href=\"https:\/\/latinamericanliteraturetoday.org\/es\/reviewers\/juan-martins-es-2\/\" rel=\"tag\">Juan Martins<\/a><\/div>\t\t\t\t<\/div>\n\t\t\t\t<\/div>\n\t\t\t\t\t<\/div>\n\t\t<\/div>\n\t\t\t\t\t<\/div>\n\t\t<\/section>\n\t\t\t\t\t<\/div>\n\t\t<\/div>\n\t\t\t\t\t<\/div>\n\t\t<\/section>\n\t\t\t\t<\/div>\n\t\t\t\t<\/article>\n\t\t\t\t<article id=\"post-15006\" class=\"elementor-post elementor-grid-item ecs-post-loop post-15006 book_review type-book_review status-publish has-post-thumbnail hentry tag-number-23-es review_sections-ficcion reviewers-raquel-rivas-rojas-es translator-katie-brown-es-2\">\n\t\t\t\t<div data-elementor-type=\"loop\" data-elementor-id=\"10256\" class=\"elementor elementor-10256 elementor-7212 elementor-7212 post-15006 book_review type-book_review status-publish has-post-thumbnail hentry tag-number-23-es review_sections-ficcion reviewers-raquel-rivas-rojas-es translator-katie-brown-es-2\" data-elementor-post-type=\"elementor_library\">\n\t\t\t\t\t<section class=\"has_ae_slider elementor-section elementor-top-section elementor-element elementor-element-2cb2d405 elementor-section-full_width elementor-section-height-default elementor-section-height-default ae-bg-gallery-type-default\" data-id=\"2cb2d405\" data-element_type=\"section\" data-e-type=\"section\">\n\t\t\t\t\t\t<div class=\"elementor-container elementor-column-gap-default\">\n\t\t\t\t\t<div class=\"has_ae_slider elementor-column elementor-col-100 elementor-top-column elementor-element elementor-element-4589e3dc ae-bg-gallery-type-default\" data-id=\"4589e3dc\" data-element_type=\"column\" data-e-type=\"column\">\n\t\t\t<div class=\"elementor-widget-wrap elementor-element-populated\">\n\t\t\t\t\t\t<section class=\"has_ae_slider elementor-section elementor-inner-section elementor-element elementor-element-b6430f8 elementor-section-full_width elementor-section-height-min-height elementor-section-height-default ae-bg-gallery-type-default\" data-id=\"b6430f8\" data-element_type=\"section\" data-e-type=\"section\">\n\t\t\t\t\t\t<div class=\"elementor-container elementor-column-gap-default\">\n\t\t\t\t\t<div class=\"has_ae_slider elementor-column elementor-col-100 elementor-inner-column elementor-element elementor-element-776c40e ae-bg-gallery-type-default\" data-id=\"776c40e\" data-element_type=\"column\" data-e-type=\"column\">\n\t\t\t<div class=\"elementor-widget-wrap elementor-element-populated\">\n\t\t\t\t\t\t<div class=\"elementor-element elementor-element-4abcf33c elementor-widget elementor-widget-theme-post-featured-image elementor-widget-image\" data-id=\"4abcf33c\" data-element_type=\"widget\" data-e-type=\"widget\" data-widget_type=\"theme-post-featured-image.default\">\n\t\t\t\t<div class=\"elementor-widget-container\">\n\t\t\t\t\t\t\t\t\t\t\t\t\t\t\t\t<a href=\"https:\/\/latinamericanliteraturetoday.org\/es\/rese\u00f1as\/hormigas-en-la-lengua-de-lena-yau\/\">\n\t\t\t\t\t\t\t<img loading=\"lazy\" decoding=\"async\" width=\"283\" height=\"443\" src=\"https:\/\/latinamericanliteraturetoday.org\/wp-content\/uploads\/2022\/06\/Hormigas-en-la-lengua.jpg\" class=\"attachment-full size-full wp-image-14631\" alt=\"\" srcset=\"https:\/\/latinamericanliteraturetoday.org\/wp-content\/uploads\/2022\/06\/Hormigas-en-la-lengua.jpg 283w, https:\/\/latinamericanliteraturetoday.org\/wp-content\/uploads\/2022\/06\/Hormigas-en-la-lengua-192x300.jpg 192w\" sizes=\"(max-width: 283px) 100vw, 283px\" title=\"\">\t\t\t\t\t\t\t\t<\/a>\n\t\t\t\t\t\t\t\t\t\t\t\t\t\t\t<\/div>\n\t\t\t\t<\/div>\n\t\t\t\t\t<\/div>\n\t\t<\/div>\n\t\t\t\t\t<\/div>\n\t\t<\/section>\n\t\t\t\t<section class=\"has_ae_slider elementor-section elementor-inner-section elementor-element elementor-element-dab2261 elementor-section-full_width elementor-section-height-default elementor-section-height-default ae-bg-gallery-type-default\" data-id=\"dab2261\" data-element_type=\"section\" data-e-type=\"section\">\n\t\t\t\t\t\t<div class=\"elementor-container elementor-column-gap-default\">\n\t\t\t\t\t<div class=\"has_ae_slider elementor-column elementor-col-100 elementor-inner-column elementor-element elementor-element-5a82048 ae-bg-gallery-type-default\" data-id=\"5a82048\" data-element_type=\"column\" data-e-type=\"column\">\n\t\t\t<div class=\"elementor-widget-wrap elementor-element-populated\">\n\t\t\t\t\t\t<div class=\"elementor-element elementor-element-f2112f7 elementor-widget elementor-widget-heading\" data-id=\"f2112f7\" data-element_type=\"widget\" data-e-type=\"widget\" data-widget_type=\"heading.default\">\n\t\t\t\t<div class=\"elementor-widget-container\">\n\t\t\t\t\t<h2 class=\"elementor-heading-title elementor-size-default\"><a href=\"https:\/\/latinamericanliteraturetoday.org\/es\/rese\u00f1as\/hormigas-en-la-lengua-de-lena-yau\/\"><i>Hormigas en la lengua<\/i> de Lena Yau<\/a><\/h2>\t\t\t\t<\/div>\n\t\t\t\t<\/div>\n\t\t\t\t<div class=\"elementor-element elementor-element-10022ad elementor-widget elementor-widget-heading\" data-id=\"10022ad\" data-element_type=\"widget\" data-e-type=\"widget\" data-widget_type=\"heading.default\">\n\t\t\t\t<div class=\"elementor-widget-container\">\n\t\t\t\t\t<div class=\"elementor-heading-title elementor-size-default\">Por   <a href=\"https:\/\/latinamericanliteraturetoday.org\/es\/reviewers\/raquel-rivas-rojas-es\/\" rel=\"tag\">Raquel Rivas Rojas<\/a><\/div>\t\t\t\t<\/div>\n\t\t\t\t<\/div>\n\t\t\t\t\t<\/div>\n\t\t<\/div>\n\t\t\t\t\t<\/div>\n\t\t<\/section>\n\t\t\t\t\t<\/div>\n\t\t<\/div>\n\t\t\t\t\t<\/div>\n\t\t<\/section>\n\t\t\t\t<\/div>\n\t\t\t\t<\/article>\n\t\t\t\t<article id=\"post-14887\" class=\"elementor-post elementor-grid-item ecs-post-loop post-14887 book_review type-book_review status-publish has-post-thumbnail hentry tag-number-23-es review_sections-poesia reviewers-sam-mccracken-2\">\n\t\t\t\t<div data-elementor-type=\"loop\" data-elementor-id=\"10256\" class=\"elementor elementor-10256 elementor-7212 elementor-7212 post-14887 book_review type-book_review status-publish has-post-thumbnail hentry tag-number-23-es review_sections-poesia reviewers-sam-mccracken-2\" data-elementor-post-type=\"elementor_library\">\n\t\t\t\t\t<section class=\"has_ae_slider elementor-section elementor-top-section elementor-element elementor-element-2cb2d405 elementor-section-full_width elementor-section-height-default elementor-section-height-default ae-bg-gallery-type-default\" data-id=\"2cb2d405\" data-element_type=\"section\" data-e-type=\"section\">\n\t\t\t\t\t\t<div class=\"elementor-container elementor-column-gap-default\">\n\t\t\t\t\t<div class=\"has_ae_slider elementor-column elementor-col-100 elementor-top-column elementor-element elementor-element-4589e3dc ae-bg-gallery-type-default\" data-id=\"4589e3dc\" data-element_type=\"column\" data-e-type=\"column\">\n\t\t\t<div class=\"elementor-widget-wrap elementor-element-populated\">\n\t\t\t\t\t\t<section class=\"has_ae_slider elementor-section elementor-inner-section elementor-element elementor-element-b6430f8 elementor-section-full_width elementor-section-height-min-height elementor-section-height-default ae-bg-gallery-type-default\" data-id=\"b6430f8\" data-element_type=\"section\" data-e-type=\"section\">\n\t\t\t\t\t\t<div class=\"elementor-container elementor-column-gap-default\">\n\t\t\t\t\t<div class=\"has_ae_slider elementor-column elementor-col-100 elementor-inner-column elementor-element elementor-element-776c40e ae-bg-gallery-type-default\" data-id=\"776c40e\" data-element_type=\"column\" data-e-type=\"column\">\n\t\t\t<div class=\"elementor-widget-wrap elementor-element-populated\">\n\t\t\t\t\t\t<div class=\"elementor-element elementor-element-4abcf33c elementor-widget elementor-widget-theme-post-featured-image elementor-widget-image\" data-id=\"4abcf33c\" data-element_type=\"widget\" data-e-type=\"widget\" data-widget_type=\"theme-post-featured-image.default\">\n\t\t\t\t<div class=\"elementor-widget-container\">\n\t\t\t\t\t\t\t\t\t\t\t\t\t\t\t\t<a href=\"https:\/\/latinamericanliteraturetoday.org\/es\/rese\u00f1as\/metaverse-de-luis-correa-diaz\/\">\n\t\t\t\t\t\t\t<img loading=\"lazy\" decoding=\"async\" width=\"219\" height=\"360\" src=\"https:\/\/latinamericanliteraturetoday.org\/wp-content\/uploads\/2022\/06\/Metaverse.jpg\" class=\"attachment-full size-full wp-image-14649\" alt=\"\" srcset=\"https:\/\/latinamericanliteraturetoday.org\/wp-content\/uploads\/2022\/06\/Metaverse.jpg 219w, https:\/\/latinamericanliteraturetoday.org\/wp-content\/uploads\/2022\/06\/Metaverse-183x300.jpg 183w\" sizes=\"(max-width: 219px) 100vw, 219px\" title=\"\">\t\t\t\t\t\t\t\t<\/a>\n\t\t\t\t\t\t\t\t\t\t\t\t\t\t\t<\/div>\n\t\t\t\t<\/div>\n\t\t\t\t\t<\/div>\n\t\t<\/div>\n\t\t\t\t\t<\/div>\n\t\t<\/section>\n\t\t\t\t<section class=\"has_ae_slider elementor-section elementor-inner-section elementor-element elementor-element-dab2261 elementor-section-full_width elementor-section-height-default elementor-section-height-default ae-bg-gallery-type-default\" data-id=\"dab2261\" data-element_type=\"section\" data-e-type=\"section\">\n\t\t\t\t\t\t<div class=\"elementor-container elementor-column-gap-default\">\n\t\t\t\t\t<div class=\"has_ae_slider elementor-column elementor-col-100 elementor-inner-column elementor-element elementor-element-5a82048 ae-bg-gallery-type-default\" data-id=\"5a82048\" data-element_type=\"column\" data-e-type=\"column\">\n\t\t\t<div class=\"elementor-widget-wrap elementor-element-populated\">\n\t\t\t\t\t\t<div class=\"elementor-element elementor-element-f2112f7 elementor-widget elementor-widget-heading\" data-id=\"f2112f7\" data-element_type=\"widget\" data-e-type=\"widget\" data-widget_type=\"heading.default\">\n\t\t\t\t<div class=\"elementor-widget-container\">\n\t\t\t\t\t<h2 class=\"elementor-heading-title elementor-size-default\"><a href=\"https:\/\/latinamericanliteraturetoday.org\/es\/rese\u00f1as\/metaverse-de-luis-correa-diaz\/\"><i>metaverse<\/i> de Luis Correa-D\u00edaz<\/a><\/h2>\t\t\t\t<\/div>\n\t\t\t\t<\/div>\n\t\t\t\t<div class=\"elementor-element elementor-element-10022ad elementor-widget elementor-widget-heading\" data-id=\"10022ad\" data-element_type=\"widget\" data-e-type=\"widget\" data-widget_type=\"heading.default\">\n\t\t\t\t<div class=\"elementor-widget-container\">\n\t\t\t\t\t<div class=\"elementor-heading-title elementor-size-default\">Por   <a href=\"https:\/\/latinamericanliteraturetoday.org\/es\/reviewers\/sam-mccracken-2\/\" rel=\"tag\">Sam McCracken\u00a0<\/a><\/div>\t\t\t\t<\/div>\n\t\t\t\t<\/div>\n\t\t\t\t\t<\/div>\n\t\t<\/div>\n\t\t\t\t\t<\/div>\n\t\t<\/section>\n\t\t\t\t\t<\/div>\n\t\t<\/div>\n\t\t\t\t\t<\/div>\n\t\t<\/section>\n\t\t\t\t<\/div>\n\t\t\t\t<\/article>\n\t\t\t\t<article id=\"post-14944\" class=\"elementor-post elementor-grid-item ecs-post-loop post-14944 book_review type-book_review status-publish has-post-thumbnail hentry tag-number-23-es review_sections-no-ficcion reviewers-victor-vimos-es editors_pick-editors-pick-es\">\n\t\t\t\t<div data-elementor-type=\"loop\" data-elementor-id=\"10256\" class=\"elementor elementor-10256 elementor-7212 elementor-7212 post-14944 book_review type-book_review status-publish has-post-thumbnail hentry tag-number-23-es review_sections-no-ficcion reviewers-victor-vimos-es editors_pick-editors-pick-es\" data-elementor-post-type=\"elementor_library\">\n\t\t\t\t\t<section class=\"has_ae_slider elementor-section elementor-top-section elementor-element elementor-element-2cb2d405 elementor-section-full_width elementor-section-height-default elementor-section-height-default ae-bg-gallery-type-default\" data-id=\"2cb2d405\" data-element_type=\"section\" data-e-type=\"section\">\n\t\t\t\t\t\t<div class=\"elementor-container elementor-column-gap-default\">\n\t\t\t\t\t<div class=\"has_ae_slider elementor-column elementor-col-100 elementor-top-column elementor-element elementor-element-4589e3dc ae-bg-gallery-type-default\" data-id=\"4589e3dc\" data-element_type=\"column\" data-e-type=\"column\">\n\t\t\t<div class=\"elementor-widget-wrap elementor-element-populated\">\n\t\t\t\t\t\t<section class=\"has_ae_slider elementor-section elementor-inner-section elementor-element elementor-element-b6430f8 elementor-section-full_width elementor-section-height-min-height elementor-section-height-default ae-bg-gallery-type-default\" data-id=\"b6430f8\" data-element_type=\"section\" data-e-type=\"section\">\n\t\t\t\t\t\t<div class=\"elementor-container elementor-column-gap-default\">\n\t\t\t\t\t<div class=\"has_ae_slider elementor-column elementor-col-100 elementor-inner-column elementor-element elementor-element-776c40e ae-bg-gallery-type-default\" data-id=\"776c40e\" data-element_type=\"column\" data-e-type=\"column\">\n\t\t\t<div class=\"elementor-widget-wrap elementor-element-populated\">\n\t\t\t\t\t\t<div class=\"elementor-element elementor-element-4abcf33c elementor-widget elementor-widget-theme-post-featured-image elementor-widget-image\" data-id=\"4abcf33c\" data-element_type=\"widget\" data-e-type=\"widget\" data-widget_type=\"theme-post-featured-image.default\">\n\t\t\t\t<div class=\"elementor-widget-container\">\n\t\t\t\t\t\t\t\t\t\t\t\t\t\t\t\t<a href=\"https:\/\/latinamericanliteraturetoday.org\/es\/rese\u00f1as\/kloaka-los-subterraneos-el-instinto-de-vivir-de-roger-santivanez\/\">\n\t\t\t\t\t\t\t<img loading=\"lazy\" decoding=\"async\" width=\"262\" height=\"388\" src=\"https:\/\/latinamericanliteraturetoday.org\/wp-content\/uploads\/2022\/06\/Kloaka-_-los-subterra\u0301neos.jpg\" class=\"attachment-full size-full wp-image-14641\" alt=\"\" srcset=\"https:\/\/latinamericanliteraturetoday.org\/wp-content\/uploads\/2022\/06\/Kloaka-_-los-subterra\u0301neos.jpg 262w, https:\/\/latinamericanliteraturetoday.org\/wp-content\/uploads\/2022\/06\/Kloaka-_-los-subterra\u0301neos-203x300.jpg 203w\" sizes=\"(max-width: 262px) 100vw, 262px\" title=\"\">\t\t\t\t\t\t\t\t<\/a>\n\t\t\t\t\t\t\t\t\t\t\t\t\t\t\t<\/div>\n\t\t\t\t<\/div>\n\t\t\t\t\t<\/div>\n\t\t<\/div>\n\t\t\t\t\t<\/div>\n\t\t<\/section>\n\t\t\t\t<section class=\"has_ae_slider elementor-section elementor-inner-section elementor-element elementor-element-dab2261 elementor-section-full_width elementor-section-height-default elementor-section-height-default ae-bg-gallery-type-default\" data-id=\"dab2261\" data-element_type=\"section\" data-e-type=\"section\">\n\t\t\t\t\t\t<div class=\"elementor-container elementor-column-gap-default\">\n\t\t\t\t\t<div class=\"has_ae_slider elementor-column elementor-col-100 elementor-inner-column elementor-element elementor-element-5a82048 ae-bg-gallery-type-default\" data-id=\"5a82048\" data-element_type=\"column\" data-e-type=\"column\">\n\t\t\t<div class=\"elementor-widget-wrap elementor-element-populated\">\n\t\t\t\t\t\t<div class=\"elementor-element elementor-element-f2112f7 elementor-widget elementor-widget-heading\" data-id=\"f2112f7\" data-element_type=\"widget\" data-e-type=\"widget\" data-widget_type=\"heading.default\">\n\t\t\t\t<div class=\"elementor-widget-container\">\n\t\t\t\t\t<h2 class=\"elementor-heading-title elementor-size-default\"><a href=\"https:\/\/latinamericanliteraturetoday.org\/es\/rese\u00f1as\/kloaka-los-subterraneos-el-instinto-de-vivir-de-roger-santivanez\/\"><i>Kloaka &amp; Los Subterr\u00e1neos: El instinto de vivir<\/i> de Roger Santiv\u00e1\u00f1ez<\/a><\/h2>\t\t\t\t<\/div>\n\t\t\t\t<\/div>\n\t\t\t\t<div class=\"elementor-element elementor-element-10022ad elementor-widget elementor-widget-heading\" data-id=\"10022ad\" data-element_type=\"widget\" data-e-type=\"widget\" data-widget_type=\"heading.default\">\n\t\t\t\t<div class=\"elementor-widget-container\">\n\t\t\t\t\t<div class=\"elementor-heading-title elementor-size-default\">Por   <a href=\"https:\/\/latinamericanliteraturetoday.org\/es\/reviewers\/victor-vimos-es\/\" rel=\"tag\">V\u00edctor Vimos<\/a><\/div>\t\t\t\t<\/div>\n\t\t\t\t<\/div>\n\t\t\t\t\t<\/div>\n\t\t<\/div>\n\t\t\t\t\t<\/div>\n\t\t<\/section>\n\t\t\t\t\t<\/div>\n\t\t<\/div>\n\t\t\t\t\t<\/div>\n\t\t<\/section>\n\t\t\t\t<\/div>\n\t\t\t\t<\/article>\n\t\t\t\t<article id=\"post-14907\" class=\"elementor-post elementor-grid-item ecs-post-loop post-14907 book_review type-book_review status-publish has-post-thumbnail hentry tag-number-23-es review_sections-ficcion reviewers-jose-ygnacio-ochoa-es-2 translator-madeleine-ozan-es\">\n\t\t\t\t<div data-elementor-type=\"loop\" data-elementor-id=\"10256\" class=\"elementor elementor-10256 elementor-7212 elementor-7212 post-14907 book_review type-book_review status-publish has-post-thumbnail hentry tag-number-23-es review_sections-ficcion reviewers-jose-ygnacio-ochoa-es-2 translator-madeleine-ozan-es\" data-elementor-post-type=\"elementor_library\">\n\t\t\t\t\t<section class=\"has_ae_slider elementor-section elementor-top-section elementor-element elementor-element-2cb2d405 elementor-section-full_width elementor-section-height-default elementor-section-height-default ae-bg-gallery-type-default\" data-id=\"2cb2d405\" data-element_type=\"section\" data-e-type=\"section\">\n\t\t\t\t\t\t<div class=\"elementor-container elementor-column-gap-default\">\n\t\t\t\t\t<div class=\"has_ae_slider elementor-column elementor-col-100 elementor-top-column elementor-element elementor-element-4589e3dc ae-bg-gallery-type-default\" data-id=\"4589e3dc\" data-element_type=\"column\" data-e-type=\"column\">\n\t\t\t<div class=\"elementor-widget-wrap elementor-element-populated\">\n\t\t\t\t\t\t<section class=\"has_ae_slider elementor-section elementor-inner-section elementor-element elementor-element-b6430f8 elementor-section-full_width elementor-section-height-min-height elementor-section-height-default ae-bg-gallery-type-default\" data-id=\"b6430f8\" data-element_type=\"section\" data-e-type=\"section\">\n\t\t\t\t\t\t<div class=\"elementor-container elementor-column-gap-default\">\n\t\t\t\t\t<div class=\"has_ae_slider elementor-column elementor-col-100 elementor-inner-column elementor-element elementor-element-776c40e ae-bg-gallery-type-default\" data-id=\"776c40e\" data-element_type=\"column\" data-e-type=\"column\">\n\t\t\t<div class=\"elementor-widget-wrap elementor-element-populated\">\n\t\t\t\t\t\t<div class=\"elementor-element elementor-element-4abcf33c elementor-widget elementor-widget-theme-post-featured-image elementor-widget-image\" data-id=\"4abcf33c\" data-element_type=\"widget\" data-e-type=\"widget\" data-widget_type=\"theme-post-featured-image.default\">\n\t\t\t\t<div class=\"elementor-widget-container\">\n\t\t\t\t\t\t\t\t\t\t\t\t\t\t\t\t<a href=\"https:\/\/latinamericanliteraturetoday.org\/es\/rese\u00f1as\/los-jimenez-de-alberto-sanchez-arguello\/\">\n\t\t\t\t\t\t\t<img loading=\"lazy\" decoding=\"async\" width=\"318\" height=\"449\" src=\"https:\/\/latinamericanliteraturetoday.org\/wp-content\/uploads\/2022\/06\/Los-Jime\u0301nez.jpg\" class=\"attachment-full size-full wp-image-14647\" alt=\"\" srcset=\"https:\/\/latinamericanliteraturetoday.org\/wp-content\/uploads\/2022\/06\/Los-Jime\u0301nez.jpg 318w, https:\/\/latinamericanliteraturetoday.org\/wp-content\/uploads\/2022\/06\/Los-Jime\u0301nez-212x300.jpg 212w\" sizes=\"(max-width: 318px) 100vw, 318px\" title=\"\">\t\t\t\t\t\t\t\t<\/a>\n\t\t\t\t\t\t\t\t\t\t\t\t\t\t\t<\/div>\n\t\t\t\t<\/div>\n\t\t\t\t\t<\/div>\n\t\t<\/div>\n\t\t\t\t\t<\/div>\n\t\t<\/section>\n\t\t\t\t<section class=\"has_ae_slider elementor-section elementor-inner-section elementor-element elementor-element-dab2261 elementor-section-full_width elementor-section-height-default elementor-section-height-default ae-bg-gallery-type-default\" data-id=\"dab2261\" data-element_type=\"section\" data-e-type=\"section\">\n\t\t\t\t\t\t<div class=\"elementor-container elementor-column-gap-default\">\n\t\t\t\t\t<div class=\"has_ae_slider elementor-column elementor-col-100 elementor-inner-column elementor-element elementor-element-5a82048 ae-bg-gallery-type-default\" data-id=\"5a82048\" data-element_type=\"column\" data-e-type=\"column\">\n\t\t\t<div class=\"elementor-widget-wrap elementor-element-populated\">\n\t\t\t\t\t\t<div class=\"elementor-element elementor-element-f2112f7 elementor-widget elementor-widget-heading\" data-id=\"f2112f7\" data-element_type=\"widget\" data-e-type=\"widget\" data-widget_type=\"heading.default\">\n\t\t\t\t<div class=\"elementor-widget-container\">\n\t\t\t\t\t<h2 class=\"elementor-heading-title elementor-size-default\"><a href=\"https:\/\/latinamericanliteraturetoday.org\/es\/rese\u00f1as\/los-jimenez-de-alberto-sanchez-arguello\/\"><i>Los Jim\u00e9nez<\/i> de Alberto S\u00e1nchez Arg\u00fcello<\/a><\/h2>\t\t\t\t<\/div>\n\t\t\t\t<\/div>\n\t\t\t\t<div class=\"elementor-element elementor-element-10022ad elementor-widget elementor-widget-heading\" data-id=\"10022ad\" data-element_type=\"widget\" data-e-type=\"widget\" data-widget_type=\"heading.default\">\n\t\t\t\t<div class=\"elementor-widget-container\">\n\t\t\t\t\t<div class=\"elementor-heading-title elementor-size-default\">Por   <a href=\"https:\/\/latinamericanliteraturetoday.org\/es\/reviewers\/jose-ygnacio-ochoa-es-2\/\" rel=\"tag\">Jos\u00e9 Ygnacio Ochoa<\/a><\/div>\t\t\t\t<\/div>\n\t\t\t\t<\/div>\n\t\t\t\t\t<\/div>\n\t\t<\/div>\n\t\t\t\t\t<\/div>\n\t\t<\/section>\n\t\t\t\t\t<\/div>\n\t\t<\/div>\n\t\t\t\t\t<\/div>\n\t\t<\/section>\n\t\t\t\t<\/div>\n\t\t\t\t<\/article>\n\t\t\t\t<article id=\"post-15031\" class=\"elementor-post elementor-grid-item ecs-post-loop post-15031 book_review type-book_review status-publish has-post-thumbnail hentry tag-number-23-es review_sections-ficcion reviewers-claudia-cavallin-es translator-jack-rockwell-es editors_pick-editors-pick-es\">\n\t\t\t\t<div data-elementor-type=\"loop\" data-elementor-id=\"10256\" class=\"elementor elementor-10256 elementor-7212 elementor-7212 post-15031 book_review type-book_review status-publish has-post-thumbnail hentry tag-number-23-es review_sections-ficcion reviewers-claudia-cavallin-es translator-jack-rockwell-es editors_pick-editors-pick-es\" data-elementor-post-type=\"elementor_library\">\n\t\t\t\t\t<section class=\"has_ae_slider elementor-section elementor-top-section elementor-element elementor-element-2cb2d405 elementor-section-full_width elementor-section-height-default elementor-section-height-default ae-bg-gallery-type-default\" data-id=\"2cb2d405\" data-element_type=\"section\" data-e-type=\"section\">\n\t\t\t\t\t\t<div class=\"elementor-container elementor-column-gap-default\">\n\t\t\t\t\t<div class=\"has_ae_slider elementor-column elementor-col-100 elementor-top-column elementor-element elementor-element-4589e3dc ae-bg-gallery-type-default\" data-id=\"4589e3dc\" data-element_type=\"column\" data-e-type=\"column\">\n\t\t\t<div class=\"elementor-widget-wrap elementor-element-populated\">\n\t\t\t\t\t\t<section class=\"has_ae_slider elementor-section elementor-inner-section elementor-element elementor-element-b6430f8 elementor-section-full_width elementor-section-height-min-height elementor-section-height-default ae-bg-gallery-type-default\" data-id=\"b6430f8\" data-element_type=\"section\" data-e-type=\"section\">\n\t\t\t\t\t\t<div class=\"elementor-container elementor-column-gap-default\">\n\t\t\t\t\t<div class=\"has_ae_slider elementor-column elementor-col-100 elementor-inner-column elementor-element elementor-element-776c40e ae-bg-gallery-type-default\" data-id=\"776c40e\" data-element_type=\"column\" data-e-type=\"column\">\n\t\t\t<div class=\"elementor-widget-wrap elementor-element-populated\">\n\t\t\t\t\t\t<div class=\"elementor-element elementor-element-4abcf33c elementor-widget elementor-widget-theme-post-featured-image elementor-widget-image\" data-id=\"4abcf33c\" data-element_type=\"widget\" data-e-type=\"widget\" data-widget_type=\"theme-post-featured-image.default\">\n\t\t\t\t<div class=\"elementor-widget-container\">\n\t\t\t\t\t\t\t\t\t\t\t\t\t\t\t\t<a href=\"https:\/\/latinamericanliteraturetoday.org\/es\/rese\u00f1as\/casa-de-ciudad-de-gisela-kozak-rovero\/\">\n\t\t\t\t\t\t\t<img loading=\"lazy\" decoding=\"async\" width=\"600\" height=\"900\" src=\"https:\/\/latinamericanliteraturetoday.org\/wp-content\/uploads\/2022\/06\/Casa-de-ciudad.jpg\" class=\"attachment-full size-full wp-image-14615\" alt=\"\" srcset=\"https:\/\/latinamericanliteraturetoday.org\/wp-content\/uploads\/2022\/06\/Casa-de-ciudad.jpg 600w, https:\/\/latinamericanliteraturetoday.org\/wp-content\/uploads\/2022\/06\/Casa-de-ciudad-200x300.jpg 200w\" sizes=\"(max-width: 600px) 100vw, 600px\" title=\"\">\t\t\t\t\t\t\t\t<\/a>\n\t\t\t\t\t\t\t\t\t\t\t\t\t\t\t<\/div>\n\t\t\t\t<\/div>\n\t\t\t\t\t<\/div>\n\t\t<\/div>\n\t\t\t\t\t<\/div>\n\t\t<\/section>\n\t\t\t\t<section class=\"has_ae_slider elementor-section elementor-inner-section elementor-element elementor-element-dab2261 elementor-section-full_width elementor-section-height-default elementor-section-height-default ae-bg-gallery-type-default\" data-id=\"dab2261\" data-element_type=\"section\" data-e-type=\"section\">\n\t\t\t\t\t\t<div class=\"elementor-container elementor-column-gap-default\">\n\t\t\t\t\t<div class=\"has_ae_slider elementor-column elementor-col-100 elementor-inner-column elementor-element elementor-element-5a82048 ae-bg-gallery-type-default\" data-id=\"5a82048\" data-element_type=\"column\" data-e-type=\"column\">\n\t\t\t<div class=\"elementor-widget-wrap elementor-element-populated\">\n\t\t\t\t\t\t<div class=\"elementor-element elementor-element-f2112f7 elementor-widget elementor-widget-heading\" data-id=\"f2112f7\" data-element_type=\"widget\" data-e-type=\"widget\" data-widget_type=\"heading.default\">\n\t\t\t\t<div class=\"elementor-widget-container\">\n\t\t\t\t\t<h2 class=\"elementor-heading-title elementor-size-default\"><a href=\"https:\/\/latinamericanliteraturetoday.org\/es\/rese\u00f1as\/casa-de-ciudad-de-gisela-kozak-rovero\/\"><i>Casa de ciudad<\/i> de Gisela Kozak Rovero<\/a><\/h2>\t\t\t\t<\/div>\n\t\t\t\t<\/div>\n\t\t\t\t<div class=\"elementor-element elementor-element-10022ad elementor-widget elementor-widget-heading\" data-id=\"10022ad\" data-element_type=\"widget\" data-e-type=\"widget\" data-widget_type=\"heading.default\">\n\t\t\t\t<div class=\"elementor-widget-container\">\n\t\t\t\t\t<div class=\"elementor-heading-title elementor-size-default\">Por   <a href=\"https:\/\/latinamericanliteraturetoday.org\/es\/reviewers\/claudia-cavallin-es\/\" rel=\"tag\">Claudia Cavallin<\/a><\/div>\t\t\t\t<\/div>\n\t\t\t\t<\/div>\n\t\t\t\t\t<\/div>\n\t\t<\/div>\n\t\t\t\t\t<\/div>\n\t\t<\/section>\n\t\t\t\t\t<\/div>\n\t\t<\/div>\n\t\t\t\t\t<\/div>\n\t\t<\/section>\n\t\t\t\t<\/div>\n\t\t\t\t<\/article>\n\t\t\t\t<article id=\"post-14863\" class=\"elementor-post elementor-grid-item ecs-post-loop post-14863 book_review type-book_review status-publish has-post-thumbnail hentry tag-number-23-es review_sections-ficcion reviewers-emily-hunsberger translator-daiana-e-diaz\">\n\t\t\t\t<div data-elementor-type=\"loop\" data-elementor-id=\"10256\" class=\"elementor elementor-10256 elementor-7212 elementor-7212 post-14863 book_review type-book_review status-publish has-post-thumbnail hentry tag-number-23-es review_sections-ficcion reviewers-emily-hunsberger translator-daiana-e-diaz\" data-elementor-post-type=\"elementor_library\">\n\t\t\t\t\t<section class=\"has_ae_slider elementor-section elementor-top-section elementor-element elementor-element-2cb2d405 elementor-section-full_width elementor-section-height-default elementor-section-height-default ae-bg-gallery-type-default\" data-id=\"2cb2d405\" data-element_type=\"section\" data-e-type=\"section\">\n\t\t\t\t\t\t<div class=\"elementor-container elementor-column-gap-default\">\n\t\t\t\t\t<div class=\"has_ae_slider elementor-column elementor-col-100 elementor-top-column elementor-element elementor-element-4589e3dc ae-bg-gallery-type-default\" data-id=\"4589e3dc\" data-element_type=\"column\" data-e-type=\"column\">\n\t\t\t<div class=\"elementor-widget-wrap elementor-element-populated\">\n\t\t\t\t\t\t<section class=\"has_ae_slider elementor-section elementor-inner-section elementor-element elementor-element-b6430f8 elementor-section-full_width elementor-section-height-min-height elementor-section-height-default ae-bg-gallery-type-default\" data-id=\"b6430f8\" data-element_type=\"section\" data-e-type=\"section\">\n\t\t\t\t\t\t<div class=\"elementor-container elementor-column-gap-default\">\n\t\t\t\t\t<div class=\"has_ae_slider elementor-column elementor-col-100 elementor-inner-column elementor-element elementor-element-776c40e ae-bg-gallery-type-default\" data-id=\"776c40e\" data-element_type=\"column\" data-e-type=\"column\">\n\t\t\t<div class=\"elementor-widget-wrap elementor-element-populated\">\n\t\t\t\t\t\t<div class=\"elementor-element elementor-element-4abcf33c elementor-widget elementor-widget-theme-post-featured-image elementor-widget-image\" data-id=\"4abcf33c\" data-element_type=\"widget\" data-e-type=\"widget\" data-widget_type=\"theme-post-featured-image.default\">\n\t\t\t\t<div class=\"elementor-widget-container\">\n\t\t\t\t\t\t\t\t\t\t\t\t\t\t\t\t<a href=\"https:\/\/latinamericanliteraturetoday.org\/es\/rese\u00f1as\/moldy-strawberries-de-caio-fernando-abreu\/\">\n\t\t\t\t\t\t\t<img loading=\"lazy\" decoding=\"async\" width=\"762\" height=\"900\" src=\"https:\/\/latinamericanliteraturetoday.org\/wp-content\/uploads\/2022\/06\/Moldy-Strawberries.jpg\" class=\"attachment-full size-full wp-image-14651\" alt=\"\" srcset=\"https:\/\/latinamericanliteraturetoday.org\/wp-content\/uploads\/2022\/06\/Moldy-Strawberries.jpg 762w, https:\/\/latinamericanliteraturetoday.org\/wp-content\/uploads\/2022\/06\/Moldy-Strawberries-254x300.jpg 254w\" sizes=\"(max-width: 762px) 100vw, 762px\" title=\"\">\t\t\t\t\t\t\t\t<\/a>\n\t\t\t\t\t\t\t\t\t\t\t\t\t\t\t<\/div>\n\t\t\t\t<\/div>\n\t\t\t\t\t<\/div>\n\t\t<\/div>\n\t\t\t\t\t<\/div>\n\t\t<\/section>\n\t\t\t\t<section class=\"has_ae_slider elementor-section elementor-inner-section elementor-element elementor-element-dab2261 elementor-section-full_width elementor-section-height-default elementor-section-height-default ae-bg-gallery-type-default\" data-id=\"dab2261\" data-element_type=\"section\" data-e-type=\"section\">\n\t\t\t\t\t\t<div class=\"elementor-container elementor-column-gap-default\">\n\t\t\t\t\t<div class=\"has_ae_slider elementor-column elementor-col-100 elementor-inner-column elementor-element elementor-element-5a82048 ae-bg-gallery-type-default\" data-id=\"5a82048\" data-element_type=\"column\" data-e-type=\"column\">\n\t\t\t<div class=\"elementor-widget-wrap elementor-element-populated\">\n\t\t\t\t\t\t<div class=\"elementor-element elementor-element-f2112f7 elementor-widget elementor-widget-heading\" data-id=\"f2112f7\" data-element_type=\"widget\" data-e-type=\"widget\" data-widget_type=\"heading.default\">\n\t\t\t\t<div class=\"elementor-widget-container\">\n\t\t\t\t\t<h2 class=\"elementor-heading-title elementor-size-default\"><a href=\"https:\/\/latinamericanliteraturetoday.org\/es\/rese\u00f1as\/moldy-strawberries-de-caio-fernando-abreu\/\"><i>Moldy Strawberries<\/i> de Caio Fernando Abreu<\/a><\/h2>\t\t\t\t<\/div>\n\t\t\t\t<\/div>\n\t\t\t\t<div class=\"elementor-element elementor-element-10022ad elementor-widget elementor-widget-heading\" data-id=\"10022ad\" data-element_type=\"widget\" data-e-type=\"widget\" data-widget_type=\"heading.default\">\n\t\t\t\t<div class=\"elementor-widget-container\">\n\t\t\t\t\t<div class=\"elementor-heading-title elementor-size-default\">Por   <a href=\"https:\/\/latinamericanliteraturetoday.org\/es\/reviewers\/emily-hunsberger\/\" rel=\"tag\">Emily Hunsberger\u2028<\/a><\/div>\t\t\t\t<\/div>\n\t\t\t\t<\/div>\n\t\t\t\t\t<\/div>\n\t\t<\/div>\n\t\t\t\t\t<\/div>\n\t\t<\/section>\n\t\t\t\t\t<\/div>\n\t\t<\/div>\n\t\t\t\t\t<\/div>\n\t\t<\/section>\n\t\t\t\t<\/div>\n\t\t\t\t<\/article>\n\t\t\t\t<article id=\"post-15026\" class=\"elementor-post elementor-grid-item ecs-post-loop post-15026 book_review type-book_review status-publish has-post-thumbnail hentry tag-number-23-es review_sections-poesia reviewers-cesar-ferreira-es translator-amy-olen-es-2\">\n\t\t\t\t<div data-elementor-type=\"loop\" data-elementor-id=\"10256\" class=\"elementor elementor-10256 elementor-7212 elementor-7212 post-15026 book_review type-book_review status-publish has-post-thumbnail hentry tag-number-23-es review_sections-poesia reviewers-cesar-ferreira-es translator-amy-olen-es-2\" data-elementor-post-type=\"elementor_library\">\n\t\t\t\t\t<section class=\"has_ae_slider elementor-section elementor-top-section elementor-element elementor-element-2cb2d405 elementor-section-full_width elementor-section-height-default elementor-section-height-default ae-bg-gallery-type-default\" data-id=\"2cb2d405\" data-element_type=\"section\" data-e-type=\"section\">\n\t\t\t\t\t\t<div class=\"elementor-container elementor-column-gap-default\">\n\t\t\t\t\t<div class=\"has_ae_slider elementor-column elementor-col-100 elementor-top-column elementor-element elementor-element-4589e3dc ae-bg-gallery-type-default\" data-id=\"4589e3dc\" data-element_type=\"column\" data-e-type=\"column\">\n\t\t\t<div class=\"elementor-widget-wrap elementor-element-populated\">\n\t\t\t\t\t\t<section class=\"has_ae_slider elementor-section elementor-inner-section elementor-element elementor-element-b6430f8 elementor-section-full_width elementor-section-height-min-height elementor-section-height-default ae-bg-gallery-type-default\" data-id=\"b6430f8\" data-element_type=\"section\" data-e-type=\"section\">\n\t\t\t\t\t\t<div class=\"elementor-container elementor-column-gap-default\">\n\t\t\t\t\t<div class=\"has_ae_slider elementor-column elementor-col-100 elementor-inner-column elementor-element elementor-element-776c40e ae-bg-gallery-type-default\" data-id=\"776c40e\" data-element_type=\"column\" data-e-type=\"column\">\n\t\t\t<div class=\"elementor-widget-wrap elementor-element-populated\">\n\t\t\t\t\t\t<div class=\"elementor-element elementor-element-4abcf33c elementor-widget elementor-widget-theme-post-featured-image elementor-widget-image\" data-id=\"4abcf33c\" data-element_type=\"widget\" data-e-type=\"widget\" data-widget_type=\"theme-post-featured-image.default\">\n\t\t\t\t<div class=\"elementor-widget-container\">\n\t\t\t\t\t\t\t\t\t\t\t\t\t\t\t\t<a href=\"https:\/\/latinamericanliteraturetoday.org\/es\/rese\u00f1as\/contra-natura-de-rodolfo-hinostroza\/\">\n\t\t\t\t\t\t\t<img loading=\"lazy\" decoding=\"async\" width=\"601\" height=\"900\" src=\"https:\/\/latinamericanliteraturetoday.org\/wp-content\/uploads\/2022\/06\/CONTRA-NATURA.jpg\" class=\"attachment-full size-full wp-image-14617\" alt=\"\" srcset=\"https:\/\/latinamericanliteraturetoday.org\/wp-content\/uploads\/2022\/06\/CONTRA-NATURA.jpg 601w, https:\/\/latinamericanliteraturetoday.org\/wp-content\/uploads\/2022\/06\/CONTRA-NATURA-200x300.jpg 200w\" sizes=\"(max-width: 601px) 100vw, 601px\" title=\"\">\t\t\t\t\t\t\t\t<\/a>\n\t\t\t\t\t\t\t\t\t\t\t\t\t\t\t<\/div>\n\t\t\t\t<\/div>\n\t\t\t\t\t<\/div>\n\t\t<\/div>\n\t\t\t\t\t<\/div>\n\t\t<\/section>\n\t\t\t\t<section class=\"has_ae_slider elementor-section elementor-inner-section elementor-element elementor-element-dab2261 elementor-section-full_width elementor-section-height-default elementor-section-height-default ae-bg-gallery-type-default\" data-id=\"dab2261\" data-element_type=\"section\" data-e-type=\"section\">\n\t\t\t\t\t\t<div class=\"elementor-container elementor-column-gap-default\">\n\t\t\t\t\t<div class=\"has_ae_slider elementor-column elementor-col-100 elementor-inner-column elementor-element elementor-element-5a82048 ae-bg-gallery-type-default\" data-id=\"5a82048\" data-element_type=\"column\" data-e-type=\"column\">\n\t\t\t<div class=\"elementor-widget-wrap elementor-element-populated\">\n\t\t\t\t\t\t<div class=\"elementor-element elementor-element-f2112f7 elementor-widget elementor-widget-heading\" data-id=\"f2112f7\" data-element_type=\"widget\" data-e-type=\"widget\" data-widget_type=\"heading.default\">\n\t\t\t\t<div class=\"elementor-widget-container\">\n\t\t\t\t\t<h2 class=\"elementor-heading-title elementor-size-default\"><a href=\"https:\/\/latinamericanliteraturetoday.org\/es\/rese\u00f1as\/contra-natura-de-rodolfo-hinostroza\/\"><i>Contra natura<\/i> de Rodolfo Hinostroza<\/a><\/h2>\t\t\t\t<\/div>\n\t\t\t\t<\/div>\n\t\t\t\t<div class=\"elementor-element elementor-element-10022ad elementor-widget elementor-widget-heading\" data-id=\"10022ad\" data-element_type=\"widget\" data-e-type=\"widget\" data-widget_type=\"heading.default\">\n\t\t\t\t<div class=\"elementor-widget-container\">\n\t\t\t\t\t<div class=\"elementor-heading-title elementor-size-default\">Por   <a href=\"https:\/\/latinamericanliteraturetoday.org\/es\/reviewers\/cesar-ferreira-es\/\" rel=\"tag\">C\u00e9sar Ferreira<\/a><\/div>\t\t\t\t<\/div>\n\t\t\t\t<\/div>\n\t\t\t\t\t<\/div>\n\t\t<\/div>\n\t\t\t\t\t<\/div>\n\t\t<\/section>\n\t\t\t\t\t<\/div>\n\t\t<\/div>\n\t\t\t\t\t<\/div>\n\t\t<\/section>\n\t\t\t\t<\/div>\n\t\t\t\t<\/article>\n\t\t\t\t<article id=\"post-15002\" class=\"elementor-post elementor-grid-item ecs-post-loop post-15002 book_review type-book_review status-publish has-post-thumbnail hentry tag-number-23-es review_sections-no-ficcion reviewers-carlos-h-hurtado-ames-es translator-amy-olen-es-2\">\n\t\t\t\t<div data-elementor-type=\"loop\" data-elementor-id=\"10256\" class=\"elementor elementor-10256 elementor-7212 elementor-7212 post-15002 book_review type-book_review status-publish has-post-thumbnail hentry tag-number-23-es review_sections-no-ficcion reviewers-carlos-h-hurtado-ames-es translator-amy-olen-es-2\" data-elementor-post-type=\"elementor_library\">\n\t\t\t\t\t<section class=\"has_ae_slider elementor-section elementor-top-section elementor-element elementor-element-2cb2d405 elementor-section-full_width elementor-section-height-default elementor-section-height-default ae-bg-gallery-type-default\" data-id=\"2cb2d405\" data-element_type=\"section\" data-e-type=\"section\">\n\t\t\t\t\t\t<div class=\"elementor-container elementor-column-gap-default\">\n\t\t\t\t\t<div class=\"has_ae_slider elementor-column elementor-col-100 elementor-top-column elementor-element elementor-element-4589e3dc ae-bg-gallery-type-default\" data-id=\"4589e3dc\" data-element_type=\"column\" data-e-type=\"column\">\n\t\t\t<div class=\"elementor-widget-wrap elementor-element-populated\">\n\t\t\t\t\t\t<section class=\"has_ae_slider elementor-section elementor-inner-section elementor-element elementor-element-b6430f8 elementor-section-full_width elementor-section-height-min-height elementor-section-height-default ae-bg-gallery-type-default\" data-id=\"b6430f8\" data-element_type=\"section\" data-e-type=\"section\">\n\t\t\t\t\t\t<div class=\"elementor-container elementor-column-gap-default\">\n\t\t\t\t\t<div class=\"has_ae_slider elementor-column elementor-col-100 elementor-inner-column elementor-element elementor-element-776c40e ae-bg-gallery-type-default\" data-id=\"776c40e\" data-element_type=\"column\" data-e-type=\"column\">\n\t\t\t<div class=\"elementor-widget-wrap elementor-element-populated\">\n\t\t\t\t\t\t<div class=\"elementor-element elementor-element-4abcf33c elementor-widget elementor-widget-theme-post-featured-image elementor-widget-image\" data-id=\"4abcf33c\" data-element_type=\"widget\" data-e-type=\"widget\" data-widget_type=\"theme-post-featured-image.default\">\n\t\t\t\t<div class=\"elementor-widget-container\">\n\t\t\t\t\t\t\t\t\t\t\t\t\t\t\t\t<a href=\"https:\/\/latinamericanliteraturetoday.org\/es\/rese\u00f1as\/imagen-de-jauja-de-edgardo-rivera-martinez\/\">\n\t\t\t\t\t\t\t<img loading=\"lazy\" decoding=\"async\" width=\"637\" height=\"900\" src=\"https:\/\/latinamericanliteraturetoday.org\/wp-content\/uploads\/2022\/06\/Imagen-de-Jauja.jpg\" class=\"attachment-full size-full wp-image-14633\" alt=\"\" srcset=\"https:\/\/latinamericanliteraturetoday.org\/wp-content\/uploads\/2022\/06\/Imagen-de-Jauja.jpg 637w, https:\/\/latinamericanliteraturetoday.org\/wp-content\/uploads\/2022\/06\/Imagen-de-Jauja-212x300.jpg 212w\" sizes=\"(max-width: 637px) 100vw, 637px\" title=\"\">\t\t\t\t\t\t\t\t<\/a>\n\t\t\t\t\t\t\t\t\t\t\t\t\t\t\t<\/div>\n\t\t\t\t<\/div>\n\t\t\t\t\t<\/div>\n\t\t<\/div>\n\t\t\t\t\t<\/div>\n\t\t<\/section>\n\t\t\t\t<section class=\"has_ae_slider elementor-section elementor-inner-section elementor-element elementor-element-dab2261 elementor-section-full_width elementor-section-height-default elementor-section-height-default ae-bg-gallery-type-default\" data-id=\"dab2261\" data-element_type=\"section\" data-e-type=\"section\">\n\t\t\t\t\t\t<div class=\"elementor-container elementor-column-gap-default\">\n\t\t\t\t\t<div class=\"has_ae_slider elementor-column elementor-col-100 elementor-inner-column elementor-element elementor-element-5a82048 ae-bg-gallery-type-default\" data-id=\"5a82048\" data-element_type=\"column\" data-e-type=\"column\">\n\t\t\t<div class=\"elementor-widget-wrap elementor-element-populated\">\n\t\t\t\t\t\t<div class=\"elementor-element elementor-element-f2112f7 elementor-widget elementor-widget-heading\" data-id=\"f2112f7\" data-element_type=\"widget\" data-e-type=\"widget\" data-widget_type=\"heading.default\">\n\t\t\t\t<div class=\"elementor-widget-container\">\n\t\t\t\t\t<h2 class=\"elementor-heading-title elementor-size-default\"><a href=\"https:\/\/latinamericanliteraturetoday.org\/es\/rese\u00f1as\/imagen-de-jauja-de-edgardo-rivera-martinez\/\"><i>Imagen de Jauja<\/i> de Edgardo Rivera Mart\u00ednez<\/a><\/h2>\t\t\t\t<\/div>\n\t\t\t\t<\/div>\n\t\t\t\t<div class=\"elementor-element elementor-element-10022ad elementor-widget elementor-widget-heading\" data-id=\"10022ad\" data-element_type=\"widget\" data-e-type=\"widget\" data-widget_type=\"heading.default\">\n\t\t\t\t<div class=\"elementor-widget-container\">\n\t\t\t\t\t<div class=\"elementor-heading-title elementor-size-default\">Por   <a href=\"https:\/\/latinamericanliteraturetoday.org\/es\/reviewers\/carlos-h-hurtado-ames-es\/\" rel=\"tag\">Carlos H. Hurtado Ames<\/a><\/div>\t\t\t\t<\/div>\n\t\t\t\t<\/div>\n\t\t\t\t\t<\/div>\n\t\t<\/div>\n\t\t\t\t\t<\/div>\n\t\t<\/section>\n\t\t\t\t\t<\/div>\n\t\t<\/div>\n\t\t\t\t\t<\/div>\n\t\t<\/section>\n\t\t\t\t<\/div>\n\t\t\t\t<\/article>\n\t\t\t\t<article id=\"post-15035\" class=\"elementor-post elementor-grid-item ecs-post-loop post-15035 book_review type-book_review status-publish has-post-thumbnail hentry tag-number-23-es review_sections-poesia reviewers-miguel-ildefonso-huanca-2 translator-jose-garay-boszeta-es\">\n\t\t\t\t<div data-elementor-type=\"loop\" data-elementor-id=\"10256\" class=\"elementor elementor-10256 elementor-7212 elementor-7212 post-15035 book_review type-book_review status-publish has-post-thumbnail hentry tag-number-23-es review_sections-poesia reviewers-miguel-ildefonso-huanca-2 translator-jose-garay-boszeta-es\" data-elementor-post-type=\"elementor_library\">\n\t\t\t\t\t<section class=\"has_ae_slider elementor-section elementor-top-section elementor-element elementor-element-2cb2d405 elementor-section-full_width elementor-section-height-default elementor-section-height-default ae-bg-gallery-type-default\" data-id=\"2cb2d405\" data-element_type=\"section\" data-e-type=\"section\">\n\t\t\t\t\t\t<div class=\"elementor-container elementor-column-gap-default\">\n\t\t\t\t\t<div class=\"has_ae_slider elementor-column elementor-col-100 elementor-top-column elementor-element elementor-element-4589e3dc ae-bg-gallery-type-default\" data-id=\"4589e3dc\" data-element_type=\"column\" data-e-type=\"column\">\n\t\t\t<div class=\"elementor-widget-wrap elementor-element-populated\">\n\t\t\t\t\t\t<section class=\"has_ae_slider elementor-section elementor-inner-section elementor-element elementor-element-b6430f8 elementor-section-full_width elementor-section-height-min-height elementor-section-height-default ae-bg-gallery-type-default\" data-id=\"b6430f8\" data-element_type=\"section\" data-e-type=\"section\">\n\t\t\t\t\t\t<div class=\"elementor-container elementor-column-gap-default\">\n\t\t\t\t\t<div class=\"has_ae_slider elementor-column elementor-col-100 elementor-inner-column elementor-element elementor-element-776c40e ae-bg-gallery-type-default\" data-id=\"776c40e\" data-element_type=\"column\" data-e-type=\"column\">\n\t\t\t<div class=\"elementor-widget-wrap elementor-element-populated\">\n\t\t\t\t\t\t<div class=\"elementor-element elementor-element-4abcf33c elementor-widget elementor-widget-theme-post-featured-image elementor-widget-image\" data-id=\"4abcf33c\" data-element_type=\"widget\" data-e-type=\"widget\" data-widget_type=\"theme-post-featured-image.default\">\n\t\t\t\t<div class=\"elementor-widget-container\">\n\t\t\t\t\t\t\t\t\t\t\t\t\t\t\t\t<a href=\"https:\/\/latinamericanliteraturetoday.org\/es\/rese\u00f1as\/cam-girl-other-poems-de-fiorella-terrazas\/\">\n\t\t\t\t\t\t\t<img loading=\"lazy\" decoding=\"async\" width=\"634\" height=\"900\" src=\"https:\/\/latinamericanliteraturetoday.org\/wp-content\/uploads\/2022\/06\/CamGirl_Frontcover_1.jpg\" class=\"attachment-full size-full wp-image-14639\" alt=\"\" srcset=\"https:\/\/latinamericanliteraturetoday.org\/wp-content\/uploads\/2022\/06\/CamGirl_Frontcover_1.jpg 634w, https:\/\/latinamericanliteraturetoday.org\/wp-content\/uploads\/2022\/06\/CamGirl_Frontcover_1-211x300.jpg 211w\" sizes=\"(max-width: 634px) 100vw, 634px\" title=\"\">\t\t\t\t\t\t\t\t<\/a>\n\t\t\t\t\t\t\t\t\t\t\t\t\t\t\t<\/div>\n\t\t\t\t<\/div>\n\t\t\t\t\t<\/div>\n\t\t<\/div>\n\t\t\t\t\t<\/div>\n\t\t<\/section>\n\t\t\t\t<section class=\"has_ae_slider elementor-section elementor-inner-section elementor-element elementor-element-dab2261 elementor-section-full_width elementor-section-height-default elementor-section-height-default ae-bg-gallery-type-default\" data-id=\"dab2261\" data-element_type=\"section\" data-e-type=\"section\">\n\t\t\t\t\t\t<div class=\"elementor-container elementor-column-gap-default\">\n\t\t\t\t\t<div class=\"has_ae_slider elementor-column elementor-col-100 elementor-inner-column elementor-element elementor-element-5a82048 ae-bg-gallery-type-default\" data-id=\"5a82048\" data-element_type=\"column\" data-e-type=\"column\">\n\t\t\t<div class=\"elementor-widget-wrap elementor-element-populated\">\n\t\t\t\t\t\t<div class=\"elementor-element elementor-element-f2112f7 elementor-widget elementor-widget-heading\" data-id=\"f2112f7\" data-element_type=\"widget\" data-e-type=\"widget\" data-widget_type=\"heading.default\">\n\t\t\t\t<div class=\"elementor-widget-container\">\n\t\t\t\t\t<h2 class=\"elementor-heading-title elementor-size-default\"><a href=\"https:\/\/latinamericanliteraturetoday.org\/es\/rese\u00f1as\/cam-girl-other-poems-de-fiorella-terrazas\/\"><i>Cam Girl &amp; Other Poems<\/i> de Fiorella Terrazas<\/a><\/h2>\t\t\t\t<\/div>\n\t\t\t\t<\/div>\n\t\t\t\t<div class=\"elementor-element elementor-element-10022ad elementor-widget elementor-widget-heading\" data-id=\"10022ad\" data-element_type=\"widget\" data-e-type=\"widget\" data-widget_type=\"heading.default\">\n\t\t\t\t<div class=\"elementor-widget-container\">\n\t\t\t\t\t<div class=\"elementor-heading-title elementor-size-default\">Por   <a href=\"https:\/\/latinamericanliteraturetoday.org\/es\/reviewers\/miguel-ildefonso-huanca-2\/\" rel=\"tag\">Miguel Ildefonso Huanca<\/a><\/div>\t\t\t\t<\/div>\n\t\t\t\t<\/div>\n\t\t\t\t\t<\/div>\n\t\t<\/div>\n\t\t\t\t\t<\/div>\n\t\t<\/section>\n\t\t\t\t\t<\/div>\n\t\t<\/div>\n\t\t\t\t\t<\/div>\n\t\t<\/section>\n\t\t\t\t<\/div>\n\t\t\t\t<\/article>\n\t\t\t\t<\/div>\n\t\t\t\t\t\t<\/div>\n\t\t\t\t<\/div>\n\t\t\t\t\t<\/div>\n\t\t<\/div>\n\t\t\t\t\t<\/div>\n\t\t<\/section>\n\t\t\t\t<\/div>\n\t\t","protected":false},"excerpt":{"rendered":"<p>En nuestro n\u00famero veintid\u00f3s, destacamos la obra del aclamado escritor mexicano Fabio Mor\u00e1bito, junto con la floreciente comunidad de traductores literarios que se ha formado en Tulsa, Oklahoma gracias al Tulsa Artist Fellowship. Tambi\u00e9n presentamos entrevistas con la escritora boliviana Liliana Colanzi y la traductora Robin Myers, un dossier ilustrado de haikus en lenguas mayas y adelantos exclusivos de los pr\u00f3ximos libros en traducci\u00f3n de Camila Sosa Villada, Ver\u00f3nica Zondek y Fernanda Melchor.<\/p>\n","protected":false},"featured_media":15351,"template":"","class_list":["post-15410","reviewslist","type-reviewslist","status-publish","has-post-thumbnail","hentry"],"acf":[],"_links":{"self":[{"href":"https:\/\/latinamericanliteraturetoday.org\/es\/wp-json\/wp\/v2\/reviewslist\/15410","targetHints":{"allow":["GET"]}}],"collection":[{"href":"https:\/\/latinamericanliteraturetoday.org\/es\/wp-json\/wp\/v2\/reviewslist"}],"about":[{"href":"https:\/\/latinamericanliteraturetoday.org\/es\/wp-json\/wp\/v2\/types\/reviewslist"}],"version-history":[{"count":7,"href":"https:\/\/latinamericanliteraturetoday.org\/es\/wp-json\/wp\/v2\/reviewslist\/15410\/revisions"}],"predecessor-version":[{"id":33960,"href":"https:\/\/latinamericanliteraturetoday.org\/es\/wp-json\/wp\/v2\/reviewslist\/15410\/revisions\/33960"}],"wp:featuredmedia":[{"embeddable":true,"href":"https:\/\/latinamericanliteraturetoday.org\/es\/wp-json\/wp\/v2\/media\/15351"}],"wp:attachment":[{"href":"https:\/\/latinamericanliteraturetoday.org\/es\/wp-json\/wp\/v2\/media?parent=15410"}],"curies":[{"name":"wp","href":"https:\/\/api.w.org\/{rel}","templated":true}]}}